{"id":14031,"date":"2024-06-27T09:36:34","date_gmt":"2024-06-27T07:36:34","guid":{"rendered":"https:\/\/isd.debrecen.hu\/?page_id=14031"},"modified":"2026-08-26T13:07:13","modified_gmt":"2026-08-26T11:07:13","slug":"felso-tagozat-csapata","status":"publish","type":"page","link":"https:\/\/isd.debrecen.hu\/hu\/felso-tagozat-csapata\/","title":{"rendered":"Fels\u0151 tagozat Csapata"},"content":{"rendered":"[vc_row type=&#8221;full_width_content&#8221; full_screen_row_position=&#8221;middle&#8221; column_margin=&#8221;default&#8221; column_direction=&#8221;default&#8221; column_direction_tablet=&#8221;default&#8221; column_direction_phone=&#8221;default&#8221; bg_color=&#8221;#132e52&#8243; bg_image=&#8221;16090&#8243; bg_position=&#8221;center bottom&#8221; background_image_loading=&#8221;default&#8221; bg_repeat=&#8221;no-repeat&#8221; scene_position=&#8221;center&#8221; top_padding=&#8221;5%&#8221; bottom_padding=&#8221;15%&#8221; top_padding_tablet=&#8221;10%&#8221; bottom_padding_tablet=&#8221;20%&#8221; top_padding_phone=&#8221;10%&#8221; bottom_padding_phone=&#8221;20%&#8221; text_color=&#8221;light&#8221; text_align=&#8221;left&#8221; row_border_radius=&#8221;none&#8221; row_border_radius_applies=&#8221;bg&#8221; overflow=&#8221;visible&#8221; color_overlay=&#8221;#0a0a0a&#8221; overlay_strength=&#8221;0.5&#8243; gradient_direction=&#8221;left_to_right&#8221; shape_divider_color=&#8221;#ffffff&#8221; shape_divider_position=&#8221;bottom&#8221; shape_divider_height=&#8221;300&#8243; bg_image_animation=&#8221;none&#8221; shape_type=&#8221;waves_opacity&#8221;][vc_column column_padding=&#8221;padding-5-percent&#8221; column_padding_tablet=&#8221;inherit&#8221; column_padding_phone=&#8221;inherit&#8221; column_padding_position=&#8221;all&#8221; column_element_direction_desktop=&#8221;default&#8221; column_element_spacing=&#8221;default&#8221; desktop_text_alignment=&#8221;default&#8221; tablet_text_alignment=&#8221;default&#8221; phone_text_alignment=&#8221;default&#8221; background_color_opacity=&#8221;1&#8243; background_hover_color_opacity=&#8221;1&#8243; column_backdrop_filter=&#8221;none&#8221; column_shadow=&#8221;none&#8221; column_border_radius=&#8221;none&#8221; column_link_target=&#8221;_self&#8221; column_position=&#8221;default&#8221; gradient_direction=&#8221;left_to_right&#8221; overlay_strength=&#8221;0.3&#8243; width=&#8221;1\/1&#8243; tablet_width_inherit=&#8221;default&#8221; animation_type=&#8221;default&#8221; bg_image_animation=&#8221;none&#8221; border_type=&#8221;simple&#8221; column_border_width=&#8221;none&#8221; column_border_style=&#8221;solid&#8221;][vc_row_inner equal_height=&#8221;yes&#8221; content_placement=&#8221;middle&#8221; column_margin=&#8221;default&#8221; column_direction=&#8221;default&#8221; column_direction_tablet=&#8221;default&#8221; column_direction_phone=&#8221;default&#8221; text_align=&#8221;left&#8221; row_position=&#8221;default&#8221; row_position_tablet=&#8221;inherit&#8221; row_position_phone=&#8221;inherit&#8221; overflow=&#8221;visible&#8221; pointer_events=&#8221;all&#8221;][vc_column_inner column_padding=&#8221;padding-4-percent&#8221; column_padding_tablet=&#8221;inherit&#8221; column_padding_phone=&#8221;inherit&#8221; column_padding_position=&#8221;top&#8221; column_element_direction_desktop=&#8221;default&#8221; column_element_spacing=&#8221;default&#8221; desktop_text_alignment=&#8221;default&#8221; tablet_text_alignment=&#8221;default&#8221; phone_text_alignment=&#8221;default&#8221; background_color_opacity=&#8221;1&#8243; background_hover_color_opacity=&#8221;1&#8243; column_backdrop_filter=&#8221;none&#8221; column_shadow=&#8221;none&#8221; column_border_radius=&#8221;none&#8221; column_link_target=&#8221;_self&#8221; overflow=&#8221;visible&#8221; gradient_direction=&#8221;left_to_right&#8221; overlay_strength=&#8221;0.3&#8243; width=&#8221;1\/1&#8243; tablet_width_inherit=&#8221;default&#8221; animation_type=&#8221;default&#8221; bg_image_animation=&#8221;none&#8221; border_type=&#8221;simple&#8221; column_border_width=&#8221;none&#8221; column_border_style=&#8221;solid&#8221; offset=&#8221;vc_col-lg-6&#8243;][vc_column_text css_animation=&#8221;fadeInUp&#8221;]\n<h1>Fels\u0151 tagozat Csapata<\/h1>\n[\/vc_column_text][vc_raw_html]JTNDZGl2JTIwY2xhc3MlM0QlMjJpc2QtY2lyY2xlcy13aGl0ZSUyMiUzRSUzQyUyRmRpdiUzRQ==[\/vc_raw_html][\/vc_column_inner][vc_column_inner column_padding=&#8221;no-extra-padding&#8221; column_padding_tablet=&#8221;inherit&#8221; column_padding_phone=&#8221;inherit&#8221; column_padding_position=&#8221;all&#8221; column_element_direction_desktop=&#8221;default&#8221; column_element_spacing=&#8221;default&#8221; centered_text=&#8221;true&#8221; desktop_text_alignment=&#8221;default&#8221; tablet_text_alignment=&#8221;default&#8221; phone_text_alignment=&#8221;default&#8221; background_color_opacity=&#8221;1&#8243; background_hover_color_opacity=&#8221;1&#8243; column_backdrop_filter=&#8221;none&#8221; column_shadow=&#8221;none&#8221; column_border_radius=&#8221;none&#8221; column_link_target=&#8221;_self&#8221; overflow=&#8221;visible&#8221; gradient_direction=&#8221;left_to_right&#8221; overlay_strength=&#8221;0.3&#8243; width=&#8221;1\/4&#8243; tablet_width_inherit=&#8221;default&#8221; animation_type=&#8221;default&#8221; bg_image_animation=&#8221;none&#8221; border_type=&#8221;simple&#8221; column_border_width=&#8221;none&#8221; column_border_style=&#8221;solid&#8221; offset=&#8221;vc_hidden-md vc_hidden-sm vc_hidden-xs&#8221;][\/vc_column_inner][vc_column_inner column_padding=&#8221;no-extra-padding&#8221; column_padding_tablet=&#8221;inherit&#8221; column_padding_phone=&#8221;inherit&#8221; column_padding_position=&#8221;all&#8221; column_element_direction_desktop=&#8221;default&#8221; column_element_spacing=&#8221;default&#8221; desktop_text_alignment=&#8221;default&#8221; tablet_text_alignment=&#8221;default&#8221; phone_text_alignment=&#8221;default&#8221; background_color_opacity=&#8221;1&#8243; background_hover_color_opacity=&#8221;1&#8243; column_backdrop_filter=&#8221;none&#8221; column_shadow=&#8221;none&#8221; column_border_radius=&#8221;none&#8221; column_link_target=&#8221;_self&#8221; overflow=&#8221;visible&#8221; gradient_direction=&#8221;left_to_right&#8221; overlay_strength=&#8221;0.3&#8243; width=&#8221;1\/4&#8243; tablet_width_inherit=&#8221;default&#8221; animation_type=&#8221;default&#8221; bg_image_animation=&#8221;none&#8221; border_type=&#8221;simple&#8221; column_border_width=&#8221;none&#8221; column_border_style=&#8221;solid&#8221; offset=&#8221;vc_hidden-md vc_hidden-sm vc_hidden-xs&#8221;][\/vc_column_inner][\/vc_row_inner][\/vc_column][\/vc_row][vc_row type=&#8221;in_container&#8221; full_screen_row_position=&#8221;middle&#8221; column_margin=&#8221;default&#8221; column_direction=&#8221;default&#8221; column_direction_tablet=&#8221;default&#8221; column_direction_phone=&#8221;default&#8221; scene_position=&#8221;center&#8221; text_color=&#8221;dark&#8221; text_align=&#8221;left&#8221; row_border_radius=&#8221;none&#8221; row_border_radius_applies=&#8221;bg&#8221; overflow=&#8221;visible&#8221; overlay_strength=&#8221;0.3&#8243; gradient_direction=&#8221;left_to_right&#8221; shape_divider_position=&#8221;bottom&#8221; bg_image_animation=&#8221;none&#8221;][vc_column column_padding=&#8221;no-extra-padding&#8221; column_padding_tablet=&#8221;inherit&#8221; column_padding_phone=&#8221;inherit&#8221; column_padding_position=&#8221;all&#8221; column_element_direction_desktop=&#8221;default&#8221; column_element_spacing=&#8221;default&#8221; desktop_text_alignment=&#8221;default&#8221; tablet_text_alignment=&#8221;default&#8221; phone_text_alignment=&#8221;default&#8221; background_color_opacity=&#8221;1&#8243; background_hover_color_opacity=&#8221;1&#8243; column_backdrop_filter=&#8221;none&#8221; column_shadow=&#8221;none&#8221; column_border_radius=&#8221;none&#8221; column_link_target=&#8221;_self&#8221; column_position=&#8221;default&#8221; gradient_direction=&#8221;left_to_right&#8221; overlay_strength=&#8221;0.3&#8243; width=&#8221;1\/1&#8243; tablet_width_inherit=&#8221;default&#8221; animation_type=&#8221;default&#8221; bg_image_animation=&#8221;none&#8221; border_type=&#8221;simple&#8221; column_border_width=&#8221;none&#8221; column_border_style=&#8221;solid&#8221;][divider line_type=&#8221;No Line&#8221; custom_height=&#8221;50&#8243;][\/vc_column][\/vc_row][vc_row type=&#8221;in_container&#8221; full_screen_row_position=&#8221;middle&#8221; column_margin=&#8221;default&#8221; column_direction=&#8221;default&#8221; column_direction_tablet=&#8221;default&#8221; column_direction_phone=&#8221;default&#8221; scene_position=&#8221;center&#8221; left_padding_tablet=&#8221;3%&#8221; constrain_group_4=&#8221;yes&#8221; right_padding_tablet=&#8221;3%&#8221; text_color=&#8221;dark&#8221; text_align=&#8221;left&#8221; row_border_radius=&#8221;none&#8221; row_border_radius_applies=&#8221;bg&#8221; overflow=&#8221;visible&#8221; overlay_strength=&#8221;0.3&#8243; gradient_direction=&#8221;left_to_right&#8221; shape_divider_position=&#8221;bottom&#8221; bg_image_animation=&#8221;none&#8221; shape_type=&#8221;&#8221;][vc_column column_padding=&#8221;no-extra-padding&#8221; column_padding_tablet=&#8221;inherit&#8221; column_padding_phone=&#8221;inherit&#8221; column_padding_position=&#8221;all&#8221; bottom_margin=&#8221;30px&#8221; column_element_direction_desktop=&#8221;default&#8221; column_element_spacing=&#8221;default&#8221; centered_text=&#8221;true&#8221; desktop_text_alignment=&#8221;default&#8221; tablet_text_alignment=&#8221;default&#8221; phone_text_alignment=&#8221;default&#8221; background_color_opacity=&#8221;1&#8243; background_hover_color_opacity=&#8221;1&#8243; column_backdrop_filter=&#8221;none&#8221; column_shadow=&#8221;none&#8221; column_border_radius=&#8221;none&#8221; column_link_target=&#8221;_self&#8221; column_position=&#8221;default&#8221; gradient_direction=&#8221;left_to_right&#8221; overlay_strength=&#8221;0.3&#8243; width=&#8221;1\/2&#8243; tablet_width_inherit=&#8221;small_desktop&#8221; animation_type=&#8221;default&#8221; bg_image_animation=&#8221;none&#8221; border_type=&#8221;simple&#8221; column_border_width=&#8221;none&#8221; column_border_style=&#8221;solid&#8221; offset=&#8221;vc_col-lg-3&#8243;][team_member image_url=&#8221;12294&#8243; team_memeber_style=&#8221;bio_fullscreen_alt&#8221; image_loading=&#8221;default&#8221; team_member_bio_full_html=&#8221;html&#8221; job_position=&#8221;testnevel\u0151 tan\u00e1r&#8221; name=&#8221;Heged\u0171s Gy\u00f6rk&#8221; team_member_mini_bio=&#8221;Nemzetis\u00e9g: magyar&#8221;]\n<div class=\"profile-container\">\n<div class=\"profile-header\">\n<h2>Gy\u00f6rk Heged\u0171s (Mr Hege)<\/h2>\n<h5>Testvevel\u00e9s tan\u00e1r<\/h5>\n<\/div>\n<div class=\"profile-row\">\n<div class=\"profile-label\">V\u00e9gzetts\u00e9g<\/div>\n<div class=\"profile-data\">Angol mint idegen nyelv tan\u00edt\u00e1sa \u2013 pedag\u00f3giai mesterdiploma, Debreceni Egyetem, Magyarorsz\u00e1g<br \/>\nTestnevel\u00e9s \u2013 pedag\u00f3giai mesterdiploma, Debreceni Egyetem, Magyarorsz\u00e1g<br \/>\nSzakk\u00e9pzett labdar\u00fag\u00f3edz\u0151<\/div>\n<\/div>\n<div class=\"profile-row\">\n<div class=\"profile-label\">Nemzetis\u00e9g<\/div>\n<div class=\"profile-data\">Magyar<\/div>\n<\/div>\n<div class=\"profile-row\">\n<div class=\"profile-label\">Bemutatkoz\u00e1s<\/div>\n<div class=\"profile-data\">Heged\u0171s Gy\u00f6rk, akit a di\u00e1kok Mr Hege n\u00e9ven ismernek, az International School of Debrecen testnevel\u0151 tan\u00e1ra. K\u00e9t pedag\u00f3giai mesterdiplom\u00e1t szerzett a Debreceni Egyetemen: egyet angol nyelvb\u0151l, egyet pedig testnevel\u00e9sb\u0151l. Emellett \u00e9rt\u00e9kes nemzetk\u00f6zi tapasztalatokat szerzett, hiszen Magyarorsz\u00e1gon \u00e9s Angli\u00e1ban is \u00e9lt \u00e9s tanult. Oktat\u00f3i munk\u00e1ja mellett Gy\u00f6rk szakk\u00e9pzett labdar\u00fag\u00f3edz\u0151, \u00e9s \u00f6t \u00e9ven kereszt\u00fcl dolgozott a Debreceni Egyetem sportegyes\u00fclet\u00e9n\u00e9l, a DEAC-n\u00e1l. Edz\u0151i tapasztalata komoly szak\u00e9rtelmet, struktur\u00e1lt szeml\u00e9letet \u00e9s lelkesed\u00e9st hoz mind a testnevel\u00e9s\u00f3r\u00e1kba, mind az \u00e1ltal\u00e1nos \u00e9s fels\u0151 tagozatos di\u00e1kok sz\u00e1m\u00e1ra szervezett iskola ut\u00e1ni labdar\u00fag\u00f3-foglalkoz\u00e1sokba. Gy\u00f6rk sz\u00e1m\u00e1ra fontos, hogy a di\u00e1kok ne csak fizikailag fejl\u0151djenek, hanem \u00f6nbizalmuk, kitart\u00e1suk \u00e9s csapatmunk\u00e1ra val\u00f3 k\u00e9pess\u00e9g\u00fck is er\u0151s\u00f6dj\u00f6n. Hisz abban, hogy a sport kiv\u00e1l\u00f3 lehet\u0151s\u00e9get teremt arra, hogy a di\u00e1kok kih\u00edv\u00e1sok el\u00e9 \u00e1ll\u00edts\u00e1k magukat, felfedezz\u00e9k saj\u00e1t er\u0151ss\u00e9geiket \u00e9s pozit\u00edv gondolkod\u00e1sm\u00f3dot alak\u00edtsanak ki. \u00d3r\u00e1in befogad\u00f3, t\u00e1mogat\u00f3 \u00e9s motiv\u00e1l\u00f3 k\u00f6rnyezet kialak\u00edt\u00e1s\u00e1ra t\u00f6rekszik, ahol minden di\u00e1k megtapasztalhatja a siker \u00e9lm\u00e9ny\u00e9t. Az iskol\u00e1n k\u00edv\u00fcl Gy\u00f6rk szenved\u00e9lyesen szeret utazni \u00e9s k\u00fcl\u00f6nb\u00f6z\u0151 kult\u00far\u00e1kat felfedezni, ami sz\u00e9les\u00edtette l\u00e1t\u00e1sm\u00f3dj\u00e1t \u00e9s gazdag\u00edtotta tan\u00edt\u00e1si szeml\u00e9let\u00e9t. Elk\u00f6telezett amellett, hogy t\u00e1mogassa a di\u00e1kok sokoldal\u00fa fejl\u0151d\u00e9s\u00e9t, \u00e9s hogy a testmozg\u00e1s \u00f6r\u00f6mteli \u00e9s \u00e9rt\u00e9kes r\u00e9sze legyen az iskolai \u00e9let\u00fcknek.<\/div>\n<\/div>\n<div class=\"profile-row\">\n<div class=\"profile-label\">Legeml\u00e9kezetesebb tan\u00e1ri pillanat<\/div>\n<div class=\"profile-data\"><em>\u201eL\u00e1tni az \u00f6r\u00f6m\u00f6t egy di\u00e1k arc\u00e1n, amikor siker\u00fcl el\u00e9rnie valamit, amir\u0151l kor\u00e1bban azt gondolta, hogy lehetetlen. Amikor elsaj\u00e1t\u00edt egy \u00faj k\u00e9szs\u00e9get, \u00e9s r\u00e1\u00e9bred: \u00bbMeg tudom csin\u00e1lni!\u00ab \u2013 ezek azok a pillanatok, amelyek igaz\u00e1n k\u00fcl\u00f6nlegess\u00e9 teszik a tan\u00edt\u00e1st.\u201d<\/em><\/div>\n<\/div>\n<\/div>\n[\/team_member][\/vc_column][vc_column column_padding=&#8221;no-extra-padding&#8221; column_padding_tablet=&#8221;inherit&#8221; column_padding_phone=&#8221;inherit&#8221; column_padding_position=&#8221;all&#8221; bottom_margin=&#8221;30px&#8221; column_element_direction_desktop=&#8221;default&#8221; column_element_spacing=&#8221;default&#8221; centered_text=&#8221;true&#8221; desktop_text_alignment=&#8221;default&#8221; tablet_text_alignment=&#8221;default&#8221; phone_text_alignment=&#8221;default&#8221; background_color_opacity=&#8221;1&#8243; background_hover_color_opacity=&#8221;1&#8243; column_backdrop_filter=&#8221;none&#8221; column_shadow=&#8221;none&#8221; column_border_radius=&#8221;none&#8221; column_link_target=&#8221;_self&#8221; column_position=&#8221;default&#8221; gradient_direction=&#8221;left_to_right&#8221; overlay_strength=&#8221;0.3&#8243; width=&#8221;1\/2&#8243; tablet_width_inherit=&#8221;small_desktop&#8221; animation_type=&#8221;default&#8221; bg_image_animation=&#8221;none&#8221; border_type=&#8221;simple&#8221; column_border_width=&#8221;none&#8221; column_border_style=&#8221;solid&#8221; offset=&#8221;vc_col-lg-3&#8243;][team_member image_url=&#8221;15981&#8243; team_memeber_style=&#8221;bio_fullscreen_alt&#8221; image_loading=&#8221;default&#8221; team_member_bio_full_html=&#8221;html&#8221; name=&#8221;Jacqueline Bongalonta&#8221; job_position=&#8221;angol nyelvtan\u00e1r&#8221; team_member_mini_bio=&#8221;Nemzetis\u00e9g: filipp\u00edn\u00f3&#8221;]\n<div class=\"profile-container\">\n<div class=\"profile-header\">\n<h2>Jacqueline Bongalonta<\/h2>\n<h5>angol nyelvtan\u00e1r<\/h5>\n<\/div>\n<div class=\"profile-row\">\n<div class=\"profile-label\">V\u00e9gzetts\u00e9g<\/div>\n<div class=\"profile-data\">K\u00f6z\u00e9piskolai tan\u00e1ri alapszak (angol szakir\u00e1ny)<br \/>\nNyelv \u00e9s irodalom mesterszak (MA)<\/div>\n<\/div>\n<div class=\"profile-row\">\n<div class=\"profile-label\">Nemzetis\u00e9g<\/div>\n<div class=\"profile-data\">Filipp\u00edn\u00f3<\/div>\n<\/div>\n<div class=\"profile-row\">\n<div class=\"profile-label\">\u00c9letrajz<\/div>\n<div class=\"profile-data\">Jacqueline angol mint kieg\u00e9sz\u00edt\u0151 nyelv (EAL) tan\u00e1r, aki a k\u00f6z\u00e9piskolai term\u00e9szettudom\u00e1nyos tanulm\u00e1nyokban t\u00e1mogatja a di\u00e1kokat. Seg\u00edt nekik kifejleszteni azt a tudom\u00e1nyos nyelvi k\u00e9szs\u00e9get, amelyre a term\u00e9szettudom\u00e1nyokban \u00e9s a tanterv eg\u00e9sz\u00e9ben sz\u00fcks\u00e9g\u00fck van a sikerhez. Szenved\u00e9lyesen szeret nyelveket tanulni, \u00e9s hiszi, hogy ennek legjobb m\u00f3dja a tudatos, \u00e9rtelmes interakci\u00f3 \u00e9s gyakorl\u00e1s. Meggy\u0151z\u0151d\u00e9se, hogy a di\u00e1kokat \u00f6szt\u00f6n\u00f6zni kell az \u00e1tgondolt besz\u00e9lget\u00e9sekre, a struktur\u00e1lt \u00edr\u00e1sra \u00e9s az egy\u00fcttm\u0171k\u00f6d\u0151 tanul\u00e1si helyzetekre, amelyek egyszerre \u00e9p\u00edtik a nyelvi pontoss\u00e1got \u00e9s a kritikai gondolkod\u00e1st.<\/div>\n<\/div>\n<div class=\"profile-row\">\n<div class=\"profile-label\">Legszebb tan\u00e1ri pillanat<\/div>\n<div class=\"profile-data\"><em>Egyszer egy di\u00e1k elmondta neki, hogy a TOEFL-vizsga essz\u00e9r\u00e9sz\u00e9n\u00e9l esz\u00e9be jutottak a koherenci\u00e1r\u00f3l \u00e9s a sz\u00f6vegszerkezetr\u0151l sz\u00f3l\u00f3 \u00f3r\u00e1ik. Megk\u00f6sz\u00f6nte, hogy seg\u00edtett neki fejleszteni az \u00edr\u00e1s\u00e1t, \u00e9s megosztotta, hogy kiv\u00e1l\u00f3 eredm\u00e9nyt \u00e9rt el. Az ilyen pillanatok eml\u00e9keztetik arra, hogy a naponta gyakorolt k\u00e9szs\u00e9gek j\u00f3val azut\u00e1n is a di\u00e1kokkal maradhatnak, hogy elhagyt\u00e1k az oszt\u00e1lytermet \u2013 sz\u00e1m\u00e1ra ez teszi a tan\u00edt\u00e1st annyira \u00f6r\u00f6mteliv\u00e9.<\/em><\/div>\n<\/div>\n<\/div>\n[\/team_member][\/vc_column][vc_column column_padding=&#8221;no-extra-padding&#8221; column_padding_tablet=&#8221;inherit&#8221; column_padding_phone=&#8221;inherit&#8221; column_padding_position=&#8221;all&#8221; bottom_margin=&#8221;30px&#8221; column_element_direction_desktop=&#8221;default&#8221; column_element_spacing=&#8221;default&#8221; centered_text=&#8221;true&#8221; desktop_text_alignment=&#8221;default&#8221; tablet_text_alignment=&#8221;default&#8221; phone_text_alignment=&#8221;default&#8221; background_color_opacity=&#8221;1&#8243; background_hover_color_opacity=&#8221;1&#8243; column_backdrop_filter=&#8221;none&#8221; column_shadow=&#8221;none&#8221; column_border_radius=&#8221;none&#8221; column_link_target=&#8221;_self&#8221; column_position=&#8221;default&#8221; gradient_direction=&#8221;left_to_right&#8221; overlay_strength=&#8221;0.3&#8243; width=&#8221;1\/2&#8243; tablet_width_inherit=&#8221;small_desktop&#8221; animation_type=&#8221;default&#8221; bg_image_animation=&#8221;none&#8221; border_type=&#8221;simple&#8221; column_border_width=&#8221;none&#8221; column_border_style=&#8221;solid&#8221; offset=&#8221;vc_col-lg-3&#8243;][team_member image_url=&#8221;10908&#8243; team_memeber_style=&#8221;bio_fullscreen_alt&#8221; image_loading=&#8221;default&#8221; team_member_bio_full_html=&#8221;simple&#8221; name=&#8221;Delima Shamae&#8221; job_position=&#8221;tudom\u00e1nyos technikus&#8221; team_member_bio=&#8221;Shamae Ria Delima vagyok, 26 \u00e9ves a F\u00fcl\u00f6p-szigetekr\u0151l. Haz\u00e1mban, a Davao Del Norte State College-ban v\u00e9geztem a BSc fokozat\u00fa hal\u00e1szat szakon, \u00e9s itt Magyarorsz\u00e1gon v\u00e9geztem a MSc fokozat\u00fa hidrobiol\u00f3gia szakon. Mindig is leny\u0171g\u00f6z\u00f6tt a tudom\u00e1ny, k\u00fcl\u00f6n\u00f6sen a laborat\u00f3riumi k\u00eds\u00e9rletek. Nagyon \u00f6r\u00fcl\u00f6k, hogy az ISD-n\u00e9l dolgozhatok tudom\u00e1nyos technikusk\u00e9nt, \u00edgy t\u00f6bb tapasztalatot szerezhetek a laborat\u00f3riumi menedzsment, a k\u00eds\u00e9rletez\u00e9s \u00e9s a kutat\u00e1s ter\u00e9n.<br \/>\nMiel\u0151tt Magyarorsz\u00e1gra j\u00f6ttem, 2 \u00e9vig dolgoztam a Davao Del Norte \u00c1llami F\u0151iskol\u00e1n, mint adminisztrat\u00edv asszisztens. Seg\u00edtettem a BSc \u00e9lelmiszer-technol\u00f3gia, hal\u00e1szat, tengerbiol\u00f3gia \u00e9s erd\u00e9szet programvezet\u0151it a k\u00fcl\u00f6nb\u00f6z\u0151 programok m\u0171k\u00f6dtet\u00e9s\u00e9ben, biztos\u00edtva, hogy minden tudom\u00e1nyos \u00e9s programk\u00f6vetelm\u00e9ny megfeleljen az akkredit\u00e1ci\u00f3s int\u00e9zm\u00e9nyek \u00e1ltal megk\u00f6vetelt szabv\u00e1nyoknak.<br \/>\nAz IB tanterv teljesen m\u00e1s, mint amivel el\u0151sz\u00f6r tal\u00e1lkoztam \u00e9s dolgoztam, de nagyon nagy hat\u00e1ssal volt r\u00e1m. Hiszem, hogy ezzel a fajta tanul\u00e1ssal a gyerekek felfedezhetik, alkothatnak \u00e9s fejleszthetik magukat a tan\u00e1raik vezet\u00e9s\u00e9vel, hogy a j\u00f6v\u0151ben felel\u0151s, magabiztos \u00e9s sikeres feln\u0151ttekk\u00e9 v\u00e1ljanak. Az IB tan\u00edt\u00e1si m\u00f3dszerei nem csak a k\u00fcl\u00f6nb\u00f6z\u0151 tudom\u00e1nyos tant\u00e1rgyak elm\u00e9leteit tan\u00edtj\u00e1k meg a di\u00e1koknak, hanem azt is, hogyan kell alkalmazni ezeket az elm\u00e9leteket a val\u00f3s \u00e9lethelyzetekben, seg\u00edtve a di\u00e1kokat a kritikus gondolkod\u00e1s, a gyakorlati, \u00e9rzelmi \u00e9s fizikai k\u00e9szs\u00e9gek fejleszt\u00e9s\u00e9ben.&#8221;][\/team_member][\/vc_column][vc_column column_padding=&#8221;no-extra-padding&#8221; column_padding_tablet=&#8221;inherit&#8221; column_padding_phone=&#8221;inherit&#8221; column_padding_position=&#8221;all&#8221; bottom_margin=&#8221;30px&#8221; column_element_direction_desktop=&#8221;default&#8221; column_element_spacing=&#8221;default&#8221; centered_text=&#8221;true&#8221; desktop_text_alignment=&#8221;default&#8221; tablet_text_alignment=&#8221;default&#8221; phone_text_alignment=&#8221;default&#8221; background_color_opacity=&#8221;1&#8243; background_hover_color_opacity=&#8221;1&#8243; column_backdrop_filter=&#8221;none&#8221; column_shadow=&#8221;none&#8221; column_border_radius=&#8221;none&#8221; column_link_target=&#8221;_self&#8221; column_position=&#8221;default&#8221; gradient_direction=&#8221;left_to_right&#8221; overlay_strength=&#8221;0.3&#8243; width=&#8221;1\/2&#8243; tablet_width_inherit=&#8221;small_desktop&#8221; animation_type=&#8221;default&#8221; bg_image_animation=&#8221;none&#8221; border_type=&#8221;simple&#8221; column_border_width=&#8221;none&#8221; column_border_style=&#8221;solid&#8221; offset=&#8221;vc_col-lg-3&#8243;][team_member image_url=&#8221;10912&#8243; team_memeber_style=&#8221;bio_fullscreen_alt&#8221; image_loading=&#8221;default&#8221; team_member_bio_full_html=&#8221;html&#8221; name=&#8221;Dr. Ditr\u00f3i-Pusker Eszter&#8221; job_position=&#8221;Magyar nyelv \u00e9s irodalom tan\u00e1r; &#8222;A&#8222; nyelv tant\u00e1rgycsoport koordin\u00e1tor&#8221; team_member_mini_bio=&#8221;Nemzetis\u00e9g: magyar&#8221;]\n<div class=\"profile-container\">\n<div class=\"profile-header\">\n<h2>Dr. Ditr\u00f3i-Pusker Eszter<\/h2>\n<h5>Magyar nyelv \u00e9s irodalom tan\u00e1r;<br \/>\n&#8222;A&#8221; nyelv tant\u00e1rgycsoport koordin\u00e1tor<\/h5>\n<\/div>\n<div class=\"profile-row\">\n<div class=\"profile-label\">V\u00e9gzetts\u00e9g<\/div>\n<div class=\"profile-data\">&#8211; Modern nyelv\u00e9szet (PhD) &#8211; Debreceni Egyetem<br \/>\n&#8211; Magyar nyelv \u00e9s irodalom szakos tan\u00e1r (MA, MEd) &#8211; Debreceni Egyetem<br \/>\n&#8211; N\u00e9prajz \u00e9s hon- \u00e9s n\u00e9pismeret (MA, MEd), valamint muzeol\u00f3gia (MA) &#8211; Debreceni Egyetem<br \/>\n&#8211; Biok\u00e9miai m\u00e9rn\u00f6k (BSc) &#8211; Debreceni Egyetem<br \/>\n&#8211; K\u00e9miatan\u00e1r (MSc, MEd) &#8211; Ny\u00edregyh\u00e1zi Egyetem<\/div>\n<\/div>\n<div class=\"profile-row\">\n<div class=\"profile-label\">Nemzetis\u00e9g<\/div>\n<div class=\"profile-data\">Magyar<\/div>\n<\/div>\n<div class=\"profile-row\">\n<div class=\"profile-label\">Bemutatkoz\u00e1s<\/div>\n<div class=\"profile-data\">\n<p>Ditr\u00f3i-Pusker Eszter vagyok, az ISD MYP \u00e9s DP programj\u00e1nak magyar nyelv \u00e9s irodalom tan\u00e1ra. 2019 \u00f3ta tan\u00edtok az IB oktat\u00e1si keretrendszer\u00e9ben. Kor\u00e1bban az anyanyelvi program koordin\u00e1torak\u00e9nt, majd a nyelv \u00e9s irodalom ter\u00fclet koordin\u00e1torak\u00e9nt dolgoztam, jelenleg pedig a nyelvi tanulm\u00e1nyok koordin\u00e1tori feladatait l\u00e1tom el. Magyar nyelv \u00e9s irodalom szakos diplom\u00e1val, valamint modern nyelv\u00e9szetb\u0151l szerzett PhD-fokozattal rendelkezem, emellett n\u00e9prajz, hon- \u00e9s n\u00e9pismeret tan\u00edt\u00e1sa, valamint muzeol\u00f3gia ter\u00fclet\u00e9n is szereztem k\u00e9pes\u00edt\u00e9st. Kor\u00e1bbi kutat\u00e1saim a modern \u00f6sszehasonl\u00edt\u00f3 nyelv\u00e9szet elm\u00e9leti k\u00e9rd\u00e9seire, k\u00fcl\u00f6n\u00f6sen a nyelv szerkezeti saj\u00e1toss\u00e1gaira \u00e9s a n\u00e9vad\u00e1si mint\u00e1zatokra \u00f6sszpontos\u00edtottak. 30 tudom\u00e1nyos publik\u00e1ci\u00f3 \u00e9s recenzi\u00f3, valamint egy k\u00f6nyv szerz\u0151je vagyok.<\/p>\n<p>Az IB szeml\u00e9let\u00e9vel \u00f6sszhangban k\u00fcl\u00f6n\u00f6sen fontosnak tartom a tanul\u00f3i \u00f6n\u00e1ll\u00f3s\u00e1g, az interdiszciplin\u00e1ris gondolkod\u00e1s \u00e9s a reflekt\u00edv tanul\u00e1s fejleszt\u00e9s\u00e9t. Arra t\u00f6rekszem, hogy energikus, t\u00e1mogat\u00f3 \u00e9s inspir\u00e1l\u00f3 tan\u00f3rai k\u00f6rnyezetet teremtsek, ahol a di\u00e1kok szabadon fedezhetik fel az irodalmat, a nyelvet \u00e9s a vil\u00e1g meg\u00e9rt\u00e9s\u00e9nek k\u00fcl\u00f6nb\u00f6z\u0151 m\u00f3djait. Tan\u00e1rk\u00e9nt az jelenti sz\u00e1momra a legnagyobb \u00f6r\u00f6met, amikor a di\u00e1kokban val\u00f3di k\u00edv\u00e1ncsis\u00e1g \u00e9bred, \u00e9s szem\u00e9lyes kapcsolatot alak\u00edtanak ki az \u00e1ltaluk tanult t\u00e9m\u00e1kkal.<\/p>\n<\/div>\n<\/div>\n<div class=\"profile-row\">\n<div class=\"profile-label\">Legeml\u00e9kezetesebb tan\u00e1ri pillanat<\/div>\n<div class=\"profile-data\"><em>Az egyik legmeghat\u00e1roz\u00f3bb tan\u00edt\u00e1si \u00e9lm\u00e9nyem az ISD-ben egy olyan Personal Growth Plan kidolgoz\u00e1s\u00e1val kezd\u0151d\u00f6tt, amelynek c\u00e9lja a di\u00e1kok fejl\u0151d\u00e9sk\u00f6zpont\u00fa gondolkod\u00e1sm\u00f3dj\u00e1nak, pozit\u00edv hozz\u00e1\u00e1ll\u00e1s\u00e1nak \u00e9s reflekt\u00edv gondolkod\u00e1s\u00e1nak fejleszt\u00e9se volt k\u00f6z\u00f6s olvasm\u00e1ny\u00e9lm\u00e9nyek \u00e9s portf\u00f3li\u00f3k k\u00e9sz\u00edt\u00e9se r\u00e9v\u00e9n. Ez a megk\u00f6zel\u00edt\u00e9s az\u00f3ta is tan\u00edt\u00e1si gyakorlatom meghat\u00e1roz\u00f3 r\u00e9sze. A di\u00e1kok szabadon v\u00e1laszthatnak az \u00e9rdekl\u0151d\u00e9s\u00fcknek megfelel\u0151 reg\u00e9nyeket, irodalmi k\u00f6r\u00f6kben t\u00e1mogatj\u00e1k egym\u00e1st, tanul\u00e1si folyamatukat pedig \u00e1tgondolt portf\u00f3li\u00f3kban dokument\u00e1lj\u00e1k. Az irodalmi k\u00f6r\u00f6kben v\u00e9gzett m\u00e9lyebb elemz\u0151 munka sor\u00e1n nincs ann\u00e1l felemel\u0151bb pillanat, mint amikor a di\u00e1kok \u00f6n\u00e1ll\u00f3an fedezik fel egy sz\u00f6veg rejtett jelent\u00e9sr\u00e9tegeit, \u00e9s \u00e1t\u00e9lnek egy val\u00f3di \u201eaha\u201d \u00e9lm\u00e9nyt. L\u00e1tni, ahogy felfedezik az olvas\u00e1s \u00f6r\u00f6m\u00e9t, saj\u00e1t elhat\u00e1roz\u00e1sukb\u00f3l fordulnak az irodalom fel\u00e9, \u00e9s egyre magabiztosabb olvas\u00f3v\u00e1 v\u00e1lnak \u2013 ezek azok a pillanatok, amelyek sz\u00e1momra igaz\u00e1n \u00e9rtelmess\u00e9 teszik a tan\u00edt\u00e1st.<\/em><\/div>\n<\/div>\n<\/div>\n[\/team_member][\/vc_column][vc_column column_padding=&#8221;no-extra-padding&#8221; column_padding_tablet=&#8221;inherit&#8221; column_padding_phone=&#8221;inherit&#8221; column_padding_position=&#8221;all&#8221; column_element_direction_desktop=&#8221;default&#8221; column_element_spacing=&#8221;default&#8221; centered_text=&#8221;true&#8221; desktop_text_alignment=&#8221;default&#8221; tablet_text_alignment=&#8221;default&#8221; phone_text_alignment=&#8221;default&#8221; background_color_opacity=&#8221;1&#8243; background_hover_color_opacity=&#8221;1&#8243; column_backdrop_filter=&#8221;none&#8221; column_shadow=&#8221;none&#8221; column_border_radius=&#8221;none&#8221; column_link_target=&#8221;_self&#8221; column_position=&#8221;default&#8221; gradient_direction=&#8221;left_to_right&#8221; overlay_strength=&#8221;0.3&#8243; width=&#8221;1\/2&#8243; tablet_width_inherit=&#8221;small_desktop&#8221; animation_type=&#8221;default&#8221; bg_image_animation=&#8221;none&#8221; border_type=&#8221;simple&#8221; column_border_width=&#8221;none&#8221; column_border_style=&#8221;solid&#8221; offset=&#8221;vc_col-lg-3&#8243;][team_member image_url=&#8221;16365&#8243; team_memeber_style=&#8221;bio_fullscreen_alt&#8221; image_loading=&#8221;default&#8221; team_member_bio_full_html=&#8221;html&#8221; name=&#8221;Dobi Lilla&#8221; job_position=&#8221;angol nyelvtan\u00e1r; t\u00e1rsadalomtudom\u00e1ny tan\u00e1r&#8221; team_member_mini_bio=&#8221;Nemzetis\u00e9g: magyar&#8221;]\n<div class=\"profile-container\">\n<div class=\"profile-header\">\n<h2>Dobi Lilla<\/h2>\n<h5>angol nyelvtan\u00e1r<\/h5>\n<h5>t\u00e1rsadalomtudom\u00e1ny tan\u00e1r<\/h5>\n<\/div>\n<div class=\"profile-row\">\n<div class=\"profile-label\">V\u00e9gzetts\u00e9g<\/div>\n<div class=\"profile-data\">Angol nyelv \u00e9s t\u00f6rt\u00e9nelem szakos tan\u00e1ri mesterdiploma, Debreceni Egyetem<\/div>\n<\/div>\n<div class=\"profile-row\">\n<div class=\"profile-label\">Nemzetis\u00e9g<\/div>\n<div class=\"profile-data\">Magyar<\/div>\n<\/div>\n<div class=\"profile-row\">\n<div class=\"profile-label\">\u00c9letrajz<\/div>\n<div class=\"profile-data\">Lilla angol- \u00e9s t\u00f6rt\u00e9nelemtan\u00e1r, \u00f6t\u00e9ves tan\u00edt\u00e1si tapasztalattal. Angol nyelv \u00e9s t\u00f6rt\u00e9nelem szakos tan\u00e1ri mesterdiplom\u00e1val rendelkezik a Debreceni Egyetemr\u0151l. Szenved\u00e9lyesen elk\u00f6telezett az oktat\u00e1s ir\u00e1nt, \u00e9s arra t\u00f6rekszik, hogy befogad\u00f3, t\u00e1mogat\u00f3 oszt\u00e1lytermi k\u00f6rnyezetet teremtsen, ahol minden di\u00e1k sz\u00edvesen l\u00e1tott \u00e9s megbecs\u00fclt. Tan\u00edt\u00e1si szeml\u00e9lete a k\u00edv\u00e1ncsis\u00e1g, az \u00f6nbizalom \u00e9s az akt\u00edv r\u00e9szv\u00e9tel \u00f6szt\u00f6nz\u00e9s\u00e9re \u00f6sszpontos\u00edt. Igyekszik \u00e9lm\u00e9nyszer\u0171v\u00e9 \u00e9s \u00e9rtelmess\u00e9 tenni az \u00f3r\u00e1it, biztos\u00edtva, hogy a di\u00e1kok szabadon fejezhess\u00e9k ki magukat, \u00e9s felfedezhessenek \u00faj gondolatokat.<\/div>\n<\/div>\n<div class=\"profile-row\">\n<div class=\"profile-label\">Legszebb tan\u00e1ri pillanat<\/div>\n<div class=\"profile-data\"><em>\u201eL\u00e1tni, ahogy a di\u00e1kok \u00f6nbizalmat nyernek, \u00e9s r\u00e1j\u00f6nnek, hogy k\u00e9pesek angolul kifejezni a gondolataikat.\u201d<\/em><\/div>\n<\/div>\n<\/div>\n[\/team_member][\/vc_column][vc_column column_padding=&#8221;no-extra-padding&#8221; column_padding_tablet=&#8221;inherit&#8221; column_padding_phone=&#8221;inherit&#8221; column_padding_position=&#8221;all&#8221; bottom_margin=&#8221;30px&#8221; column_element_direction_desktop=&#8221;default&#8221; column_element_spacing=&#8221;default&#8221; centered_text=&#8221;true&#8221; desktop_text_alignment=&#8221;default&#8221; tablet_text_alignment=&#8221;default&#8221; phone_text_alignment=&#8221;default&#8221; background_color_opacity=&#8221;1&#8243; background_hover_color_opacity=&#8221;1&#8243; column_backdrop_filter=&#8221;none&#8221; column_shadow=&#8221;none&#8221; column_border_radius=&#8221;none&#8221; column_link_target=&#8221;_self&#8221; column_position=&#8221;default&#8221; gradient_direction=&#8221;left_to_right&#8221; overlay_strength=&#8221;0.3&#8243; width=&#8221;1\/2&#8243; tablet_width_inherit=&#8221;small_desktop&#8221; animation_type=&#8221;default&#8221; bg_image_animation=&#8221;none&#8221; border_type=&#8221;simple&#8221; column_border_width=&#8221;none&#8221; column_border_style=&#8221;solid&#8221; offset=&#8221;vc_col-lg-3&#8243;][team_member image_url=&#8221;15975&#8243; team_memeber_style=&#8221;bio_fullscreen_alt&#8221; image_loading=&#8221;default&#8221; team_member_bio_full_html=&#8221;simple&#8221; name=&#8221;Atesin Ferdi&#8221; job_position=&#8221;matematika tan\u00e1r&#8221; team_member_bio=&#8221;Matematika szakos tan\u00e1rk\u00e9nt mesterfok\u00fa diplom\u00e1val rendelkezem k\u00f6z\u00e9piskolai matematika oktat\u00e1sb\u00f3l. P\u00e1lyafut\u00e1som sor\u00e1n sz\u00e9les k\u00f6r\u0171 tapasztalatot szereztem az IB tanterv szerinti oktat\u00e1sban, hiszen dolgoztam T\u00f6r\u00f6korsz\u00e1gban, Katarban \u00e9s Om\u00e1nban is. Tan\u00e1ri munk\u00e1m mellett vezet\u0151i poz\u00edci\u00f3t is bet\u00f6lt\u00f6ttem, t\u00f6bbek k\u00f6z\u00f6tt az isztambuli IELEV N\u00e9met K\u00f6z\u00e9piskola matematika tansz\u00e9k\u00e9nek vezet\u0151jek\u00e9nt. Szenved\u00e9lyesen t\u00e1mogatom a kutat\u00e1salap\u00fa tanul\u00e1st, \u00e9s elk\u00f6telezetten seg\u00edtem di\u00e1kjaimat a kritikus gondolkod\u00e1s, valamint a glob\u00e1lis szeml\u00e9letm\u00f3d fejleszt\u00e9s\u00e9ben. Nemzetk\u00f6zi tapasztalataim r\u00e9v\u00e9n lehet\u0151s\u00e9gem ny\u00edlt k\u00fcl\u00f6nb\u00f6z\u0151 kultur\u00e1lis h\u00e1tt\u00e9rrel rendelkez\u0151 tanul\u00f3kkal dolgozni, \u00e9s olyan t\u00e1mogat\u00f3, befogad\u00f3 oszt\u00e1lytermi l\u00e9gk\u00f6rt kialak\u00edtani, amelyben minden di\u00e1k biztons\u00e1gban \u00e9rezheti mag\u00e1t. A tan\u00edt\u00e1son t\u00fal szenved\u00e9lyesen szeretek utazni, \u00faj kult\u00far\u00e1kat felfedezni \u00e9s helyi \u00edzeket kipr\u00f3b\u00e1lni. Egyar\u00e1nt \u00e9lvezem az izgalmas kalandokat \u00e9s a nyugodt pillanatokat \u2013 legyen sz\u00f3 adrenalind\u00fas \u00e9lm\u00e9nyekr\u0151l vagy csendes kikapcsol\u00f3d\u00e1sr\u00f3l. Nagy csal\u00e1dban n\u0151ttem fel, ami empatikus \u00e9s gondoskod\u00f3 emberr\u00e9 form\u00e1lt, \u00e9s ezt a melegs\u00e9get igyekszem minden nap tov\u00e1bbadni di\u00e1kjaimnak \u00e9s koll\u00e9g\u00e1imnak.&#8221;][\/team_member][\/vc_column][vc_column column_padding=&#8221;no-extra-padding&#8221; column_padding_tablet=&#8221;inherit&#8221; column_padding_phone=&#8221;inherit&#8221; column_padding_position=&#8221;all&#8221; column_element_direction_desktop=&#8221;default&#8221; column_element_spacing=&#8221;default&#8221; centered_text=&#8221;true&#8221; desktop_text_alignment=&#8221;default&#8221; tablet_text_alignment=&#8221;default&#8221; phone_text_alignment=&#8221;default&#8221; background_color_opacity=&#8221;1&#8243; background_hover_color_opacity=&#8221;1&#8243; column_backdrop_filter=&#8221;none&#8221; column_shadow=&#8221;none&#8221; column_border_radius=&#8221;none&#8221; column_link_target=&#8221;_self&#8221; column_position=&#8221;default&#8221; gradient_direction=&#8221;left_to_right&#8221; overlay_strength=&#8221;0.3&#8243; width=&#8221;1\/2&#8243; tablet_width_inherit=&#8221;small_desktop&#8221; animation_type=&#8221;default&#8221; bg_image_animation=&#8221;none&#8221; border_type=&#8221;simple&#8221; column_border_width=&#8221;none&#8221; column_border_style=&#8221;solid&#8221; offset=&#8221;vc_col-lg-3&#8243;][team_member image_url=&#8221;15985&#8243; team_memeber_style=&#8221;bio_fullscreen_alt&#8221; image_loading=&#8221;default&#8221; team_member_bio_full_html=&#8221;html&#8221; job_position=&#8221;Tanul\u00e1si \u00e9s innov\u00e1ci\u00f3s coach&#8221; name=&#8221;Nikki Hume&#8221; team_member_mini_bio=&#8221;Nemzetis\u00e9g: amerikai&#8221;]\n<div class=\"profile-container\">\n<div class=\"profile-header\">\n<h2>Nikki Hume<\/h2>\n<h5>Tanul\u00e1si \u00e9s innov\u00e1ci\u00f3s coach<\/h5>\n<\/div>\n<div class=\"profile-row\">\n<div class=\"profile-label\">V\u00e9gzetts\u00e9g<\/div>\n<div class=\"profile-data\">Mesterdiploma tanterv- \u00e9s oktat\u00e1sfejleszt\u00e9sb\u0151l, Portland State University, Oregon<br \/>\nOktat\u00e1svezet\u0151i k\u00e9pes\u00edt\u00e9s, Harvard Graduate School of Education, USA<br \/>\nOktat\u00f3i coaching k\u00e9pes\u00edt\u00e9s, Edurolearning<\/div>\n<\/div>\n<div class=\"profile-row\">\n<div class=\"profile-label\">Nemzetis\u00e9g<\/div>\n<div class=\"profile-data\">Amerikai (USA)<\/div>\n<\/div>\n<div class=\"profile-row\">\n<div class=\"profile-label\">Bemutatkoz\u00e1s<\/div>\n<div class=\"profile-data\">\n<p>Nikki Hume elhivatott pedag\u00f3gus \u00e9s dinamikus oktat\u00e1si vezet\u0151, aki 25 \u00e9ves tapasztalattal rendelkezik a nemzetk\u00f6zi oktat\u00e1s ter\u00fclet\u00e9n. P\u00e1lyafut\u00e1s\u00e1t az oregoni Portlandben kezdte, majd a pr\u00e1gai International School of Prague iskol\u00e1ban folytatta, ahol t\u00edz \u00e9ven \u00e1t tan\u00edtott \u00f3vodai csoportokat. Ezt k\u00f6vet\u0151en hat \u00e9ven kereszt\u00fcl m\u0171v\u00e9szetet tan\u00edtott az International School Manila int\u00e9zm\u00e9nyben, miel\u0151tt csatlakozott az ISD k\u00f6z\u00f6ss\u00e9g\u00e9hez.A kisgyermekkori nevel\u00e9s \u00e9s a Reggio Emilia \u00e1ltal inspir\u00e1lt pedag\u00f3giai szeml\u00e9let alapjaira \u00e9p\u00edtve befogad\u00f3, felfedez\u00e9salap\u00fa tanul\u00e1si k\u00f6rnyezetet alak\u00edt ki, amelyben a di\u00e1kok \u00e9rzik, hogy figyelnek r\u00e1juk, meghallgatj\u00e1k \u00e9s \u00e9rt\u00e9kelik \u0151ket.<\/p>\n<p>Munk\u00e1ja szorosan kapcsol\u00f3dik az ISD 4C \u00e9rt\u00e9keihez: empatikus, bizalomra \u00e9p\u00fcl\u0151 kapcsolatok kialak\u00edt\u00e1s\u00e1val er\u0151s\u00edti a Caring szeml\u00e9letet; a bizony\u00edt\u00e9kokra \u00e9s reflexi\u00f3ra \u00e9p\u00fcl\u0151 felfedez\u00e9st t\u00e1mogatva \u00f6szt\u00f6nzi a Curious gondolkod\u00e1sm\u00f3dot; az interdiszciplin\u00e1ris, gyakorlati tanul\u00e1si lehet\u0151s\u00e9gek b\u0151v\u00edt\u00e9s\u00e9vel k\u00e9pviseli a Creative \u00e9rt\u00e9ket; valamint az \u00f6n\u00e1ll\u00f3 cselekv\u00e9s \u00e9s a pozit\u00edv v\u00e1ltoz\u00e1s el\u0151seg\u00edt\u00e9s\u00e9vel t\u00e1mogatja a Changemaker szeml\u00e9letet. Munk\u00e1j\u00e1nak alapj\u00e1t a k\u00f6z\u00f6ss\u00e9g szolg\u00e1lata \u00e9s az es\u00e9lyegyenl\u0151s\u00e9g ir\u00e1nti elk\u00f6telezetts\u00e9g adja. Kiemelten t\u00e1mogatja azokat a kezdem\u00e9nyez\u00e9seket, amelyek \u00f6sszekapcsolj\u00e1k a k\u00f6z\u00f6ss\u00e9gi szerepv\u00e1llal\u00e1st a tantervvel, \u00e9s fejlesztik a kultur\u00e1lis tudatoss\u00e1got.<\/p>\n<\/div>\n<\/div>\n<div class=\"profile-row\">\n<div class=\"profile-label\">Legeml\u00e9kezetesebb tan\u00e1ri pillanat<\/div>\n<div class=\"profile-data\"><em>V\u00e1ltoz\u00e1steremt\u0151k\u00e9nt engem azok a di\u00e1kok inspir\u00e1lnak a legink\u00e1bb, akik merik megk\u00e9rd\u0151jelezni a megszokott dolgokat, \u00e9s tanul\u00e1suk minden ter\u00fclet\u00e9n kritikusan \u00e9s kreat\u00edvan gondolkodnak. Amikor magabiztoss\u00e1gr\u00f3l, b\u00e1tors\u00e1gr\u00f3l \u00e9s fejl\u0151d\u00e9sk\u00f6zpont\u00fa gondolkod\u00e1sm\u00f3dr\u00f3l tesznek tan\u00fabizonys\u00e1got, \u00e9s saj\u00e1t hangjukkal, valamint tetteikkel pozit\u00edv v\u00e1ltoz\u00e1st id\u00e9znek el\u0151, mindig eszembe juttatj\u00e1k, mi\u00e9rt v\u00e1lasztottam a tan\u00e1ri hivat\u00e1st.<\/em><\/div>\n<\/div>\n<\/div>\n[\/team_member][\/vc_column][vc_column column_padding=&#8221;no-extra-padding&#8221; column_padding_tablet=&#8221;inherit&#8221; column_padding_phone=&#8221;inherit&#8221; column_padding_position=&#8221;all&#8221; column_element_direction_desktop=&#8221;default&#8221; column_element_spacing=&#8221;default&#8221; centered_text=&#8221;true&#8221; desktop_text_alignment=&#8221;default&#8221; tablet_text_alignment=&#8221;default&#8221; phone_text_alignment=&#8221;default&#8221; background_color_opacity=&#8221;1&#8243; background_hover_color_opacity=&#8221;1&#8243; column_backdrop_filter=&#8221;none&#8221; column_shadow=&#8221;none&#8221; column_border_radius=&#8221;none&#8221; column_link_target=&#8221;_self&#8221; column_position=&#8221;default&#8221; gradient_direction=&#8221;left_to_right&#8221; overlay_strength=&#8221;0.3&#8243; width=&#8221;1\/2&#8243; tablet_width_inherit=&#8221;small_desktop&#8221; animation_type=&#8221;default&#8221; bg_image_animation=&#8221;none&#8221; border_type=&#8221;simple&#8221; column_border_width=&#8221;none&#8221; column_border_style=&#8221;solid&#8221; offset=&#8221;vc_col-lg-3&#8243;][team_member image_url=&#8221;10917&#8243; team_memeber_style=&#8221;meta_below&#8221; link_element=&#8221;none&#8221; color=&#8221;Accent-Color&#8221; name=&#8221;Fodor Ang\u00e9la&#8221; job_position=&#8221;angol nyelvtan\u00e1r&#8221;]\n<div class=\"profile-container\">\n<div class=\"profile-header\">\n<h2>Fodor Ang\u00e9la<\/h2>\n<h5>angol nyelvtan\u00e1r<\/h5>\n<\/div>\n<div class=\"profile-row\">\n<div class=\"profile-label\">V\u00e9gzetts\u00e9g<\/div>\n<div class=\"profile-data\">Molekul\u00e1ris biol\u00f3gia mesterszak \u2013 Debreceni Egyetem, Magyarorsz\u00e1g<br \/>\nBiol\u00f3giatan\u00e1ri mesterszak \u2013 Debreceni Egyetem, Magyarorsz\u00e1g<br \/>\nAngol nyelv \u00e9s kult\u00fara tan\u00e1ri mesterszak \u2013 Miskolci Egyetem, Magyarorsz\u00e1g (1. \u00e9v)<\/div>\n<\/div>\n<div class=\"profile-row\">\n<div class=\"profile-label\">Nemzetis\u00e9g<\/div>\n<div class=\"profile-data\">magyar<\/div>\n<\/div>\n<div class=\"profile-row\">\n<div class=\"profile-label\">\u00c9letrajz<\/div>\n<div class=\"profile-data\">Fodor Ang\u00e9la az ISD English Language Acquisition (angol nyelvelsaj\u00e1t\u00edt\u00e1s) tan\u00e1ra, aki azokkal a di\u00e1kokkal foglalkozik, akik m\u00e9g fejlesztik angoltud\u00e1sukat, \u00e9s \u00fajonnan ker\u00fcltek angol nyelv\u0171 tanulm\u00e1nyi k\u00f6rnyezetbe. C\u00e9lja, hogy seg\u00edtse a di\u00e1kokat azon nyelvi k\u00e9szs\u00e9gek \u00e9s \u00f6nbizalom ki\u00e9p\u00edt\u00e9s\u00e9ben, amelyre sz\u00fcks\u00e9g\u00fck van ahhoz, hogy teljes m\u00e9rt\u00e9kben r\u00e9szt vegyenek az \u00f3r\u00e1ikon \u00e9s az iskolai \u00e9letben. Ang\u00e9la hiszi, hogy a nyelvtanul\u00e1s akkor a legeredm\u00e9nyesebb, ha biztons\u00e1gos, t\u00e1mogat\u00f3 oszt\u00e1lyteremben zajlik, ahol a di\u00e1kok szabadon k\u00e9rdezhetnek, v\u00e1llalhatnak kock\u00e1zatot, \u00e9s kifejezhetik gondolataikat. C\u00e9lja nemcsak az, hogy seg\u00edtse a di\u00e1kok angoltud\u00e1s\u00e1nak er\u0151s\u00edt\u00e9s\u00e9t, hanem az is, hogy k\u00e9pess\u00e9 tegye \u0151ket saj\u00e1t hangjuk megtal\u00e1l\u00e1s\u00e1ra, \u00e9s arra, hogy az iskolai k\u00f6z\u00f6ss\u00e9g akt\u00edv tagjaiv\u00e1 v\u00e1ljanak. A t\u00f6bbnyelv\u0171 tanul\u00f3kkal val\u00f3 munka ir\u00e1nti szenved\u00e9ly\u00e9t er\u0151sen befoly\u00e1solj\u00e1k saj\u00e1t nemzetk\u00f6zi tapasztalatai. Ang\u00e9la t\u00f6bb orsz\u00e1gban \u00e9lt, tanult \u00e9s dolgozott, k\u00f6zt\u00fck az Egyes\u00fclt \u00c1llamokban, K\u00edn\u00e1ban, Spanyolorsz\u00e1gban \u00e9s N\u00e9metorsz\u00e1gban. Ezek a tapasztalatok m\u00e9ly meg\u00e9rt\u00e9st adtak sz\u00e1m\u00e1ra arr\u00f3l, milyen kih\u00edv\u00e1sokkal \u00e9s lehet\u0151s\u00e9gekkel szembes\u00fclnek a di\u00e1kok, amikor \u00faj nyelvi \u00e9s kultur\u00e1lis k\u00f6rnyezetben tanulnak. Ang\u00e9la elk\u00f6telezett abban, hogy a di\u00e1kok ne csak az angoltud\u00e1sukat fejlessz\u00e9k, hanem megtal\u00e1lj\u00e1k a hangjukat \u00e9s az \u00f6sszetartoz\u00e1s \u00e9rz\u00e9s\u00e9t is egy soksz\u00edn\u0171 nemzetk\u00f6zi k\u00f6z\u00f6ss\u00e9gen bel\u00fcl. Az oszt\u00e1lytermen k\u00edv\u00fcl akt\u00edvan r\u00e9szt vesz \u00e1llatment\u00e9sben, k\u00fcl\u00f6n\u00f6sen macsk\u00e1kkal foglalkozik. Hiszi, hogy az \u00e1llatok j\u00f3l\u00e9te \u00e9s a felel\u0151s \u00e1llattart\u00e1s fontos glob\u00e1lis k\u00e9rd\u00e9s, \u00e9s er\u0151s kapcsolatot l\u00e1t ezen \u00e9rt\u00e9kek, valamint a di\u00e1kjaiban \u00f6szt\u00f6nz\u00f6tt emp\u00e1tia \u00e9s felel\u0151ss\u00e9gv\u00e1llal\u00e1s k\u00f6z\u00f6tt.<\/div>\n<\/div>\n<div class=\"profile-row\">\n<div class=\"profile-label\">Legszebb tan\u00e1ri pillanat<\/div>\n<div class=\"profile-data\"><em>Egy m\u00falt id\u0151vel foglalkoz\u00f3 \u00f3ra ut\u00e1n az egyik di\u00e1k hirtelen fel\u00e1llt, \u00e9s nagy el\u00e9gedetts\u00e9ggel jelentette be: \u201eMs Angi, most m\u00e1r \u00e9rtem a tegnapot!\u201d Szereti azokat a boldog pillanatokat, amikor a tanultak val\u00f3ban a hely\u00fckre ker\u00fclnek.<\/em><\/div>\n<\/div>\n<\/div>\n[\/team_member][\/vc_column][vc_column column_padding=&#8221;no-extra-padding&#8221; column_padding_tablet=&#8221;inherit&#8221; column_padding_phone=&#8221;inherit&#8221; column_padding_position=&#8221;all&#8221; column_element_direction_desktop=&#8221;default&#8221; column_element_spacing=&#8221;default&#8221; centered_text=&#8221;true&#8221; desktop_text_alignment=&#8221;default&#8221; tablet_text_alignment=&#8221;default&#8221; phone_text_alignment=&#8221;default&#8221; background_color_opacity=&#8221;1&#8243; background_hover_color_opacity=&#8221;1&#8243; column_backdrop_filter=&#8221;none&#8221; column_shadow=&#8221;none&#8221; column_border_radius=&#8221;none&#8221; column_link_target=&#8221;_self&#8221; column_position=&#8221;default&#8221; gradient_direction=&#8221;left_to_right&#8221; overlay_strength=&#8221;0.3&#8243; width=&#8221;1\/2&#8243; tablet_width_inherit=&#8221;small_desktop&#8221; animation_type=&#8221;default&#8221; bg_image_animation=&#8221;none&#8221; border_type=&#8221;simple&#8221; column_border_width=&#8221;none&#8221; column_border_style=&#8221;solid&#8221; offset=&#8221;vc_col-lg-3&#8243;][team_member image_url=&#8221;10918&#8243; team_memeber_style=&#8221;bio_fullscreen_alt&#8221; image_loading=&#8221;default&#8221; team_member_bio_full_html=&#8221;html&#8221; name=&#8221;Giller Vivien&#8221; job_position=&#8221;angol nyelvtan\u00e1r; &#8222;B&#8222; nyelv tant\u00e1rgycsoport koordin\u00e1tor&#8221; team_member_mini_bio=&#8221;Nemzetis\u00e9g: magyar&#8221;]\n<div class=\"profile-container\">\n<div class=\"profile-header\">\n<h2>Giller Vivien<\/h2>\n<h5>angol nyelvtan\u00e1r<\/h5>\n<h5>&#8222;B&#8221; nyelv tant\u00e1rgycsoport koordin\u00e1tor<\/h5>\n<h5><\/h5>\n<\/div>\n<div class=\"profile-row\">\n<div class=\"profile-label\">V\u00e9gzetts\u00e9g<\/div>\n<div class=\"profile-data\">Angol nyelv \u00e9s irodalom tan\u00e1ri mesterszak (MA), K\u00e1roli G\u00e1sp\u00e1r Reform\u00e1tus Egyetem, Budapest<br \/>\nN\u00e9derlandisztika mesterszak (MA), m\u0171v\u00e9szett\u00f6rt\u00e9net szakir\u00e1nnyal, K\u00e1roli G\u00e1sp\u00e1r Reform\u00e1tus Egyetem, Budapest<\/div>\n<\/div>\n<div class=\"profile-row\">\n<div class=\"profile-label\">Nemzetis\u00e9g<\/div>\n<div class=\"profile-data\">Magyar<\/div>\n<\/div>\n<div class=\"profile-row\">\n<div class=\"profile-label\">\u00c9letrajz<\/div>\n<div class=\"profile-data\">Giller Vivien az ISD English Language Acquisition (angol nyelvelsaj\u00e1t\u00edt\u00e1s) tan\u00e1ra, aki az MYP \u00e9s a DP programban egyar\u00e1nt tan\u00edt. T\u00f6bb mint t\u00edz \u00e9v tapasztalattal rendelkezik az \u00e1ltal\u00e1nos iskol\u00e1t\u00f3l a k\u00f6z\u00e9piskol\u00e1ig terjed\u0151 koroszt\u00e1lyok tan\u00edt\u00e1s\u00e1ban. Vivien sz\u00edvesen teremt nyugodt, b\u00e1tor\u00edt\u00f3 oszt\u00e1lytermet, ahol a di\u00e1kok biztons\u00e1gban \u00e9rzik magukat ahhoz, hogy kock\u00e1zatot v\u00e1llaljanak, megtal\u00e1lj\u00e1k a hangjukat, \u00e9s magabiztos, reflekt\u00edv kommunik\u00e1torokk\u00e1 v\u00e1ljanak. Szenved\u00e9lyesen \u00e9rdekl\u0151dik a m\u0171v\u00e9szet ir\u00e1nt, \u00e9s k\u00fcl\u00f6n\u00f6sen kedveli az interdiszciplin\u00e1ris tanul\u00e1st, gyakran hozva be az irodalmat \u00e9s a k\u00e9pz\u0151m\u0171v\u00e9szetet az \u00f3r\u00e1ira, hogy kreat\u00edv, \u00e9rtelmes m\u00f3don fejlessze a nyelvet. Miut\u00e1n \u00e9lt \u00e9s dolgozott az Egyes\u00fclt Kir\u00e1lys\u00e1gban \u00e9s Hollandi\u00e1ban, Vivien er\u0151s nemzetk\u00f6zi szeml\u00e9letet visz a tan\u00edt\u00e1s\u00e1ba, \u00e9s nagyra \u00e9rt\u00e9keli azt a n\u00e9z\u0151pontot, amely a kult\u00far\u00e1kon \u00e1t\u00edvel\u0151 tanul\u00e1sb\u00f3l fakad.<\/div>\n<\/div>\n<div class=\"profile-row\">\n<div class=\"profile-label\">Legszebb tan\u00e1ri pillanat<\/div>\n<div class=\"profile-data\"><em>Legszebb tan\u00e1ri pillanatai, amikor a di\u00e1kok kock\u00e1zatot v\u00e1llalnak, hogy megsz\u00f3laljanak, magabiztosan megossz\u00e1k gondolataikat, \u00e9s elgondolkodtat\u00f3 p\u00e1rbesz\u00e9dbe kezdjenek. Szereti n\u00e9zni, ahogy meghallgatj\u00e1k egym\u00e1st, \u00e9s reflekt\u00e1lnak egym\u00e1s gondolataira.<\/em><\/div>\n<\/div>\n<\/div>\n[\/team_member][\/vc_column][vc_column column_padding=&#8221;no-extra-padding&#8221; column_padding_tablet=&#8221;inherit&#8221; column_padding_phone=&#8221;inherit&#8221; column_padding_position=&#8221;all&#8221; column_element_direction_desktop=&#8221;default&#8221; column_element_spacing=&#8221;default&#8221; centered_text=&#8221;true&#8221; desktop_text_alignment=&#8221;default&#8221; tablet_text_alignment=&#8221;default&#8221; phone_text_alignment=&#8221;default&#8221; background_color_opacity=&#8221;1&#8243; background_hover_color_opacity=&#8221;1&#8243; column_backdrop_filter=&#8221;none&#8221; column_shadow=&#8221;none&#8221; column_border_radius=&#8221;none&#8221; column_link_target=&#8221;_self&#8221; column_position=&#8221;default&#8221; gradient_direction=&#8221;left_to_right&#8221; overlay_strength=&#8221;0.3&#8243; width=&#8221;1\/2&#8243; tablet_width_inherit=&#8221;small_desktop&#8221; animation_type=&#8221;default&#8221; bg_image_animation=&#8221;none&#8221; border_type=&#8221;simple&#8221; column_border_width=&#8221;none&#8221; column_border_style=&#8221;solid&#8221; offset=&#8221;vc_col-lg-3&#8243;][team_member image_url=&#8221;10919&#8243; team_memeber_style=&#8221;bio_fullscreen_alt&#8221; image_loading=&#8221;default&#8221; team_member_bio_full_html=&#8221;simple&#8221; name=&#8221;Handari J\u00falia&#8221; job_position=&#8221;matematika tan\u00e1r&#8221; team_member_bio=&#8221;\u00d3ce\u00e1nokat \u00e1t\u00edvel\u0151 h\u00e1tt\u00e9rrel &#8211; a d\u00e9l-afrikai oktat\u00e1si programokt\u00f3l az eur\u00f3pai egyetemeken \u00e1t &#8211; olyan tan\u00edt\u00e1si filoz\u00f3fi\u00e1t szeretn\u00e9k k\u00e9pviselni, amely egy hat\u00e1rok n\u00e9lk\u00fcli vil\u00e1got t\u00fckr\u00f6z. Tan\u00e1ri mesterdiplom\u00e1t matematik\u00e1b\u00f3l \u00e9s angol nyelv \u00e9s kult\u00far\u00e1b\u00f3l szereztem, \u00edgy most a sz\u00e1mok vil\u00e1g\u00e1nak rejtelmeibe vezetem be di\u00e1kjaimat. Az oszt\u00e1lyterm\u00fcnkben a matematika t\u00f6bb mint egy tant\u00e1rgy: egy utaz\u00e1s a meg\u00e9rt\u00e9s fel\u00e9 \u00e9s annak a meggy\u0151z\u0151d\u00e9snek a bizony\u00edt\u00e9ka, hogy minden di\u00e1k k\u00e9pes t\u00fcnd\u00f6k\u00f6lni egy olyan k\u00f6rnyezetben, amely \u00e9rt\u00e9kk\u00e9nt tekint egyedi k\u00e9pess\u00e9geire, \u00e9s arra \u00f6szt\u00f6nzi \u0151t, hogy t\u00falsz\u00e1rnyalja hat\u00e1rait.&#8221;][\/team_member][\/vc_column][vc_column column_padding=&#8221;no-extra-padding&#8221; column_padding_tablet=&#8221;inherit&#8221; column_padding_phone=&#8221;inherit&#8221; column_padding_position=&#8221;all&#8221; column_element_direction_desktop=&#8221;default&#8221; column_element_spacing=&#8221;default&#8221; centered_text=&#8221;true&#8221; desktop_text_alignment=&#8221;default&#8221; tablet_text_alignment=&#8221;default&#8221; phone_text_alignment=&#8221;default&#8221; background_color_opacity=&#8221;1&#8243; background_hover_color_opacity=&#8221;1&#8243; column_backdrop_filter=&#8221;none&#8221; column_shadow=&#8221;none&#8221; column_border_radius=&#8221;none&#8221; column_link_target=&#8221;_self&#8221; column_position=&#8221;default&#8221; gradient_direction=&#8221;left_to_right&#8221; overlay_strength=&#8221;0.3&#8243; width=&#8221;1\/2&#8243; tablet_width_inherit=&#8221;small_desktop&#8221; animation_type=&#8221;default&#8221; bg_image_animation=&#8221;none&#8221; border_type=&#8221;simple&#8221; column_border_width=&#8221;none&#8221; column_border_style=&#8221;solid&#8221; offset=&#8221;vc_col-lg-3&#8243;][team_member image_url=&#8221;16349&#8243; team_memeber_style=&#8221;bio_fullscreen_alt&#8221; image_loading=&#8221;default&#8221; team_member_bio_full_html=&#8221;simple&#8221; job_position=&#8221;angol irodalomtan\u00e1r, Extended Essay koordin\u00e1tor&#8221; name=&#8221;Oksana Matviishyna&#8221; team_member_mini_bio=&#8221;Nemzetis\u00e9g: ukr\u00e1n&#8221;][\/team_member][\/vc_column][vc_column column_padding=&#8221;no-extra-padding&#8221; column_padding_tablet=&#8221;inherit&#8221; column_padding_phone=&#8221;inherit&#8221; column_padding_position=&#8221;all&#8221; column_element_direction_desktop=&#8221;default&#8221; column_element_spacing=&#8221;default&#8221; centered_text=&#8221;true&#8221; desktop_text_alignment=&#8221;default&#8221; tablet_text_alignment=&#8221;default&#8221; phone_text_alignment=&#8221;default&#8221; background_color_opacity=&#8221;1&#8243; background_hover_color_opacity=&#8221;1&#8243; column_backdrop_filter=&#8221;none&#8221; column_shadow=&#8221;none&#8221; column_border_radius=&#8221;none&#8221; column_link_target=&#8221;_self&#8221; column_position=&#8221;default&#8221; gradient_direction=&#8221;left_to_right&#8221; overlay_strength=&#8221;0.3&#8243; width=&#8221;1\/2&#8243; tablet_width_inherit=&#8221;small_desktop&#8221; animation_type=&#8221;default&#8221; bg_image_animation=&#8221;none&#8221; border_type=&#8221;simple&#8221; column_border_width=&#8221;none&#8221; column_border_style=&#8221;solid&#8221; offset=&#8221;vc_col-lg-3&#8243;][team_member image_url=&#8221;18680&#8243; team_memeber_style=&#8221;bio_fullscreen_alt&#8221; image_loading=&#8221;default&#8221; team_member_bio_full_html=&#8221;html&#8221; job_position=&#8221;m\u0171v\u00e9szet tan\u00e1r&#8221; name=&#8221;Jenina Mae Del Corro&#8221; team_member_mini_bio=&#8221;Nemzetis\u00e9g: filipp\u00edn\u00f3&#8221;]\n<div class=\"profile-container\">\n<div class=\"profile-header\">\n<h2>Jenina Mae Del Corro<\/h2>\n<h5>Vizu\u00e1lis m\u0171v\u00e9szetek tan\u00e1ra<\/h5>\n<\/div>\n<div class=\"profile-row\">\n<div class=\"profile-label\">V\u00e9gzetts\u00e9g<\/div>\n<div class=\"profile-data\">&#8211; Tan\u00edt\u00f3i alapk\u00e9pz\u00e9s, kisgyermekkori nevel\u00e9s szakir\u00e1ny, St. Scholastica\u2019s College, Manila<br \/>\n&#8211; Pedag\u00f3giai mesterdiploma, University of the People, Kalifornia (folyamatban)<\/div>\n<\/div>\n<div class=\"profile-row\">\n<div class=\"profile-label\">Nemzetis\u00e9g<\/div>\n<div class=\"profile-data\">Filipp\u00edn\u00f3<\/div>\n<\/div>\n<div class=\"profile-row\">\n<div class=\"profile-label\">Bemutatkoz\u00e1s<\/div>\n<div class=\"profile-data\">Jenina Del Corro szakk\u00e9pzett pedag\u00f3gus, aki t\u00f6bb mint t\u00edz\u00e9ves tapasztalattal rendelkezik az \u00e1ltal\u00e1nos iskolai oktat\u00e1s ter\u00fclet\u00e9n. Jelenleg az ISD \u00f3vod\u00e1t\u00f3l az 5. \u00e9vfolyamig tart\u00f3 vizu\u00e1lis m\u0171v\u00e9szeti programj\u00e1t vezeti, ahol a kisgyermekkori nevel\u00e9s ter\u00fclet\u00e9n szerzett tapasztalatait a kreat\u00edv alkot\u00f3folyamat ir\u00e1nti szenved\u00e9ly\u00e9vel \u00f6tv\u00f6zi. Hisz abban, hogy a m\u0171v\u00e9szet egy er\u0151teljes, univerz\u00e1lis nyelv, a m\u0171v\u00e9szeti m\u0171hely pedig a k\u00edv\u00e1ncsis\u00e1g, a kitart\u00e1s \u00e9s a kritikus gondolkod\u00e1s fejleszt\u00e9s\u00e9nek terepe. Jenina maga is elk\u00f6telezett az \u00e9lethosszig tart\u00f3 tanul\u00e1s ir\u00e1nt, \u00e9s ugyanezt a felfedez\u0151 szeml\u00e9letet k\u00f6zvet\u00edti di\u00e1kjai fel\u00e9. Bar\u00e1ts\u00e1gos, befogad\u00f3 \u00e9s di\u00e1kk\u00f6zpont\u00fa k\u00f6rnyezetet teremt, ahol a fiatal alkot\u00f3k biztons\u00e1gban \u00e9rzik magukat ahhoz, hogy k\u00eds\u00e9rletezzenek, hib\u00e1zzanak \u00e9s kifejezz\u00e9k saj\u00e1t, egyedi l\u00e1t\u00e1sm\u00f3djukat.<\/div>\n<\/div>\n<div class=\"profile-row\">\n<div class=\"profile-label\">Legeml\u00e9kezetesebb tan\u00e1ri pillanat<\/div>\n<div class=\"profile-data\"><em>A kedvenc tan\u00e1ri pillanataim azok, amikor a tanterem val\u00f3di k\u00f6z\u00f6s alkot\u00f3m\u0171helly\u00e9 alakul: a di\u00e1kok b\u00e1tran hib\u00e1znak, szabadon k\u00eds\u00e9rleteznek \u00faj \u00f6tletekkel, \u00e9s \u0151szinte lelkesed\u00e9ssel osztj\u00e1k meg egym\u00e1ssal kreat\u00edv alkot\u00f3folyamataikat.<\/em><\/div>\n<\/div>\n<\/div>\n[\/team_member][\/vc_column][vc_column column_padding=&#8221;no-extra-padding&#8221; column_padding_tablet=&#8221;inherit&#8221; column_padding_phone=&#8221;inherit&#8221; column_padding_position=&#8221;all&#8221; column_element_direction_desktop=&#8221;default&#8221; column_element_spacing=&#8221;default&#8221; centered_text=&#8221;true&#8221; desktop_text_alignment=&#8221;default&#8221; tablet_text_alignment=&#8221;default&#8221; phone_text_alignment=&#8221;default&#8221; background_color_opacity=&#8221;1&#8243; background_hover_color_opacity=&#8221;1&#8243; column_backdrop_filter=&#8221;none&#8221; column_shadow=&#8221;none&#8221; column_border_radius=&#8221;none&#8221; column_link_target=&#8221;_self&#8221; column_position=&#8221;default&#8221; gradient_direction=&#8221;left_to_right&#8221; overlay_strength=&#8221;0.3&#8243; width=&#8221;1\/2&#8243; tablet_width_inherit=&#8221;small_desktop&#8221; animation_type=&#8221;default&#8221; bg_image_animation=&#8221;none&#8221; border_type=&#8221;simple&#8221; column_border_width=&#8221;none&#8221; column_border_style=&#8221;solid&#8221; offset=&#8221;vc_col-lg-3&#8243;][team_member image_url=&#8221;18708&#8243; bio_alt_image_url=&#8221;15410&#8243; team_memeber_style=&#8221;bio_fullscreen_alt&#8221; image_loading=&#8221;default&#8221; team_member_bio_full_html=&#8221;html&#8221; name=&#8221;Queren Hapuque De Azevedo&#8221; job_position=&#8221;m\u0171v\u00e9szet tan\u00e1r&#8221; team_member_mini_bio=&#8221;Nemzetis\u00e9g: brazil&#8221;]\n<div class=\"profile-container\">\n<div class=\"profile-header\">\n<h2>Queren Hapuque de Azevedo<\/h2>\n<h5>Fels\u0151 tagozatos \u00e9s k\u00f6z\u00e9piskolai vizu\u00e1lis m\u0171v\u00e9szetek tan\u00e1ra<\/h5>\n<\/div>\n<div class=\"profile-row\">\n<div class=\"profile-label\">V\u00e9gzetts\u00e9g<\/div>\n<div class=\"profile-data\">&#8211; Vizu\u00e1lis m\u0171v\u00e9szetek alapk\u00e9pz\u00e9s<br \/>\n&#8211; Posztgradu\u00e1lis szakir\u00e1ny\u00fa v\u00e9gzetts\u00e9g m\u0171v\u00e9szet, kult\u00fara \u00e9s oktat\u00e1s ter\u00fclet\u00e9n<\/div>\n<\/div>\n<div class=\"profile-row\">\n<div class=\"profile-label\">Nemzetis\u00e9g<\/div>\n<div class=\"profile-data\"><\/div>\n<\/div>\n<div class=\"profile-row\">\n<div class=\"profile-label\">Bemutatkoz\u00e1s<\/div>\n<div class=\"profile-data\">Queren Hapuque de Azevedo fels\u0151 tagozatos \u00e9s k\u00f6z\u00e9piskolai vizu\u00e1lism\u0171v\u00e9szet-tan\u00e1r, aki hisz abban, hogy a m\u0171v\u00e9szet benn\u00fcnk \u00e9s k\u00f6r\u00fcl\u00f6tt\u00fcnk egyar\u00e1nt jelen van. Szenved\u00e9lyesen t\u00e1mogatja di\u00e1kjait abban, hogy kreat\u00edv felfedez\u00e9sen kereszt\u00fcl fejezz\u00e9k ki \u00f6nmagukat, gondolataikat, \u00e9rzelmeiket \u00e9s saj\u00e1t n\u00e9z\u0151pontjukat. Queren szerint a m\u0171v\u00e9szet megtan\u00edt benn\u00fcnket arra, hogy m\u00e9lyebben figyelj\u00fck meg a vil\u00e1got, val\u00f3di kapcsolatokat alak\u00edtsunk ki m\u00e1sokkal, \u00e9s hidakat \u00e9p\u00edts\u00fcnk k\u00fcl\u00f6nb\u00f6z\u0151 kult\u00far\u00e1k k\u00f6z\u00f6tt. T\u00f6bb orsz\u00e1gban is tan\u00edtott, ez\u00e9rt k\u00fcl\u00f6n\u00f6sen nagyra \u00e9rt\u00e9keli azt a gazdags\u00e1got, amelyet a k\u00fcl\u00f6nb\u00f6z\u0151 n\u00e9z\u0151pontok hoznak a tanterembe, \u00e9s arra \u00f6szt\u00f6nzi di\u00e1kjait, hogy gondolkod\u00f3, egy\u00fctt\u00e9rz\u0151 \u00e9s reflekt\u00edv vil\u00e1gpolg\u00e1rokk\u00e1 v\u00e1ljanak. A m\u0171v\u00e9szetre olyan t\u00e9rk\u00e9nt tekint, ahol a di\u00e1kok meg\u00e1llhatnak egy pillanatra, elm\u00e9ly\u00fclhetnek gondolataikban, felfedezhetik a h\u00e9tk\u00f6znapi \u00e9let sz\u00e9ps\u00e9geit, felt\u00f6lt\u0151dhetnek, \u00e9s magabiztosan megtal\u00e1lhatj\u00e1k saj\u00e1t kreat\u00edv hangjukat.<\/div>\n<\/div>\n<div class=\"profile-row\">\n<div class=\"profile-label\">Legeml\u00e9kezetesebb tan\u00e1ri pillanat<\/div>\n<div class=\"profile-data\"><em>\u201eTan\u00e1ri p\u00e1lyafut\u00e1som sor\u00e1n sz\u00e1mos felejthetetlen pillanatot \u00e9ltem \u00e1t, de az egyik legeml\u00e9kezetesebb egy csend\u00e9lettel foglalkoz\u00f3 t\u00e9mak\u00f6rh\u00f6z kapcsol\u00f3dik. Egy tanul\u00e1si neh\u00e9zs\u00e9gekkel k\u00fczd\u0151 di\u00e1k, aki kor\u00e1bban kev\u00e9s \u00e9rdekl\u0151d\u00e9st mutatott a vizu\u00e1lis m\u0171v\u00e9szetek ir\u00e1nt, egy gy\u00f6ny\u00f6r\u0171 \u00e9s elgondolkodtat\u00f3 reflexi\u00f3t osztott meg az oszt\u00e1llyal. Elmondta, hogy a csend\u00e9let megtan\u00edtotta arra, hogy megl\u00e1ssa a sz\u00e9ps\u00e9get a h\u00e9tk\u00f6znapi dolgokban, \u00e9s olyan r\u00e9szleteket is \u00e9szrevegyen, amelyekre kor\u00e1bban soha nem figyelt. Abban a pillanatban r\u00e1j\u00f6ttem, hogy a m\u0171v\u00e9szet sokkal t\u00f6bbet adott neki a m\u0171v\u00e9szeti k\u00e9szs\u00e9gekn\u00e9l: seg\u00edtett neki megtanulni igaz\u00e1n l\u00e1tni a vil\u00e1got. Az ilyen pillanatok eml\u00e9keztetnek arra, mi\u00e9rt tan\u00edtok.\u201d<\/em><\/div>\n<\/div>\n<\/div>\n[\/team_member][\/vc_column][vc_column column_padding=&#8221;no-extra-padding&#8221; column_padding_tablet=&#8221;inherit&#8221; column_padding_phone=&#8221;inherit&#8221; column_padding_position=&#8221;all&#8221; column_element_direction_desktop=&#8221;default&#8221; column_element_spacing=&#8221;default&#8221; centered_text=&#8221;true&#8221; desktop_text_alignment=&#8221;default&#8221; tablet_text_alignment=&#8221;default&#8221; phone_text_alignment=&#8221;default&#8221; background_color_opacity=&#8221;1&#8243; background_hover_color_opacity=&#8221;1&#8243; column_backdrop_filter=&#8221;none&#8221; column_shadow=&#8221;none&#8221; column_border_radius=&#8221;none&#8221; column_link_target=&#8221;_self&#8221; column_position=&#8221;default&#8221; gradient_direction=&#8221;left_to_right&#8221; overlay_strength=&#8221;0.3&#8243; width=&#8221;1\/2&#8243; tablet_width_inherit=&#8221;small_desktop&#8221; animation_type=&#8221;default&#8221; bg_image_animation=&#8221;none&#8221; border_type=&#8221;simple&#8221; column_border_width=&#8221;none&#8221; column_border_style=&#8221;solid&#8221; offset=&#8221;vc_col-lg-3&#8243;][team_member image_url=&#8221;10932&#8243; team_memeber_style=&#8221;bio_fullscreen_alt&#8221; image_loading=&#8221;default&#8221; team_member_bio_full_html=&#8221;simple&#8221; name=&#8221;Mora del Cueto Jes\u00fas&#8221; job_position=&#8221;zenetan\u00e1r; CAS \u00e9s Di\u00e1k \u00d6nkorm\u00e1nyzat koordin\u00e1tor&#8221; team_member_bio=&#8221;A nevem Jes\u00fas Mora del Cueto, \u00e9s Mexik\u00f3v\u00e1rosban sz\u00fclettem. Az elm\u00falt 12 \u00e9vben nemzetk\u00f6zi tan\u00e1rk\u00e9nt dolgoztam. Tan\u00e1rk\u00e9nt v\u00e9geztem az Egyes\u00fclt Kir\u00e1lys\u00e1g rangos egyetemein: a Cambridge -i Egyetemen EAL -tan\u00e1ri diplom\u00e1t, majd a Buckinghami Egyetemen m\u00e1sodfok\u00fa zenei posztgradu\u00e1lis diplom\u00e1t (PGCE) szereztem, v\u00e9g\u00fcl ugyanitt nemzetk\u00f6zi mesterk\u00e9pz\u00e9st. \u00c1ltal\u00e1nos zenei \u00e9s oktat\u00e1si tanulm\u00e1nyaimat a Mexik\u00f3v\u00e1rosi Nemzeti Konzervat\u00f3rium\u00e1ban v\u00e9geztem.<\/p>\n<p>Zenetan\u00e1rk\u00e9nt k\u00f6zrem\u0171k\u00f6dtem a zenei tansz\u00e9kek nemzetk\u00f6zi oktat\u00e1s \u00e9s multikultur\u00e1lis k\u00f6rnyezetben t\u00f6rt\u00e9n\u0151 fejleszt\u00e9s\u00e9ben, nemzetk\u00f6zi sz\u00ednvonal\u00fa zenei tantervek kidolgoz\u00e1s\u00e1ban, tan\u00f3r\u00e1n k\u00edv\u00fcli zenei tev\u00e9kenys\u00e9gek vezet\u00e9s\u00e9ben: hangszeres feladatok, zenekarok, egy\u00fcttesek, musicalek megval\u00f3s\u00edt\u00e1s\u00e1t vezettem, valamint b\u00e1tor\u00edtottam minden iskolai tanul\u00f3t \u00e9s kolleg\u00e1t, hogy r\u00e9szt vegyenek az iskola zenei \u00e9let\u00e9ben. Ezen tapasztalatok mellett az MYP \u00e9s a PYP csapatvezet\u0151je, valamint az EAL tansz\u00e9kek tagja voltam, hozz\u00e1j\u00e1rulva az EAL tanterv\u00e9nek az IB -vel egyidej\u0171 kialak\u00edt\u00e1s\u00e1hoz.<\/p>\n<p>Volt szerencs\u00e9m sz\u00e1mos rangos nemzetk\u00f6zi iskol\u00e1ban dolgozni, amelyek mindegyike IB tan\u00fas\u00edtv\u00e1nnyal rendelkezik. Kiv\u00e1lts\u00e1g sz\u00e1momra, hogy hihetetlen tan\u00e1rokkal \u00e9s di\u00e1kokkal dolgozhattam egy\u00fctt a vil\u00e1g minden t\u00e1j\u00e1r\u00f3l. Nagy \u00f6r\u00f6m \u00e9s megtiszteltet\u00e9s, hogy b\u0151v\u00edthetem nemzetk\u00f6zi tan\u00e1ri tapasztalataimat, \u00e9s hozz\u00e1j\u00e1rulhatok az lSD k\u00f6z\u00f6ss\u00e9g \u00e9p\u00edt\u00e9s\u00e9hez.<\/p>\n<p>Nemzetk\u00f6zi oktat\u00e1si tapasztalatom hamarabb kezd\u0151d\u00f6tt, mint a szakmai, mivel az IBDP hallgat\u00f3ja voltam. Ezek csod\u00e1latos, de szigor\u00fa \u00e9vek voltak, melynek tapasztalatai fiatalon p\u00e9ld\u00e1tlan m\u00f3don nyitott\u00e1k meg el\u0151ttem a vil\u00e1got. Ez a tapasztalat az\u00f3ta is elk\u00eds\u00e9r \u00e9s azt mutatja az\u00f3ta is, hogy az IB oktat\u00e1s minden fiatal sz\u00e1m\u00e1ra kiv\u00e1lts\u00e1gos. Ahogy \u00e9n magam is tapasztaltam, val\u00f3ban ezek az utak az \u00e9lethosszig tart\u00f3 tanul\u00e1si folyamatok: a kult\u00far\u00e1k ir\u00e1nti nyitotts\u00e1ghoz, valamint egy\u00fctt\u00e9rz\u0151 \u00e9s gondolkod\u00f3 emberr\u00e9 v\u00e1l\u00e1shoz. A di\u00e1kokban tudatos\u00edtja, hogy a kult\u00far\u00e1k k\u00f6z\u00f6tti egyet\u00e9rt\u00e9s, tisztelet \u00e9s tolerancia r\u00e9v\u00e9n egy jobb \u00e9s b\u00e9k\u00e9sebb vil\u00e1got tudunk k\u00f6z\u00f6sen megteremteni.&#8221;][\/team_member][\/vc_column][vc_column column_padding=&#8221;no-extra-padding&#8221; column_padding_tablet=&#8221;inherit&#8221; column_padding_phone=&#8221;inherit&#8221; column_padding_position=&#8221;all&#8221; column_element_direction_desktop=&#8221;default&#8221; column_element_spacing=&#8221;default&#8221; centered_text=&#8221;true&#8221; desktop_text_alignment=&#8221;default&#8221; tablet_text_alignment=&#8221;default&#8221; phone_text_alignment=&#8221;default&#8221; background_color_opacity=&#8221;1&#8243; background_hover_color_opacity=&#8221;1&#8243; column_backdrop_filter=&#8221;none&#8221; column_shadow=&#8221;none&#8221; column_border_radius=&#8221;none&#8221; column_link_target=&#8221;_self&#8221; column_position=&#8221;default&#8221; gradient_direction=&#8221;left_to_right&#8221; overlay_strength=&#8221;0.3&#8243; width=&#8221;1\/2&#8243; tablet_width_inherit=&#8221;small_desktop&#8221; animation_type=&#8221;default&#8221; bg_image_animation=&#8221;none&#8221; border_type=&#8221;simple&#8221; column_border_width=&#8221;none&#8221; column_border_style=&#8221;solid&#8221; offset=&#8221;vc_col-lg-3&#8243;][team_member image_url=&#8221;10944&#8243; team_memeber_style=&#8221;bio_fullscreen_alt&#8221; image_loading=&#8221;default&#8221; team_member_bio_full_html=&#8221;simple&#8221; name=&#8221;Puentes Aura&#8221; job_position=&#8221;term\u00e9szettudom\u00e1nyok tan\u00e1r&#8221; team_member_bio=&#8221;Aura Cristina Puentes Pi\u00f1eros vagyok, szenved\u00e9lyes \u00e9s elk\u00f6telezett pedag\u00f3gus, aki nyolc \u00e9v tapasztalattal rendelkezik a nemzetk\u00f6zi tan\u00edt\u00e1s ter\u00e9n. Eredetileg a kolumbiai Bogot\u00e1 v\u00e1ros\u00e1b\u00f3l sz\u00e1rmazom, foly\u00e9konyan besz\u00e9lek angolul \u00e9s spanyolul, ami lehet\u0151v\u00e9 teszi sz\u00e1momra, hogy hat\u00e9konyan kommunik\u00e1ljak a k\u00fcl\u00f6nb\u00f6z\u0151 kultur\u00e1lis h\u00e1tt\u00e9rrel rendelkez\u0151 di\u00e1kokkal.<\/p>\n<p>Oktat\u00e1si tapasztalataimat k\u00f6z\u00e9p-, k\u00f6z\u00e9piskol\u00e1s \u00e9s \u00e1ltal\u00e1nos iskol\u00e1s di\u00e1kok tan\u00edt\u00e1sa gazdag\u00edtotta, \u00e1tfog\u00f3 \u00e9s mag\u00e1val ragad\u00f3 megk\u00f6zel\u00edt\u00e9st fejlesztve a k\u00e9mia, a fizika \u00e9s a biol\u00f3gia ter\u00fclet\u00e9n. A k\u00edv\u00e1ncsis\u00e1g \u00e9s a kritikus gondolkod\u00e1s \u00f6szt\u00f6nz\u00e9s\u00e9vel c\u00e9lom egy biztons\u00e1gos \u00e9s befogad\u00f3 oszt\u00e1lytermi k\u00f6rnyezet megteremt\u00e9se, ahol minden gyermek egyedis\u00e9g\u00e9t tiszteletben tartj\u00e1k \u00e9s \u00e9rt\u00e9kelik.<\/p>\n<p>Az International Baccalaureate megk\u00f6zel\u00edt\u00e9se nagyon tetszik nekem, mivel \u00f6sszhangban van azzal a hitemmel, hogy minden egyes di\u00e1kban rejl\u0151 potenci\u00e1lt ki kell akn\u00e1zni. C\u00e9lom, hogy a fiatal elm\u00e9ket a tudom\u00e1ny csod\u00e1latos vil\u00e1g\u00e1n kereszt\u00fcl arra \u00f6szt\u00f6n\u00f6zzem, hogy \u00e9rt\u00e9kes tagj\u00e1v\u00e1 v\u00e1ljanak t\u00e1rsadalmunknak.<\/p>\n<p>A tan\u00edt\u00e1son k\u00edv\u00fcl a tudom\u00e1nyok szerelmesek\u00e9nt szeretek a term\u00e9szetben lenni, akt\u00edvan mozogni, finom \u00e9s eg\u00e9szs\u00e9ges \u00e9teleket f\u0151zni, \u00e9s egy j\u00f3 k\u00f6nyvet olvasni egy cs\u00e9sze kolumbiai k\u00e1v\u00e9 mellett. Igyekszem a ment\u00e1lis j\u00f3l\u00e9temet a csal\u00e1dommal \u00e9s a bar\u00e1taimmal t\u00f6lt\u00f6tt min\u0151s\u00e9gi id\u0151 megbecs\u00fcl\u00e9s\u00e9vel el\u0151t\u00e9rbe helyezni.<\/p>\n<p>Alig v\u00e1rom, hogy szak\u00e9rtelmemet \u00e9s lelkesed\u00e9semet az ISD-ben kamatoztathassam, \u00e9s inspir\u00e1ljam a fiatal tanul\u00f3kat, hogy el\u00e9rj\u00e9k teljes potenci\u00e1ljukat.&#8221;][\/team_member][\/vc_column][vc_column column_padding=&#8221;no-extra-padding&#8221; column_padding_tablet=&#8221;inherit&#8221; column_padding_phone=&#8221;inherit&#8221; column_padding_position=&#8221;all&#8221; column_element_direction_desktop=&#8221;default&#8221; column_element_spacing=&#8221;default&#8221; centered_text=&#8221;true&#8221; desktop_text_alignment=&#8221;default&#8221; tablet_text_alignment=&#8221;default&#8221; phone_text_alignment=&#8221;default&#8221; background_color_opacity=&#8221;1&#8243; background_hover_color_opacity=&#8221;1&#8243; column_backdrop_filter=&#8221;none&#8221; column_shadow=&#8221;none&#8221; column_border_radius=&#8221;none&#8221; column_link_target=&#8221;_self&#8221; column_position=&#8221;default&#8221; gradient_direction=&#8221;left_to_right&#8221; overlay_strength=&#8221;0.3&#8243; width=&#8221;1\/2&#8243; tablet_width_inherit=&#8221;small_desktop&#8221; animation_type=&#8221;default&#8221; bg_image_animation=&#8221;none&#8221; border_type=&#8221;simple&#8221; column_border_width=&#8221;none&#8221; column_border_style=&#8221;solid&#8221; offset=&#8221;vc_col-lg-3&#8243;][team_member image_url=&#8221;10899&#8243; team_memeber_style=&#8221;bio_fullscreen_alt&#8221; image_loading=&#8221;default&#8221; team_member_bio_full_html=&#8221;html&#8221; job_position=&#8221;spanyoltan\u00e1r&#8221; name=&#8221;Andrea C\u00e1rdenas&#8221; team_member_mini_bio=&#8221;Nemzetis\u00e9g: kolumbiai&#8221;]\n<div class=\"profile-container\">\n<div class=\"profile-header\">\n<h2>Andrea C\u00e1rdenas<\/h2>\n<h5>Spanyoltan\u00e1r<\/h5>\n<\/div>\n<div class=\"profile-row\">\n<div class=\"profile-label\">V\u00e9gzetts\u00e9g<\/div>\n<div class=\"profile-data\">&#8211; TESOL mesterdiploma (MA), Greensboro College, USA<br \/>\n&#8211; Idegennyelv-oktat\u00e1s alapk\u00e9pz\u00e9s (BA), Universidad de Antioquia, Kolumbia<\/div>\n<\/div>\n<div class=\"profile-row\">\n<div class=\"profile-label\">Nemzetis\u00e9g<\/div>\n<div class=\"profile-data\">Kolumbiai<\/div>\n<\/div>\n<div class=\"profile-row\">\n<div class=\"profile-label\">Bemutatkoz\u00e1s<\/div>\n<div class=\"profile-data\">Andrea C\u00e1rdenas 2022 \u00f3ta az International School of Debrecen PYP, MYP \u00e9s DP programjainak spanyoltan\u00e1ra. T\u00f6bb mint 25 \u00e9ves nemzetk\u00f6zi tan\u00edt\u00e1si tapasztalattal rendelkezik, amelyet Kolumbi\u00e1ban, Mexik\u00f3ban, az Egyes\u00fclt \u00c1llamokban, K\u00edn\u00e1ban, jelenleg pedig Magyarorsz\u00e1gon szerzett. A spanyol nyelv tan\u00edt\u00e1sa mellett als\u00f3 tagozatos oszt\u00e1lytan\u00edt\u00f3k\u00e9nt, valamint angolt mint idegen nyelvet oktat\u00f3 tan\u00e1rk\u00e9nt is dolgozott k\u00fcl\u00f6nb\u00f6z\u0151 koroszt\u00e1lyokkal. Szenved\u00e9lyesen t\u00e1mogatja a nyelvtanul\u00e1st, \u00e9s olyan t\u00e1mogat\u00f3 tanul\u00e1si k\u00f6rnyezet kialak\u00edt\u00e1s\u00e1ra t\u00f6rekszik, amelyben a di\u00e1kok magabiztosabb\u00e1 v\u00e1lnak, mik\u00f6zben interkultur\u00e1lis ismereteik \u00e9s \u00e9rz\u00e9kenys\u00e9g\u00fck is fejl\u0151dik.<\/div>\n<\/div>\n<div class=\"profile-row\">\n<div class=\"profile-label\">Legeml\u00e9kezetesebb tan\u00e1ri pillanat<\/div>\n<div class=\"profile-data\"><em>Minden nap tartogat egy-egy k\u00fcl\u00f6nleges tan\u00e1ri pillanatot. L\u00e1tni, ahogy a di\u00e1kok egyre magabiztosabb\u00e1 v\u00e1lnak, \u00e9s spanyolul fejezik ki magukat, igaz\u00e1n \u00f6r\u00f6mteliv\u00e9 \u00e9s \u00e9rt\u00e9kess\u00e9 teszi sz\u00e1momra a munk\u00e1mat.<\/em><\/div>\n<\/div>\n<\/div>\n[\/team_member][\/vc_column][vc_column column_padding=&#8221;no-extra-padding&#8221; column_padding_tablet=&#8221;inherit&#8221; column_padding_phone=&#8221;inherit&#8221; column_padding_position=&#8221;all&#8221; column_element_direction_desktop=&#8221;default&#8221; column_element_spacing=&#8221;default&#8221; centered_text=&#8221;true&#8221; desktop_text_alignment=&#8221;default&#8221; tablet_text_alignment=&#8221;default&#8221; phone_text_alignment=&#8221;default&#8221; background_color_opacity=&#8221;1&#8243; background_hover_color_opacity=&#8221;1&#8243; column_backdrop_filter=&#8221;none&#8221; column_shadow=&#8221;none&#8221; column_border_radius=&#8221;none&#8221; column_link_target=&#8221;_self&#8221; column_position=&#8221;default&#8221; gradient_direction=&#8221;left_to_right&#8221; overlay_strength=&#8221;0.3&#8243; width=&#8221;1\/2&#8243; tablet_width_inherit=&#8221;small_desktop&#8221; animation_type=&#8221;default&#8221; bg_image_animation=&#8221;none&#8221; border_type=&#8221;simple&#8221; column_border_width=&#8221;none&#8221; column_border_style=&#8221;solid&#8221; offset=&#8221;vc_col-lg-3&#8243;][team_member image_url=&#8221;16351&#8243; team_memeber_style=&#8221;bio_fullscreen_alt&#8221; image_loading=&#8221;default&#8221; team_member_bio_full_html=&#8221;simple&#8221; name=&#8221;Sarty Robert&#8221; job_position=&#8221;t\u00e1rsadalomtudom\u00e1nyok, t\u00f6rtenelem tan\u00e1r&#8221; team_member_bio=&#8221;Hell\u00f3, Robert Sarty vagyok, egy elk\u00f6telezett pedag\u00f3gus a kanadai Ottaw\u00e1b\u00f3l. Az elm\u00falt k\u00e9t \u00e9vben az a megtiszteltet\u00e9s \u00e9rt, hogy a MYP T\u00e1rsadalomismeret tant\u00e1rgyat tan\u00edthattam La Guajir\u00e1ban, Kolumbia \u00e9l\u00e9nk \u00e9szaki r\u00e9gi\u00f3j\u00e1ban. A k\u00fcl\u00f6nb\u00f6z\u0151 kult\u00far\u00e1k felfedez\u00e9se ir\u00e1nti szenved\u00e9lyem abb\u00f3l ered, hogy harmadik kult\u00far\u00e1j\u00fa gyerekk\u00e9nt sok id\u0151t t\u00f6lt\u00f6ttem az oroszorsz\u00e1gi Moszkv\u00e1ban \u00e9s a k\u00ednai Pekingben.<\/p>\n<p>\u00d6r\u00f6m\u00f6met lelem az utaz\u00e1sban \u00e9s a nyelvtanul\u00e1sban. Jelenleg a magyar nyelv leny\u0171g\u00f6z\u0151 vil\u00e1g\u00e1ba mer\u00fcl\u00f6k el. Az akad\u00e9miai tanulm\u00e1nyokon k\u00edv\u00fcl a fut\u00e1s, az olvas\u00e1s \u00e9s a f\u0151z\u00e9s is \u00e9rdekel.<\/p>\n<p>Az International Baccalaureate program v\u00e9gz\u0151sek\u00e9nt szil\u00e1rdan hiszek abban, hogy a program felbecs\u00fclhetetlen \u00e9rt\u00e9k\u0171 kutat\u00f3i k\u00e9szs\u00e9gekkel ruh\u00e1zza fel a di\u00e1kokat, amelyek el\u0151seg\u00edtik az alkalmazkod\u00f3k\u00e9pess\u00e9get a folyamatosan v\u00e1ltoz\u00f3 vil\u00e1gunkban. Pedag\u00f3gusk\u00e9nt teljes sz\u00edvemb\u0151l t\u00e1mogatom az IB megk\u00f6zel\u00edt\u00e9st, mivel k\u00e9pes a di\u00e1kok szem\u00e9lyes \u00e9s tanulm\u00e1nyi fejl\u0151d\u00e9s\u00e9t el\u0151seg\u00edteni. A program arra \u00f6szt\u00f6nzi a di\u00e1kokat, hogy felfedezz\u00e9k \u00e9s kutass\u00e1k a vil\u00e1got, mik\u00f6zben felel\u0151ss\u00e9get v\u00e1llalnak saj\u00e1t tanul\u00e1si \u00fatjuk\u00e9rt, amit a tan\u00e1rok \u00e9s a t\u00e1rsaik t\u00e1mogatnak.<br \/>\nTan\u00edt\u00e1si st\u00edlusomban a di\u00e1kjaim szem\u00e9lyis\u00e9g\u00e9nek meg\u00e9rt\u00e9s\u00e9t helyezem el\u0151t\u00e9rbe, hogy k\u00e9nyelmes \u00e9s \u00f6szt\u00f6nz\u0151 tanul\u00e1si k\u00f6rnyezetet tudjak teremteni. A di\u00e1kjaimmal k\u00f6z\u00f6s \u00e9rdekl\u0151d\u00e9si k\u00f6r\u00f6k azonos\u00edt\u00e1s\u00e1val olyan vonz\u00f3 \u00e9s relev\u00e1ns \u00f3r\u00e1kat tervezek, amelyek megfelelnek az egy\u00e9ni ig\u00e9nyeknek. Hatalmas lelkesed\u00e9ssel t\u00f6lt el, hogy az ISD csapat\u00e1nak tagja lehetek, \u00e9s alig v\u00e1rom, hogy hozz\u00e1j\u00e1ruljak az int\u00e9zm\u00e9ny fejl\u0151d\u00e9s\u00e9hez.&#8221;][\/team_member][\/vc_column][vc_column column_padding=&#8221;no-extra-padding&#8221; column_padding_tablet=&#8221;inherit&#8221; column_padding_phone=&#8221;inherit&#8221; column_padding_position=&#8221;all&#8221; column_element_direction_desktop=&#8221;default&#8221; column_element_spacing=&#8221;default&#8221; centered_text=&#8221;true&#8221; desktop_text_alignment=&#8221;default&#8221; tablet_text_alignment=&#8221;default&#8221; phone_text_alignment=&#8221;default&#8221; background_color_opacity=&#8221;1&#8243; background_hover_color_opacity=&#8221;1&#8243; column_backdrop_filter=&#8221;none&#8221; column_shadow=&#8221;none&#8221; column_border_radius=&#8221;none&#8221; column_link_target=&#8221;_self&#8221; column_position=&#8221;default&#8221; gradient_direction=&#8221;left_to_right&#8221; overlay_strength=&#8221;0.3&#8243; width=&#8221;1\/2&#8243; tablet_width_inherit=&#8221;small_desktop&#8221; animation_type=&#8221;default&#8221; bg_image_animation=&#8221;none&#8221; border_type=&#8221;simple&#8221; column_border_width=&#8221;none&#8221; column_border_style=&#8221;solid&#8221; offset=&#8221;vc_col-lg-3&#8243;][team_member image_url=&#8221;18678&#8243; team_memeber_style=&#8221;bio_fullscreen_alt&#8221; image_loading=&#8221;default&#8221; team_member_bio_full_html=&#8221;html&#8221; job_position=&#8221;spanyoltan\u00e1r&#8221; name=&#8221;Emili Mendoza&#8221; team_member_mini_bio=&#8221;Nemzetis\u00e9g: venezuelai&#8221;][\/team_member][\/vc_column][vc_column column_padding=&#8221;no-extra-padding&#8221; column_padding_tablet=&#8221;inherit&#8221; column_padding_phone=&#8221;inherit&#8221; column_padding_position=&#8221;all&#8221; bottom_margin=&#8221;-30px&#8221; column_element_direction_desktop=&#8221;default&#8221; column_element_spacing=&#8221;default&#8221; centered_text=&#8221;true&#8221; desktop_text_alignment=&#8221;default&#8221; tablet_text_alignment=&#8221;default&#8221; phone_text_alignment=&#8221;default&#8221; background_color_opacity=&#8221;1&#8243; background_hover_color_opacity=&#8221;1&#8243; column_backdrop_filter=&#8221;none&#8221; column_shadow=&#8221;none&#8221; column_border_radius=&#8221;none&#8221; column_link_target=&#8221;_self&#8221; column_position=&#8221;default&#8221; gradient_direction=&#8221;left_to_right&#8221; overlay_strength=&#8221;0.3&#8243; width=&#8221;1\/2&#8243; tablet_width_inherit=&#8221;small_desktop&#8221; animation_type=&#8221;default&#8221; bg_image_animation=&#8221;none&#8221; border_type=&#8221;simple&#8221; column_border_width=&#8221;none&#8221; column_border_style=&#8221;solid&#8221; offset=&#8221;vc_col-lg-3&#8243;][team_member image_url=&#8221;16353&#8243; team_memeber_style=&#8221;bio_fullscreen_alt&#8221; image_loading=&#8221;default&#8221; team_member_bio_full_html=&#8221;html&#8221; name=&#8221;Szegedi Szilvia&#8221; job_position=&#8221;N\u00e9met nyelv tan\u00e1r&#8221; team_member_mini_bio=&#8221;Nemzetis\u00e9g: magyar&#8221;]\n<div class=\"profile-container\">\n<div class=\"profile-header\">\n<h2>Szegedi Szilvia<\/h2>\n<h5>N\u00e9met nyelv tan\u00e1r<\/h5>\n<\/div>\n<div class=\"profile-row\">\n<div class=\"profile-label\">V\u00e9gzetts\u00e9g<\/div>\n<div class=\"profile-data\">N\u00e9met, magyar \u00e9s finn nyelvtan\u00e1ri mesterdiploma \u2013 Debreceni Egyetem<br \/>\nMagyar mint idegen nyelv mesterdiploma \u2013 K\u00e1roli G\u00e1sp\u00e1r Reform\u00e1tus Egyetem, Budapest<\/div>\n<\/div>\n<div class=\"profile-row\">\n<div class=\"profile-label\">Nemzetis\u00e9g<\/div>\n<div class=\"profile-data\">magyar<\/div>\n<\/div>\n<div class=\"profile-row\">\n<div class=\"profile-label\">\u00c9letrajz<\/div>\n<div class=\"profile-data\">Szegedi Szilvia az ISD-ben n\u00e9metet \u00e9s vil\u00e1girodalmat kezdett tan\u00edtani azzal a sz\u00e1nd\u00e9kkal, hogy azt ne csup\u00e1n tant\u00e1rgyk\u00e9nt, hanem \u00e9l\u0151 \u00e9lm\u00e9nyk\u00e9nt adja \u00e1t 6\u201312. \u00e9vfolyamos di\u00e1kjainak. Hiszi, hogy az irodalom seg\u00edt meg\u00e9rteni \u00f6nmagunkat, egym\u00e1st \u00e9s a vil\u00e1got. Emp\u00e1ti\u00e1val fordul a di\u00e1kjaihoz, \u00e9s b\u00edzik abban, hogy nyitott sz\u00edvvel k\u00f6zel\u00edtenek a sz\u00f6vegekhez, mert \u00edgy juthatnak el a val\u00f3di meg\u00e9rt\u00e9shez. Tan\u00edt\u00e1sa \u00f6tv\u00f6zi az innov\u00e1ci\u00f3t \u00e9s a hagyom\u00e1nyt. Olyan modern m\u00f3dszereket keres, amelyek szem\u00e9lyes kapcsolatot teremtenek a m\u0171vekkel, \u00e9s teret adnak a di\u00e1kok saj\u00e1t k\u00e9rd\u00e9seinek. Az IB szeml\u00e9let meger\u0151s\u00edtette abban a meggy\u0151z\u0151d\u00e9s\u00e9ben, hogy a tan\u00edt\u00e1s nemcsak a tud\u00e1s \u00e1tad\u00e1s\u00e1r\u00f3l sz\u00f3l, hanem arr\u00f3l is, hogy a di\u00e1kokat gondolkod\u00e1sra, felel\u0151ss\u00e9gv\u00e1llal\u00e1sra \u00e9s nyitotts\u00e1gra nevelje. C\u00e9lja, hogy di\u00e1kjaib\u00f3l reflekt\u00edv olvas\u00f3k v\u00e1ljanak, akik k\u00e9pesek \u00e9rvelni, k\u00fcl\u00f6nb\u00f6z\u0151 n\u00e9z\u0151pontokat \u00f6sszevetni \u00e9s felismerni az emberi dilemm\u00e1kat. Hiszi, hogy a hagyom\u00e1ny \u00e9s az innov\u00e1ci\u00f3 er\u0151s\u00edti egym\u00e1st az \u00e9rt\u00e9kalap\u00fa, nemzetk\u00f6zi szeml\u00e9let\u0171 pedag\u00f3giai munk\u00e1ban.<\/div>\n<\/div>\n<div class=\"profile-row\">\n<div class=\"profile-label\">Legszebb tan\u00e1ri pillanat<\/div>\n<div class=\"profile-data\"><em>Tan\u00e1ri p\u00e1lyafut\u00e1s\u00e1nak egyik legmeghat\u00e1roz\u00f3bb pillanata az volt, amikor az egyik di\u00e1kja nagy magabiztoss\u00e1ggal megmutatott neki valamit, amit \u00edrt, \u00e9s amit kor\u00e1bban szinte senki sem olvasott. Egy vers volt, amelyet addig csak a sz\u00fclei vagy az \u00edr\u00f3asztala fi\u00f3kj\u00e1nak csendje l\u00e1tott. Az, hogy a di\u00e1k kik\u00e9rte a v\u00e9lem\u00e9ny\u00e9t, nemcsak szakmai, hanem m\u00e9lyen emberi pillanat is volt sz\u00e1m\u00e1ra: annak jele, hogy siker\u00fclt olyan l\u00e9gk\u00f6rt teremtenie az oszt\u00e1lyban, amelyben a di\u00e1kok mernek megosztani szem\u00e9lyes gondolatokat \u00e9s alkot\u00e1sokat.<\/em><\/div>\n<\/div>\n<\/div>\n[\/team_member][\/vc_column][vc_column column_padding=&#8221;no-extra-padding&#8221; column_padding_tablet=&#8221;inherit&#8221; column_padding_phone=&#8221;inherit&#8221; column_padding_position=&#8221;all&#8221; column_element_direction_desktop=&#8221;default&#8221; column_element_spacing=&#8221;default&#8221; centered_text=&#8221;true&#8221; desktop_text_alignment=&#8221;default&#8221; tablet_text_alignment=&#8221;default&#8221; phone_text_alignment=&#8221;default&#8221; background_color_opacity=&#8221;1&#8243; background_hover_color_opacity=&#8221;1&#8243; column_backdrop_filter=&#8221;none&#8221; column_shadow=&#8221;none&#8221; column_border_radius=&#8221;none&#8221; column_link_target=&#8221;_self&#8221; column_position=&#8221;default&#8221; gradient_direction=&#8221;left_to_right&#8221; overlay_strength=&#8221;0.3&#8243; width=&#8221;1\/2&#8243; tablet_width_inherit=&#8221;small_desktop&#8221; animation_type=&#8221;default&#8221; bg_image_animation=&#8221;none&#8221; border_type=&#8221;simple&#8221; column_border_width=&#8221;none&#8221; column_border_style=&#8221;solid&#8221; offset=&#8221;vc_col-lg-3&#8243;][team_member image_url=&#8221;10965&#8243; team_memeber_style=&#8221;bio_fullscreen_alt&#8221; image_loading=&#8221;default&#8221; team_member_bio_full_html=&#8221;simple&#8221; name=&#8221;Zajta Lor\u00e1nd&#8221; job_position=&#8221;MYP koordin\u00e1tor; t\u00e1rsadalomtudom\u00e1ny tan\u00e1r&#8221; team_member_bio=&#8221;A nevem Zajta Lor\u00e1nd. Egy nemzetk\u00f6zi gondolkod\u00e1sm\u00f3ddal rendelkez\u0151 IB oktat\u00f3 vagyok, Budapesten sz\u00fclettem \u00e9s n\u0151ttem fel; h\u00e1rom k\u00fcl\u00f6nb\u00f6z\u0151 f\u00f6ldr\u00e9szen \u00e9ltem, tanultam \u00e9s dolgoztam. Alapk\u00e9pz\u00e9sen T\u00f6rt\u00e9nelem \u00e9s Hebraisztika szakon szereztem diplom\u00e1t az E\u00f6tv\u00f6s Lor\u00e1nd Tudom\u00e1nyegyetemen, mesterk\u00e9pz\u00e9semet pedig Pedag\u00f3gia szakon v\u00e9geztem az ecuadori P\u00e1pai Katolikus Egyetemen. A nemzetk\u00f6zi oktat\u00e1ssal kapcsolatos posztgradu\u00e1lis k\u00e9pes\u00edt\u00e9semet a Nottinghami Egyetemen szereztem. Az ISD-hez Quit\u00f3b\u00f3l, Ecuadorb\u00f3l csatlakozom, ahol egy IB World School-ban dolgoztam majdnem egy \u00e9vtizeden \u00e1t, k\u00fcl\u00f6nb\u00f6z\u0151 munkak\u00f6r\u00f6kben, mint p\u00e9ld\u00e1ul MYP T\u00e1rsadalomtudom\u00e1ny tan\u00e1r, DP T\u00f6rt\u00e9nelem tan\u00e1r, MYP koordin\u00e1tor \u00e9s ENSZ szakk\u00f6rvezet\u0151. Tov\u00e1bb\u00e1 hivatalos IB MYP Egy\u00e9ni Projekt vizsg\u00e1ztat\u00f3 \u00e9s MYP T\u00e1rsadalomtudom\u00e1ny \u00b4Building Quality Curriculum\u00b4 b\u00edr\u00e1l\u00f3 vagyok. Tapasztalataim szerint a jelent\u0151s\u00e9gteljes tanul\u00e1si folyamatok azok, melyek seg\u00edtik a di\u00e1kjaimat abban, hogy felfedezz\u00e9k az \u00e9let\u00fatjukat, \u00e9s megtal\u00e1lj\u00e1k szerep\u00fcket egy rendk\u00edv\u00fcl \u00f6sszetett \u00e9s folyamatosan v\u00e1ltoz\u00f3 vil\u00e1gban. Az igaz\u00e1n c\u00e9ltudatos tanul\u00e1si folyamatok messzehat\u00f3ak, amelyek v\u00e9g\u00fcl \u00e1talak\u00edt\u00f3 tapasztalatokhoz vezethetnek. Nagyra \u00e9rt\u00e9kelem azokat a fogalomalap\u00fa oktat\u00e1si programokat, mint p\u00e9ld\u00e1ul az IB Continuum, amelyek a j\u00e1t\u00e9kalap\u00fa tanul\u00e1st\u00f3l a projektalap\u00fa tanul\u00e1son \u00e1t a kutat\u00e1salap\u00fa tanul\u00e1sig fejl\u0151dnek, \u00e9s amelyek magas elv\u00e1r\u00e1sokkal j\u00e1r\u00f3 kult\u00far\u00e1t teremtenek, amely k\u00e9pes minden egyes di\u00e1k ig\u00e9nyeinek kiel\u00e9g\u00edt\u00e9s\u00e9re annak \u00e9rdek\u00e9ben, hogy el tudj\u00e1k \u00e9rni szem\u00e9lyes \u00e9s tanulm\u00e1nyi c\u00e9ljaikat, k\u00fcl\u00f6nb\u00f6z\u0151 k\u00f6rnyezetekben. Elk\u00f6telezett IB oktat\u00f3 vagyok, mivel programjai olyan m\u00f3dszerekre \u00e9s strat\u00e9gi\u00e1kra \u00e9p\u00fclnek, amelyek egyr\u00e9szr\u0151l el\u0151seg\u00edtik a di\u00e1kok \u00f6n\u00e1ll\u00f3s\u00e1g\u00e1nak kifejl\u0151d\u00e9s\u00e9t, m\u00e1sr\u00e9szr\u0151l pedig seg\u00edtenek nekik megtal\u00e1lni \u00e9s meg\u00e9rteni tanulm\u00e1nyaik jelent\u0151s\u00e9g\u00e9t.&#8221;][\/team_member][\/vc_column][vc_column column_padding=&#8221;no-extra-padding&#8221; column_padding_tablet=&#8221;inherit&#8221; column_padding_phone=&#8221;inherit&#8221; column_padding_position=&#8221;all&#8221; column_element_direction_desktop=&#8221;default&#8221; column_element_spacing=&#8221;default&#8221; centered_text=&#8221;true&#8221; desktop_text_alignment=&#8221;default&#8221; tablet_text_alignment=&#8221;default&#8221; phone_text_alignment=&#8221;default&#8221; background_color_opacity=&#8221;1&#8243; background_hover_color_opacity=&#8221;1&#8243; column_backdrop_filter=&#8221;none&#8221; column_shadow=&#8221;none&#8221; column_border_radius=&#8221;none&#8221; column_link_target=&#8221;_self&#8221; column_position=&#8221;default&#8221; gradient_direction=&#8221;left_to_right&#8221; overlay_strength=&#8221;0.3&#8243; width=&#8221;1\/2&#8243; tablet_width_inherit=&#8221;small_desktop&#8221; animation_type=&#8221;default&#8221; bg_image_animation=&#8221;none&#8221; border_type=&#8221;simple&#8221; column_border_width=&#8221;none&#8221; column_border_style=&#8221;solid&#8221; offset=&#8221;vc_col-lg-3&#8243;][team_member image_url=&#8221;14656&#8243; team_memeber_style=&#8221;bio_fullscreen_alt&#8221; image_loading=&#8221;default&#8221; team_member_bio_full_html=&#8221;html&#8221; name=&#8221;Selman Atalay&#8221; job_position=&#8221;Fizika \u00e9s matematika tan\u00e1r&#8221; team_member_mini_bio=&#8221;Nemzetis\u00e9g: t\u00f6r\u00f6k&#8221;]\n<div class=\"profile-container\">\n<div class=\"profile-header\">\n<h2>Selman Atalay<\/h2>\n<h5>Fizika \u00e9s matematika tan\u00e1r<\/h5>\n<\/div>\n<div class=\"profile-row\">\n<div class=\"profile-label\">V\u00e9gzetts\u00e9g<\/div>\n<div class=\"profile-data\">Fizikatan\u00e1ri alapszak (BSc), Bo\u011fazi\u00e7i Egyetem, Isztambul<\/div>\n<\/div>\n<div class=\"profile-row\">\n<div class=\"profile-label\">Nemzetis\u00e9g<\/div>\n<div class=\"profile-data\">t\u00f6r\u00f6k<\/div>\n<\/div>\n<div class=\"profile-row\">\n<div class=\"profile-label\">\u00c9letrajz<\/div>\n<div class=\"profile-data\">Selman Atalay elhivatott pedag\u00f3gus, t\u00f6bb mint 30 \u00e9v tapasztalattal a fizika \u00e9s a matematika oktat\u00e1s\u00e1ban, k\u00fcl\u00f6nb\u00f6z\u0151 nemzetk\u00f6zi tantervek szerint. Jelenleg DP \u00e9s MYP fizik\u00e1t, valamint MYP matematik\u00e1t tan\u00edt az ISD-ben, \u00e9s kutat\u00e1salap\u00fa, di\u00e1kk\u00f6zpont\u00fa megk\u00f6zel\u00edt\u00e9st hoz, amely az IB szeml\u00e9let\u00e9ben gy\u00f6kerezik. P\u00e1lyafut\u00e1sa sor\u00e1n 16 \u00e9vig vezette egy rangos, francia \u00e9retts\u00e9git (Baccalaur\u00e9at) ad\u00f3 k\u00f6z\u00e9piskola fizika tansz\u00e9k\u00e9t T\u00f6r\u00f6korsz\u00e1gban, valamint a k\u00f6zelm\u00faltban Om\u00e1nban is tan\u00edtott, ahol IGCSE fizik\u00e1t, franci\u00e1t \u00e9s als\u00f3bb k\u00f6z\u00e9piskolai term\u00e9szettudom\u00e1nyt oktatott. Az analitikus gondolkod\u00e1s, a befogad\u00e1s \u00e9s a felfedez\u00e9s ir\u00e1nti szenved\u00e9lye el\u0151seg\u00edt\u00e9s\u00e9r\u0151l ismert; olyan, a sztenderdekhez igazod\u00f3 \u00f3r\u00e1kat tervez, amelyek k\u00e9pess\u00e9 teszik a di\u00e1kokat arra, hogy magabiztosan fedezz\u00e9k fel az \u00f6sszetett fogalmakat. Nemzetk\u00f6zi szeml\u00e9let\u00e9t folyamatos szakmai tanul\u00e1s gazdag\u00edtja, bele\u00e9rtve a Franciaorsz\u00e1gban \u00e9s Kanad\u00e1ban szerzett halad\u00f3 k\u00e9pes\u00edt\u00e9seket is. Az oszt\u00e1lytermen k\u00edv\u00fcl Selman szeret t\u00far\u00e1zni, utazni, science fictiont olvasni \u00e9s sokf\u00e9le kult\u00far\u00e1t felfedezni \u2013 olyan \u00e9rt\u00e9keket, amelyeket megoszt a di\u00e1kjaival, hogy a glob\u00e1lis szeml\u00e9letre \u00f6szt\u00f6n\u00f6zze \u0151ket.<\/div>\n<\/div>\n<div class=\"profile-row\">\n<div class=\"profile-label\">Legszebb tan\u00e1ri pillanat<\/div>\n<div class=\"profile-data\"><em>\u201eEgyik legmeg\u00e9rint\u0151bb pillanata volt, amikor egy di\u00e1k, aki kezdetben k\u00fczd\u00f6tt a fizik\u00e1val, azt mondta neki: \u00bbR\u00e9gen azt hittem, a fizika lehetetlen, de most m\u00e1r mindenhol l\u00e1tom \u2013 \u00e9s im\u00e1dom.\u00ab Ez a szeml\u00e9letv\u00e1lt\u00e1s eml\u00e9kezteti arra, mi\u00e9rt tan\u00edt.\u201d<\/em><\/div>\n<\/div>\n<\/div>\n[\/team_member][\/vc_column][vc_column column_padding=&#8221;no-extra-padding&#8221; column_padding_tablet=&#8221;inherit&#8221; column_padding_phone=&#8221;inherit&#8221; column_padding_position=&#8221;all&#8221; column_element_direction_desktop=&#8221;default&#8221; column_element_spacing=&#8221;default&#8221; centered_text=&#8221;true&#8221; desktop_text_alignment=&#8221;default&#8221; tablet_text_alignment=&#8221;default&#8221; phone_text_alignment=&#8221;default&#8221; background_color_opacity=&#8221;1&#8243; background_hover_color_opacity=&#8221;1&#8243; column_backdrop_filter=&#8221;none&#8221; column_shadow=&#8221;none&#8221; column_border_radius=&#8221;none&#8221; column_link_target=&#8221;_self&#8221; column_position=&#8221;default&#8221; gradient_direction=&#8221;left_to_right&#8221; overlay_strength=&#8221;0.3&#8243; width=&#8221;1\/2&#8243; tablet_width_inherit=&#8221;small_desktop&#8221; animation_type=&#8221;default&#8221; bg_image_animation=&#8221;none&#8221; border_type=&#8221;simple&#8221; column_border_width=&#8221;none&#8221; column_border_style=&#8221;solid&#8221; offset=&#8221;vc_col-lg-3&#8243;][team_member image_url=&#8221;14658&#8243; team_memeber_style=&#8221;bio_fullscreen_alt&#8221; image_loading=&#8221;default&#8221; team_member_bio_full_html=&#8221;simple&#8221; name=&#8221;Rajesh Choramble&#8221; job_position=&#8221;IB DP Business; TOK; t\u00e1rsadalomtudom\u00e1ny tan\u00e1r&#8221; team_member_bio=&#8221;Rajesh Choramble vagyok, nemzetk\u00f6zi \u00e9retts\u00e9gi (IB) oktat\u00f3, aki imm\u00e1r 15 \u00e9ve szenved\u00e9llyel tan\u00edt t\u00e1rsadalomismeretet, \u00fczleti menedzsmentet, k\u00f6zgazdas\u00e1gtant \u00e9s ismeretelm\u00e9letet (TOK) a MYP \u00e9s DP programok keret\u00e9ben. \u00dczleti menedzsmentb\u0151l szerzett mesterdiplom\u00e1m, valamint k\u00f6zgazdas\u00e1gtan \u00e9s angol szakos tan\u00e1ri v\u00e9gzetts\u00e9gem szil\u00e1rd alapot biztos\u00edt sz\u00e1momra mind a tant\u00e1rgyi tud\u00e1s, mind a hat\u00e9kony pedag\u00f3giai gyakorlat ter\u00e9n.<br \/>\nJelenleg IB-tan\u00e1rk\u00e9nt dolgozom, emellett az IBDP programban vizsg\u00e1ztat\u00f3k\u00e9nt is tev\u00e9kenykedem \u00fczleti menedzsment \u00e9s az egy\u00e9ni essz\u00e9 t\u00e1rgyakb\u00f3l. Ez a szerep lehet\u0151s\u00e9get ad arra, hogy folyamatosan naprak\u00e9sz maradjak a legfrissebb \u00e9rt\u00e9kel\u00e9si elv\u00e1r\u00e1sokkal \u00e9s m\u00f3dszerekkel kapcsolatban.<br \/>\nAmi igaz\u00e1n motiv\u00e1l, az olyan tanul\u00e1si k\u00f6rnyezet kialak\u00edt\u00e1sa, amely \u00f6szt\u00f6nzi a di\u00e1kokat arra, hogy kritikus gondolkod\u00e1ssal szeml\u00e9lj\u00e9k a vil\u00e1got, \u00e9s seg\u00edti \u0151ket abban, hogy magabiztos, tudatos glob\u00e1lis polg\u00e1rokk\u00e1 v\u00e1ljanak. M\u00e9lyen hiszek abban, hogy az oktat\u00e1s k\u00e9pes \u00e9leteket form\u00e1lni, \u00e9s elk\u00f6telezetten t\u00e1mogatom minden tanul\u00f3 fejl\u0151d\u00e9si \u00fatj\u00e1t. Arra t\u00f6rekszem, hogy innovat\u00edv, inspir\u00e1l\u00f3 megk\u00f6zel\u00edt\u00e9seket alkalmazzak az oszt\u00e1lyteremben, mik\u00f6zben \u0151szinte odafigyel\u00e9ssel seg\u00edtem a di\u00e1kokat nemcsak tanul\u00f3k\u00e9nt, hanem egy\u00e9nk\u00e9nt is kibontakozni.&#8221;][\/team_member][\/vc_column][vc_column column_padding=&#8221;no-extra-padding&#8221; column_padding_tablet=&#8221;inherit&#8221; column_padding_phone=&#8221;inherit&#8221; column_padding_position=&#8221;all&#8221; column_element_direction_desktop=&#8221;default&#8221; column_element_spacing=&#8221;default&#8221; centered_text=&#8221;true&#8221; desktop_text_alignment=&#8221;default&#8221; tablet_text_alignment=&#8221;default&#8221; phone_text_alignment=&#8221;default&#8221; background_color_opacity=&#8221;1&#8243; background_hover_color_opacity=&#8221;1&#8243; column_backdrop_filter=&#8221;none&#8221; column_shadow=&#8221;none&#8221; column_border_radius=&#8221;none&#8221; column_link_target=&#8221;_self&#8221; column_position=&#8221;default&#8221; el_class=&#8221;elrejt&#8221; gradient_direction=&#8221;left_to_right&#8221; overlay_strength=&#8221;0.3&#8243; width=&#8221;1\/2&#8243; tablet_width_inherit=&#8221;small_desktop&#8221; animation_type=&#8221;default&#8221; bg_image_animation=&#8221;none&#8221; border_type=&#8221;simple&#8221; column_border_width=&#8221;none&#8221; column_border_style=&#8221;solid&#8221; offset=&#8221;vc_col-lg-3&#8243;][team_member team_memeber_style=&#8221;bio_fullscreen_alt&#8221; image_loading=&#8221;default&#8221; team_member_bio_full_html=&#8221;simple&#8221; job_position=&#8221;Biol\u00f3gia \u00e9s term\u00e9szettudom\u00e1nyok tan\u00e1r&#8221; team_member_bio=&#8221;Dr. Selime \u00c7imen vagyok, T\u00f6r\u00f6korsz\u00e1gb\u00f3l sz\u00e1rmazom. Tapasztalt oktat\u00f3k\u00e9nt t\u00f6bb mint egy \u00e9vtizede tan\u00edtok IB DP biol\u00f3gi\u00e1t, IB DP k\u00f6rnyezettudom\u00e1nyt (ESS) \u00e9s MYP term\u00e9szettudom\u00e1nyt, emellett IB DP vizsg\u00e1ztat\u00f3k\u00e9nt is akt\u00edvan k\u00f6zrem\u0171k\u00f6d\u00f6m. P\u00e1lyafut\u00e1som sor\u00e1n olyan dinamikus nemzetk\u00f6zi k\u00f6z\u00f6ss\u00e9gekben dolgozhattam, mint Isztambul, Sanghaj, Amm\u00e1n \u00e9s Tbiliszi, amelyek mind gazdag\u00edtott\u00e1k pedag\u00f3giai szeml\u00e9letemet \u00e9s kultur\u00e1lis \u00e9rz\u00e9kenys\u00e9gemet.<br \/>\nHiszem, hogy minden di\u00e1kban ott rejlik a lehet\u0151s\u00e9g, hogy el\u00e9rje saj\u00e1t k\u00e9pess\u00e9geinek cs\u00facs\u00e1t. Oktat\u00f3k\u00e9nt nemcsak a tanulm\u00e1nyi kiv\u00e1l\u00f3s\u00e1gra t\u00f6rekszem, hanem arra is, hogy seg\u00edtsem tanul\u00f3imat gondolkod\u00e1si, kommunik\u00e1ci\u00f3s \u00e9s \u00f6nmenedzsment k\u00e9szs\u00e9geik fejleszt\u00e9s\u00e9ben \u2013 olyan kompetenci\u00e1kban, amelyek elengedhetetlenek a j\u00f6v\u0151 kih\u00edv\u00e1saihoz. Az IB szeml\u00e9lete kiv\u00e1l\u00f3 keretet biztos\u00edt sz\u00e1momra e c\u00e9lok megval\u00f3s\u00edt\u00e1s\u00e1hoz, hiszen holisztikus megk\u00f6zel\u00edt\u00e9st alkalmaz, \u00e9s t\u00e1mogatja a di\u00e1kok sokoldal\u00fa fejl\u0151d\u00e9s\u00e9t.<br \/>\nAz \u00f3r\u00e1kon t\u00fal sz\u00edvesen t\u00f6lt\u00f6m az id\u0151met n\u00e9pzen\u00e9vel, a term\u00e9szet felfedez\u00e9s\u00e9vel \u00e9s f\u0151z\u00e9ssel \u2013 ezek az elfoglalts\u00e1gok seg\u00edtenek felt\u00f6lt\u0151dni, \u00e9s \u00faj inspir\u00e1ci\u00f3t ny\u00fajtanak a tan\u00edt\u00e1sban is.&#8221;][\/team_member][\/vc_column][vc_column column_padding=&#8221;no-extra-padding&#8221; column_padding_tablet=&#8221;inherit&#8221; column_padding_phone=&#8221;inherit&#8221; column_padding_position=&#8221;all&#8221; column_element_direction_desktop=&#8221;default&#8221; column_element_spacing=&#8221;default&#8221; centered_text=&#8221;true&#8221; desktop_text_alignment=&#8221;default&#8221; tablet_text_alignment=&#8221;default&#8221; phone_text_alignment=&#8221;default&#8221; background_color_opacity=&#8221;1&#8243; background_hover_color_opacity=&#8221;1&#8243; column_backdrop_filter=&#8221;none&#8221; column_shadow=&#8221;none&#8221; column_border_radius=&#8221;none&#8221; column_link_target=&#8221;_self&#8221; column_position=&#8221;default&#8221; gradient_direction=&#8221;left_to_right&#8221; overlay_strength=&#8221;0.3&#8243; width=&#8221;1\/2&#8243; tablet_width_inherit=&#8221;small_desktop&#8221; animation_type=&#8221;default&#8221; bg_image_animation=&#8221;none&#8221; border_type=&#8221;simple&#8221; column_border_width=&#8221;none&#8221; column_border_style=&#8221;solid&#8221; offset=&#8221;vc_col-lg-3&#8243;][team_member image_url=&#8221;14457&#8243; team_memeber_style=&#8221;bio_fullscreen_alt&#8221; image_loading=&#8221;default&#8221; team_member_bio_full_html=&#8221;html&#8221; name=&#8221;Dr. Kov\u00e1csn\u00e9 Z\u00e1goni-Szab\u00f3 Csilla&#8221; job_position=&#8221;N\u00e9met nyelv tan\u00e1r&#8221; team_member_mini_bio=&#8221;Nemzetis\u00e9g: magyar&#8221;]\n<div class=\"profile-container\">\n<div class=\"profile-header\">\n<h2>Dr. Kov\u00e1csn\u00e9 Z\u00e1goni Szab\u00f3 Csilla<\/h2>\n<h5>N\u00e9met nyelv tan\u00e1r<\/h5>\n<\/div>\n<div class=\"profile-row\">\n<div class=\"profile-label\">V\u00e9gzetts\u00e9g<\/div>\n<div class=\"profile-data\">N\u00e9met nyelv \u00e9s irodalom szakos tan\u00e1r \u2013 Szegedi Tudom\u00e1nyegyetem (\u00f6t\u00e9ves osztatlan egyetemi k\u00e9pz\u00e9s)<br \/>\nIdegenforgalmi \u00e9s sz\u00e1llodai menedzsment v\u00e9gzetts\u00e9g<br \/>\nKultur\u00e1lis \u00e9s k\u00f6z\u00f6ss\u00e9gi menedzsment oklev\u00e9l<\/div>\n<\/div>\n<div class=\"profile-row\">\n<div class=\"profile-label\">Nemzetis\u00e9g<\/div>\n<div class=\"profile-data\">magyar<\/div>\n<\/div>\n<div class=\"profile-row\">\n<div class=\"profile-label\">\u00c9letrajz<\/div>\n<div class=\"profile-data\">Dr. Kov\u00e1csn\u00e9 Z\u00e1goni Szab\u00f3 Csilla n\u00e9met mint idegen nyelv tan\u00e1r, 25 \u00e9v szakmai tapasztalattal a nyelvoktat\u00e1sban. Elhivatott abban, hogy t\u00e1mogassa a di\u00e1kokat azon tud\u00e1s, k\u00e9szs\u00e9gek \u00e9s \u00f6nbizalom fejleszt\u00e9s\u00e9ben, amelyre sz\u00fcks\u00e9g\u00fck van a benn\u00fck rejl\u0151 lehet\u0151s\u00e9gek kibontakoztat\u00e1s\u00e1hoz. Tan\u00edt\u00e1si szeml\u00e9lete di\u00e1kk\u00f6zpont\u00fa: t\u00e1mogat\u00f3 \u00e9s \u00e9lm\u00e9nyszer\u0171 oszt\u00e1lytermi k\u00f6rnyezetet teremt, ahol a tanul\u00f3k b\u00e1tor\u00edt\u00e1st kapnak az akt\u00edv r\u00e9szv\u00e9telre \u00e9s arra, hogy felel\u0151ss\u00e9get v\u00e1llaljanak saj\u00e1t fejl\u0151d\u00e9s\u00fck\u00e9rt. Hiszi, hogy a tan\u00e1roknak kulcsszerep\u00fck van abban, hogy a di\u00e1kok j\u00f3l felk\u00e9sz\u00fclten \u00e9rj\u00e9k el a legjobb teljes\u00edtm\u00e9ny\u00fcket. Csilla nagy hangs\u00falyt fektet a kommunik\u00e1ci\u00f3s k\u00e9szs\u00e9gek fejleszt\u00e9s\u00e9re \u00e9s az idegen nyelvek \u0151szinte megbecs\u00fcl\u00e9s\u00e9nek kialak\u00edt\u00e1s\u00e1ra. C\u00e9lja nemcsak a nyelvi kompetencia fel\u00e9p\u00edt\u00e9se, hanem az is, hogy magabiztos, nyitott gondolkod\u00e1s\u00fa tanul\u00f3kat neveljen, akiket motiv\u00e1l m\u00e1s kult\u00far\u00e1k felfedez\u00e9se. Elk\u00f6telezett a folyamatos szakmai fejl\u0151d\u00e9s ir\u00e1nt, \u00e9s rendszeresen r\u00e9szt vesz tov\u00e1bbk\u00e9pz\u00e9seken \u2013 k\u00fcl\u00f6n\u00f6sen a Goethe-Institut \u00e1ltal k\u00edn\u00e1lt programokon \u2013, hogy tan\u00edt\u00e1si gyakorlata innovat\u00edv maradjon, \u00e9s igazodjon a nemzetk\u00f6zi oktat\u00e1si sztenderdekhez.<\/div>\n<\/div>\n<div class=\"profile-row\">\n<div class=\"profile-label\">Legszebb tan\u00e1ri pillanat<\/div>\n<div class=\"profile-data\"><em>\u201eN\u00e9zni, ahogy a di\u00e1kok a bizonytalans\u00e1gt\u00f3l eljutnak a magabiztos n\u00e9metnyelv\u0171 kommunik\u00e1ci\u00f3ig, \u00e9s l\u00e1tni a saj\u00e1t fejl\u0151d\u00e9s\u00fck feletti b\u00fcszkes\u00e9g\u00fcket \u2013 ez teszi sz\u00e1m\u00e1ra igaz\u00e1n \u00e9rt\u00e9kess\u00e9 a tan\u00edt\u00e1st.\u201d<\/em><\/div>\n<\/div>\n<\/div>\n[\/team_member][\/vc_column][vc_column column_padding=&#8221;no-extra-padding&#8221; column_padding_tablet=&#8221;inherit&#8221; column_padding_phone=&#8221;inherit&#8221; column_padding_position=&#8221;all&#8221; column_element_direction_desktop=&#8221;default&#8221; column_element_spacing=&#8221;default&#8221; centered_text=&#8221;true&#8221; desktop_text_alignment=&#8221;default&#8221; tablet_text_alignment=&#8221;default&#8221; phone_text_alignment=&#8221;default&#8221; background_color_opacity=&#8221;1&#8243; background_hover_color_opacity=&#8221;1&#8243; column_backdrop_filter=&#8221;none&#8221; column_shadow=&#8221;none&#8221; column_border_radius=&#8221;none&#8221; column_link_target=&#8221;_self&#8221; column_position=&#8221;default&#8221; gradient_direction=&#8221;left_to_right&#8221; overlay_strength=&#8221;0.3&#8243; width=&#8221;1\/2&#8243; tablet_width_inherit=&#8221;small_desktop&#8221; animation_type=&#8221;default&#8221; bg_image_animation=&#8221;none&#8221; border_type=&#8221;simple&#8221; column_border_width=&#8221;none&#8221; column_border_style=&#8221;solid&#8221; offset=&#8221;vc_col-lg-3&#8243;][team_member image_url=&#8221;14459&#8243; team_memeber_style=&#8221;bio_fullscreen_alt&#8221; image_loading=&#8221;default&#8221; team_member_bio_full_html=&#8221;html&#8221; name=&#8221;Fernando Feal&#8221; job_position=&#8221;Diz\u00e1jn tan\u00e1r, tant\u00e1rgycsoport koordin\u00e1tor&#8221; team_member_mini_bio=&#8221;Nemzetis\u00e9g: spanyol&#8221;]\n<div class=\"profile-container\">\n<div class=\"profile-header\">\n<h2>Fernando Feal Ardao<\/h2>\n<h5>Diz\u00e1jn tan\u00e1r, tant\u00e1rgycsoport koordin\u00e1tor<\/h5>\n<\/div>\n<div class=\"profile-row\">\n<div class=\"profile-label\">V\u00e9gzetts\u00e9g<\/div>\n<div class=\"profile-data\">K\u00f6nyvt\u00e1r- \u00e9s inform\u00e1ci\u00f3tudom\u00e1nyi alapszak \u2013 A Coru\u00f1a-i Egyetem, Spanyolorsz\u00e1g<br \/>\nSz\u00e1m\u00edt\u00f3g\u00e9pes h\u00e1l\u00f3zati rendszerek \u00fczemeltet\u00e9se (fels\u0151fok\u00fa technikus) \u2013 IES San Clemente, Spanyolorsz\u00e1g<br \/>\nNemzetk\u00f6zi tan\u00e1ri posztgradu\u00e1lis k\u00e9pes\u00edt\u00e9s (PGCE) \u2013 Nottinghami Egyetem, Egyes\u00fclt Kir\u00e1lys\u00e1g<\/div>\n<\/div>\n<div class=\"profile-row\">\n<div class=\"profile-label\">Nemzetis\u00e9g<\/div>\n<div class=\"profile-data\">spanyol<\/div>\n<\/div>\n<div class=\"profile-row\">\n<div class=\"profile-label\">\u00c9letrajz<\/div>\n<div class=\"profile-data\">Fernando \u201eCliff\u201d Feal az ISD Design Technology (tervez\u00e9s \u00e9s technol\u00f3gia) tan\u00e1ra, aki a DP \u00e9s az MYP programokra egyar\u00e1nt szakosodott. Nemzetk\u00f6zi tan\u00e1ri p\u00e1lyafut\u00e1sa a F\u00fcl\u00f6p-szigetekre, Rom\u00e1ni\u00e1ra \u00e9s Katarra is kiterjed, \u00edgy glob\u00e1lis szeml\u00e9letet \u00e9s gazdag multikultur\u00e1lis tapasztalatot hoz az oszt\u00e1lyterembe. Fernando szenved\u00e9lyesen \u00e9rdekl\u0151dik a kreativit\u00e1s \u00e9s a technol\u00f3gia ir\u00e1nt, c\u00e9lja, hogy a tanul\u00e1st \u00e9lm\u00e9nyszer\u0171v\u00e9 \u00e9s \u00e9lvezetess\u00e9 tegye. Szil\u00e1rdan hiszi, hogy mindannyian eg\u00e9sz \u00e9leten \u00e1t tanulunk, \u00e9s arra t\u00f6rekszik, hogy seg\u00edtse a di\u00e1kjait e szeml\u00e9let elsaj\u00e1t\u00edt\u00e1s\u00e1ban a saj\u00e1t tanulm\u00e1nyi \u00fatjukon. Gazdag, rugalmas megk\u00f6zel\u00edt\u00e9st visz a tan\u00edt\u00e1sba, olyan k\u00f6rnyezetet teremtve, ahol a di\u00e1kok b\u00e1tran fedeznek fel \u00e9s \u00faj\u00edtanak.<\/div>\n<\/div>\n<div class=\"profile-row\">\n<div class=\"profile-label\">Legszebb tan\u00e1ri pillanat<\/div>\n<div class=\"profile-data\"><em>L\u00e1tni egy di\u00e1kot, aki nehezen fejezett be egy \u00f6sszetett MYP Design projektet, m\u00e9gsem adta fel, a DP Design Technology t\u00e1rgyat v\u00e1lasztotta, \u00e9s v\u00e9g\u00fcl \u00e9vfolyama legjobb eredm\u00e9ny\u00e9vel diplom\u00e1zott.<\/em><\/div>\n<\/div>\n<\/div>\n[\/team_member][\/vc_column][vc_column column_padding=&#8221;no-extra-padding&#8221; column_padding_tablet=&#8221;inherit&#8221; column_padding_phone=&#8221;inherit&#8221; column_padding_position=&#8221;all&#8221; column_element_direction_desktop=&#8221;default&#8221; column_element_spacing=&#8221;default&#8221; centered_text=&#8221;true&#8221; desktop_text_alignment=&#8221;default&#8221; tablet_text_alignment=&#8221;default&#8221; phone_text_alignment=&#8221;default&#8221; background_color_opacity=&#8221;1&#8243; background_hover_color_opacity=&#8221;1&#8243; column_backdrop_filter=&#8221;none&#8221; column_shadow=&#8221;none&#8221; column_border_radius=&#8221;none&#8221; column_link_target=&#8221;_self&#8221; column_position=&#8221;default&#8221; gradient_direction=&#8221;left_to_right&#8221; overlay_strength=&#8221;0.3&#8243; width=&#8221;1\/2&#8243; tablet_width_inherit=&#8221;small_desktop&#8221; animation_type=&#8221;default&#8221; bg_image_animation=&#8221;none&#8221; border_type=&#8221;simple&#8221; column_border_width=&#8221;none&#8221; column_border_style=&#8221;solid&#8221; offset=&#8221;vc_col-lg-3&#8243;][team_member image_url=&#8221;18682&#8243; team_memeber_style=&#8221;bio_fullscreen_alt&#8221; image_loading=&#8221;default&#8221; team_member_bio_full_html=&#8221;html&#8221; job_position=&#8221;angol nyelvtan\u00e1r&#8221; name=&#8221;Masih Shashank&#8221; team_member_mini_bio=&#8221;Nemzetis\u00e9g: indiai&#8221;]&lt;div class=&#8221;profile-container&#8221;&gt;<br \/>\n&lt;div class=&#8221;profile-header&#8221;&gt;<br \/>\n&lt;h2&gt;Shashank Masih&lt;\/h2&gt;<br \/>\n&lt;h5&gt;Spanyol nyelvtan\u00e1r&lt;\/h5&gt;<br \/>\n&lt;\/div&gt;<br \/>\n&lt;div class=&#8221;profile-row&#8221;&gt;<br \/>\n&lt;div class=&#8221;profile-label&#8221;&gt;V\u00e9gzetts\u00e9g&lt;\/div&gt;<br \/>\n&lt;div class=&#8221;profile-data&#8221;&gt;- Angol mesterdiploma, Lovely Professional University, India.<br \/>\n&#8211; Cambridge CELTA&lt;\/div&gt;<br \/>\n&lt;\/div&gt;<br \/>\n&lt;div class=&#8221;profile-row&#8221;&gt;<br \/>\n&lt;div class=&#8221;profile-label&#8221;&gt;Nemzetis\u00e9g&lt;\/div&gt;<br \/>\n&lt;div class=&#8221;profile-data&#8221;&gt;Indiai&lt;\/div&gt;<br \/>\n&lt;\/div&gt;<br \/>\n&lt;div class=&#8221;profile-row&#8221;&gt;<br \/>\n&lt;div class=&#8221;profile-label&#8221;&gt;Bemutatkoz\u00e1s&lt;\/div&gt;<br \/>\n&lt;div class=&#8221;profile-data&#8221;&gt;Shashank Masih az International School of Debrecen (ISD) k\u00f6z\u00e9piskolai angol nyelvi t\u00e1mogat\u00f3 tan\u00e1ra, aki t\u00f6bb mint 11 \u00e9ves tan\u00edt\u00e1si tapasztalattal rendelkezik Indi\u00e1ban, Braz\u00edli\u00e1ban, Indon\u00e9zi\u00e1ban \u00e9s D\u00e9l-Afrik\u00e1ban. Angol nyelv \u00e9s irodalom mesterdiplom\u00e1val, valamint Cambridge CELTA k\u00e9pes\u00edt\u00e9ssel rendelkezik, \u00e9s elk\u00f6telezetten seg\u00edti a t\u00f6bbnyelv\u0171 di\u00e1kokat abban, hogy magabiztosan fejezz\u00e9k ki magukat \u00e9s nyitottan kapcsol\u00f3djanak a vil\u00e1ghoz. Shashank sz\u00e1m\u00e1ra minden nagyszer\u0171 tan\u00f3ra a k\u00edv\u00e1ncsis\u00e1ggal kezd\u0151dik. A di\u00e1kjaival kialak\u00edtott \u0151szinte \u00e9s t\u00e1mogat\u00f3 kapcsolat r\u00e9v\u00e9n olyan tantermi k\u00f6rnyezetet teremt, ahol a k\u00e9rd\u00e9seket \u00f6r\u00f6mmel fogadj\u00e1k, a hib\u00e1k tanul\u00e1si lehet\u0151s\u00e9gekk\u00e9 v\u00e1lnak, \u00e9s minden tanul\u00f3t arra \u00f6szt\u00f6n\u00f6znek, hogy kritikusan gondolkodjon \u00e9s egyre magabiztosabb\u00e1 v\u00e1ljon. Nemzetk\u00f6zi tapasztalatai olyan tan\u00edt\u00e1si szeml\u00e9letet form\u00e1ltak, amely \u00e9rt\u00e9kk\u00e9nt tekint a soksz\u00edn\u0171s\u00e9gre, figyelembe veszi minden di\u00e1k egyedi er\u0151ss\u00e9geit, \u00e9s arra inspir\u00e1lja a tanul\u00f3kat, hogy kibontakoztass\u00e1k a benn\u00fck rejl\u0151 lehet\u0151s\u00e9geket.&lt;\/div&gt;<br \/>\n&lt;\/div&gt;<br \/>\n&lt;div class=&#8221;profile-row&#8221;&gt;<br \/>\n&lt;div class=&#8221;profile-label&#8221;&gt;Legeml\u00e9kezetesebb tan\u00e1ri pillanat&lt;\/div&gt;<br \/>\n&lt;div class=&#8221;profile-data&#8221;&gt;&lt;em&gt;Soha nem fogom elfelejteni azt a pillanatot, amikor egy visszah\u00faz\u00f3d\u00f3, m\u00e9g kev\u00e9sb\u00e9 magabiztos angoltud\u00e1ssal rendelkez\u0151 di\u00e1kom ki\u00e1llt a sz\u00ednpadra, \u00e9s magabiztosan elmondott egy besz\u00e9det. Hihetetlen\u00fcl j\u00f3 \u00e9rz\u00e9s volt l\u00e1tni, hogy k\u00e9s\u0151bb ugyanez a di\u00e1k els\u0151 helyez\u00e9st \u00e9rt el egy nyilv\u00e1nos besz\u00e9dversenyen. Ez ism\u00e9t eml\u00e9keztetett arra, hogy a tan\u00edt\u00e1s sokkal t\u00f6bbr\u0151l sz\u00f3l, mint a nyelvi k\u00e9szs\u00e9gek fejleszt\u00e9s\u00e9r\u0151l. Arr\u00f3l is sz\u00f3l, hogy seg\u00edts\u00fcnk a di\u00e1koknak megtal\u00e1lni az \u00f6nmagukba vetett hitet \u00e9s a b\u00e1tors\u00e1got ahhoz, hogy hallass\u00e1k a saj\u00e1t hangjukat.&lt;\/em&gt;&lt;\/div&gt;<br \/>\n&lt;\/div&gt;<br \/>\n&lt;\/div&gt;[\/team_member][\/vc_column][vc_column column_padding=&#8221;no-extra-padding&#8221; column_padding_tablet=&#8221;inherit&#8221; column_padding_phone=&#8221;inherit&#8221; column_padding_position=&#8221;all&#8221; column_element_direction_desktop=&#8221;default&#8221; column_element_spacing=&#8221;default&#8221; centered_text=&#8221;true&#8221; desktop_text_alignment=&#8221;default&#8221; tablet_text_alignment=&#8221;default&#8221; phone_text_alignment=&#8221;default&#8221; background_color_opacity=&#8221;1&#8243; background_hover_color_opacity=&#8221;1&#8243; column_backdrop_filter=&#8221;none&#8221; column_shadow=&#8221;none&#8221; column_border_radius=&#8221;none&#8221; column_link_target=&#8221;_self&#8221; column_position=&#8221;default&#8221; el_class=&#8221;elrejt&#8221; gradient_direction=&#8221;left_to_right&#8221; overlay_strength=&#8221;0.3&#8243; width=&#8221;1\/2&#8243; tablet_width_inherit=&#8221;small_desktop&#8221; animation_type=&#8221;default&#8221; bg_image_animation=&#8221;none&#8221; border_type=&#8221;simple&#8221; column_border_width=&#8221;none&#8221; column_border_style=&#8221;solid&#8221; offset=&#8221;vc_col-lg-3&#8243;][team_member team_memeber_style=&#8221;bio_fullscreen_alt&#8221; image_loading=&#8221;default&#8221; team_member_bio_full_html=&#8221;simple&#8221; job_position=&#8221;Angol nyelv \u00e9s irodalom tan\u00e1r, DP nyelvfejleszt\u00e9s tan\u00e1ra, angol nyelvi koordin\u00e1tor&#8221; team_member_bio=&#8221;A nevem Tatpicha Luangwilai, Thaif\u00f6ldr\u0151l sz\u00e1rmazom \u2013 n\u00e1lunk mindenkinek van beceneve, az eny\u00e9m Taan. Az\u00e9rt v\u00e1lasztottam a nemzetk\u00f6zi oktat\u00f3i p\u00e1ly\u00e1t, mert lehet\u0151s\u00e9get ad arra, hogy k\u00e9t szenved\u00e9lyemet \u00f6tv\u00f6zhessem: az angoltan\u00edt\u00e1st \u00e9s az utaz\u00e1st.<br \/>\nAz Egyes\u00fclt Kir\u00e1lys\u00e1gban szereztem mesterdiplom\u00e1t az angol mint idegen nyelv tan\u00edt\u00e1s\u00e1b\u00f3l, majd tan\u00e1ri p\u00e1lyafut\u00e1som sor\u00e1n sz\u00e1mos orsz\u00e1gban tan\u00edtottam: Londonban, Bangkokban, Sanghajban, Hanoiban \u00e9s Jeju sziget\u00e9n. Munk\u00e1m sor\u00e1n k\u00fcl\u00f6nb\u00f6z\u0151 kultur\u00e1lis h\u00e1tt\u00e9rrel \u00e9s k\u00e9pess\u00e9gekkel rendelkez\u0151 di\u00e1kokat seg\u00edtettem abban, hogy magabiztosan fejl\u0151djenek az angol nyelv elsaj\u00e1t\u00edt\u00e1s\u00e1ban, \u00e9s kibontakoztass\u00e1k \u00f6nmagukat a tanul\u00e1s \u00e9s az \u00e9let ter\u00e9n. Szabadid\u0151met akt\u00edvan t\u00f6lt\u00f6m: szeretek utazni, olvasni, t\u00e1ncolni, korcsoly\u00e1zni, lovagolni \u00e9s j\u00f3g\u00e1zni. Ezek a tev\u00e9kenys\u00e9gek j\u00f3l t\u00fckr\u00f6zik nyitott szem\u00e9lyis\u00e9gemet, k\u00edv\u00e1ncsis\u00e1gomat \u00e9s azt, hogy \u00f6r\u00f6mmel pr\u00f3b\u00e1lok ki \u00faj dolgokat. Izgatottan v\u00e1rom, hogy tov\u00e1bb m\u00e9ly\u00edtsem szakmai tud\u00e1somat az oktat\u00e1s ter\u00fclet\u00e9n, mik\u00f6zben felfedezem Magyarorsz\u00e1g \u00e9s Eur\u00f3pa soksz\u00edn\u0171 kult\u00far\u00e1j\u00e1t \u00e9s lehet\u0151s\u00e9geit.&#8221;][\/team_member][\/vc_column][vc_column column_padding=&#8221;no-extra-padding&#8221; column_padding_tablet=&#8221;inherit&#8221; column_padding_phone=&#8221;inherit&#8221; column_padding_position=&#8221;all&#8221; column_element_direction_desktop=&#8221;default&#8221; column_element_spacing=&#8221;default&#8221; centered_text=&#8221;true&#8221; desktop_text_alignment=&#8221;default&#8221; tablet_text_alignment=&#8221;default&#8221; phone_text_alignment=&#8221;default&#8221; background_color_opacity=&#8221;1&#8243; background_hover_color_opacity=&#8221;1&#8243; column_backdrop_filter=&#8221;none&#8221; column_shadow=&#8221;none&#8221; column_border_radius=&#8221;none&#8221; column_link_target=&#8221;_self&#8221; column_position=&#8221;default&#8221; gradient_direction=&#8221;left_to_right&#8221; overlay_strength=&#8221;0.3&#8243; width=&#8221;1\/2&#8243; tablet_width_inherit=&#8221;small_desktop&#8221; animation_type=&#8221;default&#8221; bg_image_animation=&#8221;none&#8221; border_type=&#8221;simple&#8221; column_border_width=&#8221;none&#8221; column_border_style=&#8221;solid&#8221; offset=&#8221;vc_col-lg-3&#8243;][team_member image_url=&#8221;15977&#8243; team_memeber_style=&#8221;bio_fullscreen_alt&#8221; image_loading=&#8221;default&#8221; team_member_bio_full_html=&#8221;html&#8221; name=&#8221;Fernando P\u00e9rez&#8221; job_position=&#8221;K\u00e9miatan\u00e1r, DP koordin\u00e1tor, tant\u00e1rgycsoport-koordin\u00e1tor&#8221; team_member_mini_bio=&#8221;Nemzetis\u00e9g: spanyol&#8221;]\n<div class=\"profile-container\">\n<div class=\"profile-header\">\n<h2>Dr. Fernando P\u00e9rez Caballero<\/h2>\n<h5>K\u00e9miatan\u00e1r, DP koordin\u00e1tor, tant\u00e1rgycsoport-koordin\u00e1tor<\/h5>\n<\/div>\n<div class=\"profile-row\">\n<div class=\"profile-label\">V\u00e9gzetts\u00e9g<\/div>\n<div class=\"profile-data\">Alap- \u00e9s mesterdiploma elm\u00e9leti k\u00e9mi\u00e1b\u00f3l, PhD analitikai k\u00e9mi\u00e1b\u00f3l, pedag\u00f3giai mesterdiploma<\/div>\n<\/div>\n<div class=\"profile-row\">\n<div class=\"profile-label\">Nemzetis\u00e9g<\/div>\n<div class=\"profile-data\">Spanyol<\/div>\n<\/div>\n<div class=\"profile-row\">\n<div class=\"profile-label\">\u00c9letrajz<\/div>\n<div class=\"profile-data\">T\u00f6bb mint h\u00fasz \u00e9v nemzetk\u00f6zi oktat\u00e1si tapasztalattal Dr. Fernando P\u00e9rez Caballero IB Diploma matematik\u00e1t \u00e9s k\u00e9mi\u00e1t tan\u00edtott, valamint DP-koordin\u00e1tork\u00e9nt dolgozott k\u00e9t k\u00fcl\u00f6nb\u00f6z\u0151 iskol\u00e1ban. Nyolc orsz\u00e1gban \u00e9lt \u00e9s dolgozott Eur\u00f3p\u00e1ban, a K\u00f6zel-Keleten \u00e9s Latin-Amerik\u00e1ban, ez\u00e9rt vil\u00e1gpolg\u00e1rnak tekinti mag\u00e1t. Er\u0151sen hiszi, hogy az oktat\u00e1s egyetemes nyelv, \u00e9s arra t\u00f6rekszik, hogy olyan oszt\u00e1lytermeket hozzon l\u00e9tre, amelyek \u00fcnneplik a t\u00f6r\u0151d\u00e9st, a k\u00edv\u00e1ncsis\u00e1got, a kreativit\u00e1st \u00e9s a nemzetk\u00f6zi szeml\u00e9letet. Miel\u0151tt a pedag\u00f3gi\u00e1ra v\u00e1ltott, kutat\u00f3k\u00e9nt dolgozott N\u00e9metorsz\u00e1gban, ahol egy k\u00e9miai Nobel-d\u00edjassal egy\u00fcttm\u0171k\u00f6dve nagy hat\u00e1s\u00fa tudom\u00e1nyos cikkeket, szabadalmakat \u00e9s k\u00f6nyvfejezeteket publik\u00e1lt. Ezek a tapasztalatok inspir\u00e1lj\u00e1k arra, hogy a tudom\u00e1nyos gondolkod\u00e1st \u00f6sszekapcsolja a tan\u00edt\u00e1s\u00e1val, kutat\u00f3 \u00e9s reflekt\u00edv hozz\u00e1\u00e1ll\u00e1sra \u00f6szt\u00f6n\u00f6zve a di\u00e1kokat. Az iskol\u00e1n k\u00edv\u00fcl szenved\u00e9lyesen sakkozik \u00e9s b\u00fav\u00e1rkodik \u2013 egyszer t\u00f6bb hetet t\u00f6lt\u00f6tt c\u00e1p\u00e1k etet\u00e9s\u00e9vel a Karib-tengeren! \u2013, valamint szeret utazni, nemzetk\u00f6zi konyh\u00e1kat felfedezni \u00e9s \u00faj kult\u00far\u00e1kat megismerni.<\/div>\n<\/div>\n<div class=\"profile-row\">\n<div class=\"profile-label\">Legszebb tan\u00e1ri pillanat<\/div>\n<div class=\"profile-data\"><em>A venezuelai Maracaib\u00f3ban dolgozva \u00e9szrevette, hogy n\u00e9h\u00e1ny legtehets\u00e9gesebb matematika- \u00e9s k\u00e9miadi\u00e1kjuk a sz\u0171k\u00f6s DP-k\u00edn\u00e1lat miatt elvesz\u00edtette a motiv\u00e1ci\u00f3j\u00e1t. A di\u00e1kok adatainak elemz\u00e9s\u00e9vel sikeresen kib\u0151v\u00edtette az iskola tanterv\u00e9t a legmagasabb szint\u0171 el\u00e9rhet\u0151 DP-kurzusokkal. A meg\u00fajult tanulm\u00e1nyi sz\u00ednvonal nemcsak teljesen visszaadta a di\u00e1kok lelkesed\u00e9s\u00e9t, hanem az iskol\u00e1t az orsz\u00e1g legjobb helyezettj\u00e9v\u00e9 is emelte a matematikaversenyeken!<\/em><\/div>\n<\/div>\n<\/div>\n[\/team_member][\/vc_column][vc_column column_padding=&#8221;no-extra-padding&#8221; column_padding_tablet=&#8221;inherit&#8221; column_padding_phone=&#8221;inherit&#8221; column_padding_position=&#8221;all&#8221; column_element_direction_desktop=&#8221;default&#8221; column_element_spacing=&#8221;default&#8221; centered_text=&#8221;true&#8221; desktop_text_alignment=&#8221;default&#8221; tablet_text_alignment=&#8221;default&#8221; phone_text_alignment=&#8221;default&#8221; background_color_opacity=&#8221;1&#8243; background_hover_color_opacity=&#8221;1&#8243; column_backdrop_filter=&#8221;none&#8221; column_shadow=&#8221;none&#8221; column_border_radius=&#8221;none&#8221; column_link_target=&#8221;_self&#8221; column_position=&#8221;default&#8221; gradient_direction=&#8221;left_to_right&#8221; overlay_strength=&#8221;0.3&#8243; width=&#8221;1\/2&#8243; tablet_width_inherit=&#8221;small_desktop&#8221; animation_type=&#8221;default&#8221; bg_image_animation=&#8221;none&#8221; border_type=&#8221;simple&#8221; column_border_width=&#8221;none&#8221; column_border_style=&#8221;solid&#8221; offset=&#8221;vc_col-lg-3&#8243;][team_member image_url=&#8221;18704&#8243; team_memeber_style=&#8221;bio_fullscreen_alt&#8221; image_loading=&#8221;default&#8221; team_member_bio_full_html=&#8221;html&#8221; job_position=&#8221;Angol nyelv \u00e9s irodalom tan\u00e1r&#8221; name=&#8221;Paulo Villavicencio&#8221; team_member_mini_bio=&#8221;Nemzetis\u00e9g: filipp\u00edn\u00f3&#8221;]\n<div class=\"profile-container\">\n<div class=\"profile-header\">\n<h2>Paulo Villavicencio<\/h2>\n<h5>Angol nyelv \u00e9s irodalom, valamint egy\u00e9nek \u00e9s t\u00e1rsadalmak tan\u00e1r<\/h5>\n<\/div>\n<div class=\"profile-row\">\n<div class=\"profile-label\">V\u00e9gzetts\u00e9g<\/div>\n<div class=\"profile-data\">&#8211; Multidiszciplin\u00e1ris tanulm\u00e1nyok (oktat\u00e1s) mesterdiploma (MSc) &#8211; State University of New York, Buffalo State<br \/>\n&#8211; K\u00f6z\u00e9piskolai tan\u00e1ri alapk\u00e9pz\u00e9s, angol szakir\u00e1ny &#8211; Adamson University<\/div>\n<\/div>\n<div class=\"profile-row\">\n<div class=\"profile-label\">Nemzetis\u00e9g<\/div>\n<div class=\"profile-data\">Filipp\u00edn\u00f3<\/div>\n<\/div>\n<div class=\"profile-row\">\n<div class=\"profile-label\">Bemutatkoz\u00e1s<\/div>\n<div class=\"profile-data\">\n<p>Paulo Villavicencio az ISD MYP programj\u00e1nak angol nyelv \u00e9s irodalom, valamint egy\u00e9nek \u00e9s t\u00e1rsadalmak tan\u00e1ra, aki 14 \u00e9ves tapasztalattal rendelkezik a nemzetk\u00f6zi oktat\u00e1s ter\u00fclet\u00e9n. Angol nyelvi \u00e9s irodalmi tanulm\u00e1nyaira \u00e9p\u00edtve p\u00e1lyafut\u00e1sa jelent\u0151s r\u00e9sz\u00e9ben angolt \u00e9s t\u00e1rsadalomtudom\u00e1nyi tant\u00e1rgyakat egyar\u00e1nt tan\u00edtott. A t\u00e1rsadalomtudom\u00e1nyok k\u00f6z\u00f6s oktat\u00e1s\u00e1ban szerzett sz\u00e9les k\u00f6r\u0171 tapasztalata k\u00e9s\u0151bb oda vezetett, hogy \u00f6n\u00e1ll\u00f3an is tan\u00edtott f\u00f6ldrajzot \u00e9s modern vil\u00e1gt\u00f6rt\u00e9nelmet, mik\u00f6zben az angol nyelv \u00e9s irodalom oktat\u00e1s\u00e1ban tov\u00e1bbra is egy\u00fcttm\u0171k\u00f6d\u00f6tt koll\u00e9g\u00e1ival.<\/p>\n<p>Paulo sz\u00e1m\u00e1ra fontos, hogy olyan inspir\u00e1l\u00f3 tantermi k\u00f6rnyezetet teremtsen, amely a felfedez\u00e9sre, a p\u00e1rbesz\u00e9dre \u00e9s a k\u00fcl\u00f6nb\u00f6z\u0151 n\u00e9z\u0151pontok megismer\u00e9s\u00e9re \u00e9p\u00fcl. Legyen sz\u00f3 egy sz\u00f6veg \u00e9rtelmez\u00e9s\u00e9r\u0151l, egy t\u00f6rt\u00e9nelmi esem\u00e9ny vizsg\u00e1lat\u00e1r\u00f3l vagy a k\u00f6r\u00fcl\u00f6tt\u00fcnk l\u00e9v\u0151 vil\u00e1g valamely k\u00e9rd\u00e9s\u00e9nek felfedez\u00e9s\u00e9r\u0151l, arra \u00f6szt\u00f6nzi di\u00e1kjait, hogy \u00e1tgondolt k\u00e9rd\u00e9seket tegyenek fel, jelent\u0151s\u00e9gteljes \u00f6sszef\u00fcgg\u00e9seket fedezzenek fel, \u00e9s magabiztosan fogalmazz\u00e1k meg gondolataikat. Nagy hangs\u00falyt fektet a di\u00e1kokkal kialak\u00edtott er\u0151s kapcsolatokra, \u00e9s hisz abban, hogy az igaz\u00e1n jelent\u0151s\u00e9gteljes tanul\u00e1s akkor val\u00f3sul meg, amikor a di\u00e1kok t\u00e1mogat\u00e1st \u00e9s megfelel\u0151 kih\u00edv\u00e1sokat kapnak, \u00e9s val\u00f3ban akt\u00edv r\u00e9szesei saj\u00e1t tanul\u00e1suknak.<\/p>\n<\/div>\n<\/div>\n<div class=\"profile-row\">\n<div class=\"profile-label\">Legeml\u00e9kezetesebb tan\u00e1ri pillanat<\/div>\n<div class=\"profile-data\"><em>\u201eNagyon szeretem, amikor a di\u00e1kok k\u00e9s\u0151bb visszaj\u00f6nnek hozz\u00e1m, \u00e9s azt mondj\u00e1k: \u00bbEml\u00e9kszem, err\u0151l tanultunk \u00d6nn\u00e9l!\u00ab Ilyenkor tudom, hogy valami, amit a tanteremben tanultak, hirtelen \u00f6sszekapcsol\u00f3dott egy val\u00f3di \u00e9lethelyzettel. Az a tudat, hogy n\u00e1lam tanulhatnak, nevethetnek, t\u00e1mogat\u00e1st kaphatnak, \u00e9s magukkal vihetnek valamit a tanteremb\u0151l a k\u00e9s\u0151bbi \u00e9let\u00fckbe, mindig eml\u00e9keztet arra, mi\u00e9rt v\u00e1lasztottam a tan\u00e1ri hivat\u00e1st.\u201d<\/em><\/div>\n<\/div>\n<\/div>\n[\/team_member][\/vc_column][vc_column column_padding=&#8221;no-extra-padding&#8221; column_padding_tablet=&#8221;inherit&#8221; column_padding_phone=&#8221;inherit&#8221; column_padding_position=&#8221;all&#8221; column_element_direction_desktop=&#8221;default&#8221; column_element_spacing=&#8221;default&#8221; centered_text=&#8221;true&#8221; desktop_text_alignment=&#8221;default&#8221; tablet_text_alignment=&#8221;default&#8221; phone_text_alignment=&#8221;default&#8221; background_color_opacity=&#8221;1&#8243; background_hover_color_opacity=&#8221;1&#8243; column_backdrop_filter=&#8221;none&#8221; column_shadow=&#8221;none&#8221; column_border_radius=&#8221;none&#8221; column_link_target=&#8221;_self&#8221; column_position=&#8221;default&#8221; gradient_direction=&#8221;left_to_right&#8221; overlay_strength=&#8221;0.3&#8243; width=&#8221;1\/2&#8243; tablet_width_inherit=&#8221;small_desktop&#8221; animation_type=&#8221;default&#8221; bg_image_animation=&#8221;none&#8221; border_type=&#8221;simple&#8221; column_border_width=&#8221;none&#8221; column_border_style=&#8221;solid&#8221; offset=&#8221;vc_col-lg-3&#8243;][team_member image_url=&#8221;15967&#8243; team_memeber_style=&#8221;bio_fullscreen_alt&#8221; image_loading=&#8221;default&#8221; team_member_bio_full_html=&#8221;html&#8221; name=&#8221;dr. Farkasinkszkyn\u00e9 Verdes Vivien&#8221; job_position=&#8221;K\u00f6nyvt\u00e1ros, magyar nyelv \u00e9s irodalom tan\u00e1r&#8221; team_member_mini_bio=&#8221;Nemzetis\u00e9g: magyar&#8221;]\n<div class=\"profile-container\">\n<div class=\"profile-header\">\n<h2>dr. Farkasinszkyn\u00e9 Verdes Vivien<\/h2>\n<h5>K\u00f6nyvt\u00e1ros, magyar nyelv \u00e9s irodalom tan\u00e1r<\/h5>\n<\/div>\n<div class=\"profile-row\">\n<div class=\"profile-label\">V\u00e9gzetts\u00e9g<\/div>\n<div class=\"profile-data\">Okleveles magyar nyelv \u00e9s irodalom szakos tan\u00e1r, valamint okleveles k\u00f6nyvt\u00e1r- \u00e9s inform\u00e1ci\u00f3tudom\u00e1ny szakos tan\u00e1r, Debreceni Egyetem (osztatlan tan\u00e1ri mesterk\u00e9pz\u00e9s, MEd)<\/div>\n<\/div>\n<div class=\"profile-row\">\n<div class=\"profile-label\">Nemzetis\u00e9g<\/div>\n<div class=\"profile-data\">magyar<\/div>\n<\/div>\n<div class=\"profile-row\">\n<div class=\"profile-label\">\u00c9letrajz<\/div>\n<div class=\"profile-data\">Dr. Farkasinszkyn\u00e9 Verdes Vivien az ISD magyar nyelv \u00e9s irodalom tan\u00e1ra. Tanulm\u00e1nyait a Debreceni Egyetemen v\u00e9gezte, ahol er\u0151s szakmai alapokat szerzett, \u00e9s tart\u00f3s elk\u00f6telez\u0151d\u00e9st alak\u00edtott ki az irodalom ir\u00e1nt. P\u00e1ly\u00e1j\u00e1t a Medgyessy Ferenc Gimn\u00e1zium, M\u0171v\u00e9szeti Szakgimn\u00e1zium \u00e9s Szakk\u00e9pz\u0151 Iskol\u00e1ban kezdte, ahol 7\u201312. \u00e9vfolyamos di\u00e1kokat tan\u00edtott, k\u00f6zt\u00fck emelt szint\u0171 csoportokat is. R\u00e9szt vett az \u00e9retts\u00e9gi vizsg\u00e1k szervez\u00e9s\u00e9ben \u00e9s \u00e9rt\u00e9kel\u00e9s\u00e9ben is. 2025-ben csatlakozott az ISD k\u00f6z\u00f6ss\u00e9g\u00e9hez, \u00e9s jelenleg magyar nyelvet \u00e9s irodalmat tan\u00edt a 6\u20139. \u00e9vfolyamon. Tan\u00edt\u00e1sa sor\u00e1n nagy hangs\u00falyt fektet a figyelmes, nyitott \u00e9s t\u00e1mogat\u00f3 tanul\u00e1si k\u00f6rnyezet megteremt\u00e9s\u00e9re. C\u00e9lja nemcsak az, hogy seg\u00edtse a di\u00e1kokat az irodalmi m\u0171vek meg\u00e9rt\u00e9s\u00e9ben, hanem az is, hogy \u00f6szt\u00f6n\u00f6zze \u0151ket a sz\u00f6vegekkel val\u00f3 szem\u00e9lyes kapcsolat kialak\u00edt\u00e1s\u00e1ra, \u00f6n\u00e1ll\u00f3 gondolatok megfogalmaz\u00e1s\u00e1ra, valamint olyan gondolkod\u00e1sm\u00f3d kialak\u00edt\u00e1s\u00e1ra, amely a j\u00f6v\u0151beli tanulm\u00e1nyaikban is t\u00e1mogatja \u0151ket.<\/div>\n<\/div>\n<div class=\"profile-row\">\n<div class=\"profile-label\">Legszebb tan\u00e1ri pillanat<\/div>\n<div class=\"profile-data\"><em>\u201eLegszebb tan\u00e1ri pillanatai, amikor l\u00e1tja, hogy a di\u00e1kok val\u00f3di figyelemmel \u00e9s \u00e9rdekl\u0151d\u00e9ssel fordulnak az irodalmi m\u0171vek fel\u00e9. Amikor egy sz\u00f6vegen kereszt\u00fcl saj\u00e1t felismer\u00e9sekre jutnak, \u00e9s nyilv\u00e1nval\u00f3v\u00e1 v\u00e1lik, hogy a gondolkod\u00e1suk t\u00falmutat a tantermen, val\u00f3ban \u00fagy \u00e9rzi, hogy a k\u00f6z\u00f6s munk\u00e1juknak maradand\u00f3 hat\u00e1sa van.\u201d<\/em><\/div>\n<\/div>\n<\/div>\n[\/team_member][\/vc_column][vc_column column_padding=&#8221;no-extra-padding&#8221; column_padding_tablet=&#8221;inherit&#8221; column_padding_phone=&#8221;inherit&#8221; column_padding_position=&#8221;all&#8221; column_element_direction_desktop=&#8221;default&#8221; column_element_spacing=&#8221;default&#8221; centered_text=&#8221;true&#8221; desktop_text_alignment=&#8221;default&#8221; tablet_text_alignment=&#8221;default&#8221; phone_text_alignment=&#8221;default&#8221; background_color_opacity=&#8221;1&#8243; background_hover_color_opacity=&#8221;1&#8243; column_backdrop_filter=&#8221;none&#8221; column_shadow=&#8221;none&#8221; column_border_radius=&#8221;none&#8221; column_link_target=&#8221;_self&#8221; column_position=&#8221;default&#8221; gradient_direction=&#8221;left_to_right&#8221; overlay_strength=&#8221;0.3&#8243; width=&#8221;1\/2&#8243; tablet_width_inherit=&#8221;small_desktop&#8221; animation_type=&#8221;default&#8221; bg_image_animation=&#8221;none&#8221; border_type=&#8221;simple&#8221; column_border_width=&#8221;none&#8221; column_border_style=&#8221;solid&#8221; offset=&#8221;vc_col-lg-3&#8243;][team_member image_url=&#8221;15963&#8243; team_memeber_style=&#8221;bio_fullscreen_alt&#8221; image_loading=&#8221;default&#8221; team_member_bio_full_html=&#8221;html&#8221; name=&#8221;Venter Catharina&#8221; job_position=&#8221;Vizu\u00e1lis kult\u00fara \u00e9s design tan\u00e1r&#8221; team_member_mini_bio=&#8221;Nemzetis\u00e9g: d\u00e9l-afrikai&#8221;]\n<div class=\"profile-container\">\n<div class=\"profile-header\">\n<h2>Catharina (Rina) Venter<\/h2>\n<h5>Vizu\u00e1lis kult\u00fara \u00e9s design tan\u00e1r<\/h5>\n<\/div>\n<div class=\"profile-row\">\n<div class=\"profile-label\">V\u00e9gzetts\u00e9g<\/div>\n<div class=\"profile-data\">Pedag\u00f3giai alapszak (BEd), vizu\u00e1lis m\u0171v\u00e9szet \u00e9s tanul\u00e1st\u00e1mogat\u00e1s szakir\u00e1nnyal<\/div>\n<\/div>\n<div class=\"profile-row\">\n<div class=\"profile-label\">Nemzetis\u00e9g<\/div>\n<div class=\"profile-data\">d\u00e9l-afrikai<\/div>\n<\/div>\n<div class=\"profile-row\">\n<div class=\"profile-label\">\u00c9letrajz<\/div>\n<div class=\"profile-data\">Catharina (Rina) Venter az ISD elhivatott vizu\u00e1lis m\u0171v\u00e9szet \u00e9s design tan\u00e1ra, t\u00f6bb mint 16 \u00e9v tapasztalattal soksz\u00edn\u0171 di\u00e1kk\u00f6z\u00f6ss\u00e9gek tan\u00edt\u00e1s\u00e1ban nemzetk\u00f6zi iskolai k\u00f6rnyezetben. Eredetileg D\u00e9l-Afrik\u00e1b\u00f3l sz\u00e1rmazik, \u00e9s \u00e9l\u00e9nk, glob\u00e1lis szeml\u00e9letet hoz az oszt\u00e1lyterm\u00e9be, amelyet az IB kontinuum \u2013 k\u00f6zt\u00fck a PYP, az MYP \u00e9s a DP \u2013 ter\u00e9n szerzett kiterjedt szaktud\u00e1sa alapoz meg. Tanul\u00e1st\u00e1mogat\u00f3i (Learning Support) h\u00e1tter\u00e9nek k\u00f6sz\u00f6nhet\u0151en Rina szenved\u00e9lyesen elk\u00f6telezett a differenci\u00e1lt oktat\u00e1s ir\u00e1nt, biztos\u00edtva, hogy a kreat\u00edv m\u0171v\u00e9szetek befogad\u00f3ak \u00e9s meger\u0151s\u00edt\u0151ek legyenek minden tanul\u00f3 sz\u00e1m\u00e1ra. A m\u0171termet a kutat\u00e1s laborat\u00f3riumak\u00e9nt fogja fel, ahol a di\u00e1kokat arra \u00f6szt\u00f6nzi, hogy felfedezz\u00e9k identit\u00e1sukat, \u00e9s \u00f6sszetett probl\u00e9m\u00e1kat oldjanak meg a vizu\u00e1lis m\u00e9dia eszk\u00f6zeivel. Gondoskod\u00f3, m\u00e9gis struktur\u00e1lt k\u00f6rnyezet megteremt\u00e9s\u00e9vel Rina seg\u00edti a di\u00e1kjait abban, hogy megbirk\u00f3zzanak az IB tanterv szigor\u00fa k\u00f6vetelm\u00e9nyeivel, mik\u00f6zben meg\u0151rzik k\u00edv\u00e1ncsis\u00e1gukat \u00e9s \u00f6nkifejez\u00e9s ir\u00e1nti szenved\u00e9ly\u00fcket.<\/div>\n<\/div>\n<div class=\"profile-row\">\n<div class=\"profile-label\">Legszebb tan\u00e1ri pillanat<\/div>\n<div class=\"profile-data\"><em>\u201eMunk\u00e1ja legszebb r\u00e9sze, amikor egy di\u00e1k, aki kezdetben nem \u00e9rdekl\u0151dik a m\u0171v\u00e9szetek ir\u00e1nt, lassan elkezdi felv\u00e1llalni a saj\u00e1t kreativit\u00e1s\u00e1t. L\u00e1tni, ahogy ez a kezdeti bizonytalans\u00e1g \u0151szinte \u00f6r\u00f6mm\u00e9 alakul, mik\u00f6zben felfedez egy olyan k\u00e9pess\u00e9get mag\u00e1ban, amelyr\u0151l nem is tudott \u2013 val\u00f3ban ez\u00e9rt tan\u00edt.\u201d<\/em><\/div>\n<\/div>\n<\/div>\n[\/team_member][\/vc_column][vc_column column_padding=&#8221;no-extra-padding&#8221; column_padding_tablet=&#8221;inherit&#8221; column_padding_phone=&#8221;inherit&#8221; column_padding_position=&#8221;all&#8221; column_element_direction_desktop=&#8221;default&#8221; column_element_spacing=&#8221;default&#8221; centered_text=&#8221;true&#8221; desktop_text_alignment=&#8221;default&#8221; tablet_text_alignment=&#8221;default&#8221; phone_text_alignment=&#8221;default&#8221; background_color_opacity=&#8221;1&#8243; background_hover_color_opacity=&#8221;1&#8243; column_backdrop_filter=&#8221;none&#8221; column_shadow=&#8221;none&#8221; column_border_radius=&#8221;none&#8221; column_link_target=&#8221;_self&#8221; column_position=&#8221;default&#8221; gradient_direction=&#8221;left_to_right&#8221; overlay_strength=&#8221;0.3&#8243; width=&#8221;1\/2&#8243; tablet_width_inherit=&#8221;small_desktop&#8221; animation_type=&#8221;default&#8221; bg_image_animation=&#8221;none&#8221; border_type=&#8221;simple&#8221; column_border_width=&#8221;none&#8221; column_border_style=&#8221;solid&#8221; offset=&#8221;vc_col-lg-3&#8243;][team_member image_url=&#8221;15989&#8243; team_memeber_style=&#8221;bio_fullscreen_alt&#8221; image_loading=&#8221;default&#8221; team_member_bio_full_html=&#8221;html&#8221; name=&#8221;Vinas Olive&#8221; job_position=&#8221;Matematika tan\u00e1r&#8221; team_member_mini_bio=&#8221;Nemzetis\u00e9g: filipp\u00edn\u00f3&#8221;]\n<div class=\"profile-container\">\n<div class=\"profile-header\">\n<h2>Olive Vi\u00f1as<\/h2>\n<h5>Matematika tan\u00e1r<\/h5>\n<\/div>\n<div class=\"profile-row\">\n<div class=\"profile-label\">V\u00e9gzetts\u00e9g<\/div>\n<div class=\"profile-data\">K\u00f6z\u00e9piskolai tan\u00e1ri alapszak, matematika szakir\u00e1ny \u2013 Polytechnic University of the Philippines<br \/>\nHalad\u00f3 k\u00f6z\u00e9piskolai tan\u00e1ri mesterszak (Master of Education) \u2013 University of the People (folyamatban)<\/div>\n<\/div>\n<div class=\"profile-row\">\n<div class=\"profile-label\">Nemzetis\u00e9g<\/div>\n<div class=\"profile-data\">Filipp\u00edn\u00f3<\/div>\n<\/div>\n<div class=\"profile-row\">\n<div class=\"profile-label\">\u00c9letrajz<\/div>\n<div class=\"profile-data\">Olive eredetileg a F\u00fcl\u00f6p-szigetekr\u0151l sz\u00e1rmazik, \u00e9s nemzetk\u00f6zi tan\u00e1ri tapasztalat\u00e1nak nagy r\u00e9sz\u00e9t Indon\u00e9zi\u00e1ban szerezte. Az elm\u00falt 17 \u00e9vben nemzetk\u00f6zi iskol\u00e1kban tan\u00edtott, kiterjedt tapasztalatot szerezve a szingap\u00fari matematika (Singapore Math) tantervvel, a Cambridge-tantervvel, az Understanding by Design megk\u00f6zel\u00edt\u00e9ssel \u00e9s az IB MYP keretrendszerrel. MYP matematikatan\u00e1rk\u00e9nt arra t\u00f6rekszik, hogy a matematik\u00e1t \u00e9letre keltse a kutat\u00e1s, a hiteles \u00e9rt\u00e9kel\u00e9s \u00e9s az interdiszciplin\u00e1ris megk\u00f6zel\u00edt\u00e9sek r\u00e9v\u00e9n. C\u00e9lja, hogy a di\u00e1kok nyitott gondolkod\u00e1s\u00fa, reflekt\u00edv \u00e9s glob\u00e1lisan t\u00e1j\u00e9kozott tanul\u00f3kk\u00e1 v\u00e1ljanak. Tan\u00edt\u00e1s\u00e1val azt rem\u00e9li, hogy egyre t\u00f6bb di\u00e1kot inspir\u00e1l a matematika megbecs\u00fcl\u00e9s\u00e9re \u00e9s arra, hogy felismerj\u00e9k annak jelent\u0151s\u00e9g\u00e9t a val\u00f3s vil\u00e1gban.<\/div>\n<\/div>\n<div class=\"profile-row\">\n<div class=\"profile-label\">Legszebb tan\u00e1ri pillanat<\/div>\n<div class=\"profile-data\"><em>Egyik legmeghat\u00e1roz\u00f3bb tan\u00e1ri pillanata az volt, amikor egy di\u00e1k azt mondta: \u201eSosem gondoltam, hogy a matek hasznos lehet a val\u00f3 \u00e9letben.\u201d Ez a megjegyz\u00e9s eml\u00e9keztette arra, mi\u00e9rt dolgozik azon, hogy a matematik\u00e1t relev\u00e1nss\u00e1 \u00e9s a val\u00f3s tapasztalatokhoz kapcsol\u00f3d\u00f3v\u00e1 tegye. Megmutatta sz\u00e1m\u00e1ra, hogy a tanul\u00e1s t\u00fall\u00e9pett a l\u00e9p\u00e9sek bemagol\u00e1s\u00e1n, \u00e9s eljutott a gondolatok val\u00f3di meg\u00e9rt\u00e9s\u00e9ig \u00e9s \u00e9rtelmes haszn\u00e1lat\u00e1ig.<\/em><\/div>\n<\/div>\n<\/div>\n[\/team_member][\/vc_column][vc_column column_padding=&#8221;no-extra-padding&#8221; column_padding_tablet=&#8221;inherit&#8221; column_padding_phone=&#8221;inherit&#8221; column_padding_position=&#8221;all&#8221; column_element_direction_desktop=&#8221;default&#8221; column_element_spacing=&#8221;default&#8221; centered_text=&#8221;true&#8221; desktop_text_alignment=&#8221;default&#8221; tablet_text_alignment=&#8221;default&#8221; phone_text_alignment=&#8221;default&#8221; background_color_opacity=&#8221;1&#8243; background_hover_color_opacity=&#8221;1&#8243; column_backdrop_filter=&#8221;none&#8221; column_shadow=&#8221;none&#8221; column_border_radius=&#8221;none&#8221; column_link_target=&#8221;_self&#8221; column_position=&#8221;default&#8221; gradient_direction=&#8221;left_to_right&#8221; overlay_strength=&#8221;0.3&#8243; width=&#8221;1\/2&#8243; tablet_width_inherit=&#8221;small_desktop&#8221; animation_type=&#8221;default&#8221; bg_image_animation=&#8221;none&#8221; border_type=&#8221;simple&#8221; column_border_width=&#8221;none&#8221; column_border_style=&#8221;solid&#8221; offset=&#8221;vc_col-lg-3&#8243;][team_member image_url=&#8221;10964&#8243; team_memeber_style=&#8221;bio_fullscreen_alt&#8221; image_loading=&#8221;default&#8221; team_member_bio_full_html=&#8221;html&#8221; job_position=&#8221;Asszisztens tan\u00e1r&#8221; name=&#8221;Virovec Vikt\u00f3ria&#8221; team_member_mini_bio=&#8221;Nemzetis\u00e9g: magyar&#8221;]\n<div class=\"profile-container\">\n<div class=\"profile-header\">\n<h2>Vikt\u00f3ria Virovec PhD.<\/h2>\n<h5>Asszisztens tan\u00e1r<\/h5>\n<\/div>\n<div class=\"profile-row\">\n<div class=\"profile-label\">V\u00e9gzetts\u00e9g<\/div>\n<div class=\"profile-data\">Angol- \u00e9s matematikatan\u00e1ri mesterdiploma, Debreceni Egyetem<br \/>\nElm\u00e9leti nyelv\u00e9szet PhD, Debreceni Egyetem<\/div>\n<\/div>\n<div class=\"profile-row\">\n<div class=\"profile-label\">Nemzetis\u00e9g<\/div>\n<div class=\"profile-data\">Magyar<\/div>\n<\/div>\n<div class=\"profile-row\">\n<div class=\"profile-label\">Bemutatkoz\u00e1s<\/div>\n<div class=\"profile-data\">Virovec Vikt\u00f3ria angol \u00e9s matematika ter\u00fcleten egyar\u00e1nt komoly tudom\u00e1nyos h\u00e1tt\u00e9rrel rendelkez\u0151 pedag\u00f3gus. Angol- \u00e9s matematikatan\u00e1ri mesterdiplom\u00e1val rendelkezik, \u00e9s a 2018\/2019-es tan\u00e9v \u00f3ta tan\u00edt. 2019 \u00e9s 2024 k\u00f6z\u00f6tt doktori tanulm\u00e1nyait v\u00e9gezte, mik\u00f6zben h\u00e1rom f\u00e9l\u00e9ven kereszt\u00fcl a Debreceni Egyetemen is oktatott, ahol els\u0151sorban angol nyelvtant \u00e9s nyelv\u00e9szeti kutat\u00e1sm\u00f3dszertant tan\u00edtott. Vikt\u00f3ria jelent\u0151s tapasztalattal rendelkezik k\u00fcl\u00f6nb\u00f6z\u0151 kultur\u00e1lis \u00e9s nyelvi h\u00e1tt\u00e9rrel rendelkez\u0151 nemzetk\u00f6zi di\u00e1kok oktat\u00e1s\u00e1ban. 2023 \u00f3ta a Grade 3 csapat\u00e1nak tagja tan\u00e1rseg\u00e9dk\u00e9nt. K\u00fcl\u00f6n\u00f6sen sz\u00edvesen t\u00e1mogatja a m\u00e9g korl\u00e1tozott angol nyelvtud\u00e1ssal rendelkez\u0151 gyerekeket, \u00e9s olyan m\u00f3dszereket dolgozott ki, amelyek seg\u00edts\u00e9g\u00e9vel hat\u00e9konyan tudja t\u00e1mogatni a matematik\u00e1ban tehets\u00e9ges, de a nyelvi akad\u00e1lyok miatt esetleg neh\u00e9zs\u00e9gekkel k\u00fczd\u0151 di\u00e1kokat. Nyelv\u00e9szeti szak\u00e9rtelm\u00e9re t\u00e1maszkodva jobban meg\u00e9rti a gyermekek nyelvelsaj\u00e1t\u00edt\u00e1s\u00e1nak folyamat\u00e1t, \u00e9s ezt a tud\u00e1s\u00e1t tanulm\u00e1nyi fejl\u0151d\u00e9s\u00fck t\u00e1mogat\u00e1s\u00e1ban is alkalmazza.<\/div>\n<\/div>\n<div class=\"profile-row\">\n<div class=\"profile-label\">Legeml\u00e9kezetesebb tan\u00e1ri pillanat<\/div>\n<div class=\"profile-data\"><em>Sz\u00e1momra azok a legjobb tan\u00e1ri pillanatok, amikor k\u00f6z\u00f6s nyelv n\u00e9lk\u00fcl is siker\u00fcl kapcsolatot teremtenem a di\u00e1kokkal, \u00e9s egy\u00fctt megtal\u00e1ljuk a tanul\u00e1s hat\u00e9kony m\u00f3dj\u00e1t. Ezek a pillanatok megmutatj\u00e1k, hogy a meg\u00e9rt\u00e9s t\u00falmutat a szavakon.<\/em><\/div>\n<\/div>\n<\/div>\n[\/team_member][\/vc_column][vc_column column_padding=&#8221;no-extra-padding&#8221; column_padding_tablet=&#8221;inherit&#8221; column_padding_phone=&#8221;inherit&#8221; column_padding_position=&#8221;all&#8221; column_element_direction_desktop=&#8221;default&#8221; column_element_spacing=&#8221;default&#8221; centered_text=&#8221;true&#8221; desktop_text_alignment=&#8221;default&#8221; tablet_text_alignment=&#8221;default&#8221; phone_text_alignment=&#8221;default&#8221; background_color_opacity=&#8221;1&#8243; background_hover_color_opacity=&#8221;1&#8243; column_backdrop_filter=&#8221;none&#8221; column_shadow=&#8221;none&#8221; column_border_radius=&#8221;none&#8221; column_link_target=&#8221;_self&#8221; column_position=&#8221;default&#8221; gradient_direction=&#8221;left_to_right&#8221; overlay_strength=&#8221;0.3&#8243; width=&#8221;1\/2&#8243; tablet_width_inherit=&#8221;small_desktop&#8221; animation_type=&#8221;default&#8221; bg_image_animation=&#8221;none&#8221; border_type=&#8221;simple&#8221; column_border_width=&#8221;none&#8221; column_border_style=&#8221;solid&#8221; offset=&#8221;vc_col-lg-3&#8243;][team_member image_url=&#8221;18715&#8243; team_memeber_style=&#8221;bio_fullscreen_alt&#8221; image_loading=&#8221;default&#8221; team_member_bio_full_html=&#8221;html&#8221; name=&#8221;Ye Gi Choi&#8221; job_position=&#8221;Biol\u00f3gia \u00e9s term\u00e9szettudom\u00e1ny tan\u00e1r&#8221; team_member_mini_bio=&#8221;Nemzetis\u00e9g: d\u00e9l-koreiai&#8221;]\n<div class=\"profile-container\">\n<div class=\"profile-header\">\n<h2>Yeji Choi<\/h2>\n<h5>Biol\u00f3gia \u00e9s term\u00e9szettudom\u00e1nyok tan\u00e1r<\/h5>\n<\/div>\n<div class=\"profile-row\">\n<div class=\"profile-label\">Degree<\/div>\n<div class=\"profile-data\">&#8211; Bachelor of Science in Molecular Biology and Biotechnology, Hong Kongi Egyetem &#8211;<br \/>\nPosztgradu\u00e1lis k\u00e9pz\u00e9s fels\u0151tagozati oktat\u00e1sb\u00f3l, University of Sunderland, England<\/div>\n<\/div>\n<div class=\"profile-row\">\n<div class=\"profile-label\">Nationality<\/div>\n<div class=\"profile-data\">D\u00e9l-koreai<\/div>\n<\/div>\n<div class=\"profile-row\">\n<div class=\"profile-label\">Biography<\/div>\n<div class=\"profile-data\">\n<p>Yeji Choi az ISD fels\u0151 tagozatos \u00e9s k\u00f6z\u00e9piskolai term\u00e9szettudom\u00e1ny-tan\u00e1ra, aki szenved\u00e9lyesen t\u00f6rekszik arra, hogy a biol\u00f3gia \u00e9s az integr\u00e1lt term\u00e9szettudom\u00e1ny oktat\u00e1sa interakt\u00edv, a mindennapi \u00e9lethez kapcsol\u00f3d\u00f3 \u00e9s inspir\u00e1l\u00f3 legyen. Hat k\u00fcl\u00f6nb\u00f6z\u0151 orsz\u00e1gban n\u0151tt fel, \u00e9s maga is IB programban v\u00e9gzett, ez\u00e9rt nagyfok\u00fa emp\u00e1ti\u00e1val \u00e9s szem\u00e9lyes tapasztalattal fordul a nemzetk\u00f6zi di\u00e1kok saj\u00e1tos \u00e9lethelyzete \u00e9s kih\u00edv\u00e1sai fel\u00e9.<\/p>\n<p>Komoly kutat\u00f3i h\u00e1tt\u00e9rrel rendelkezik a b\u0151rgy\u00f3gy\u00e1szati \u00e9s allergol\u00f3giai kutat\u00e1sok ter\u00fclet\u00e9n, munk\u00e1ss\u00e1g\u00e1hoz h\u00e1rom szakmailag lektor\u00e1lt tudom\u00e1nyos publik\u00e1ci\u00f3 is kapcsol\u00f3dik. Yeji sz\u00e1m\u00e1ra k\u00fcl\u00f6n\u00f6sen fontos, hogy \u00f6sszek\u00f6sse a tanteremben megszerzett tud\u00e1st a term\u00e9szettudom\u00e1ny val\u00f3s, gyakorlati alkalmaz\u00e1saival.<\/p>\n<p>Nem hisz abban, hogy a biol\u00f3gia puszt\u00e1n t\u00e9nyek memoriz\u00e1l\u00e1s\u00e1r\u00f3l sz\u00f3l. Ehelyett felfedez\u00e9salap\u00fa tanul\u00e1si k\u00f6rnyezetet teremt, ahol a di\u00e1kok nagy k\u00e9rd\u00e9seket vizsg\u00e1lhatnak meg, megtapasztalhatj\u00e1k a term\u00e9szettudom\u00e1ny gyakorlati m\u0171k\u00f6d\u00e9s\u00e9t, \u00e9s val\u00f3di k\u00edv\u00e1ncsis\u00e1got, valamint a felfedez\u00e9s ir\u00e1nti szenved\u00e9lyt alak\u00edthatnak ki.<\/p>\n<\/div>\n<\/div>\n<div class=\"profile-row\">\n<div class=\"profile-label\">Best Teaching Moment<\/div>\n<div class=\"profile-data\"><em>Amikor egy di\u00e1kom odaj\u00f6tt hozz\u00e1m, \u00e9s azt mondta: \u201e\u00d6n szerettette meg velem a term\u00e9szettudom\u00e1nyokat.\u201d<\/em><\/div>\n<\/div>\n<\/div>\n[\/team_member][\/vc_column][\/vc_row]\n","protected":false},"excerpt":{"rendered":"<p>[vc_row type=&#8221;full_width_content&#8221; full_screen_row_position=&#8221;middle&#8221; column_margin=&#8221;default&#8221; column_direction=&#8221;default&#8221; column_direction_tablet=&#8221;default&#8221; column_direction_phone=&#8221;default&#8221; bg_color=&#8221;#132e52&#8243; bg_image=&#8221;16090&#8243; bg_position=&#8221;center bottom&#8221; background_image_loading=&#8221;default&#8221; bg_repeat=&#8221;no-repeat&#8221; scene_position=&#8221;center&#8221; top_padding=&#8221;5%&#8221; bottom_padding=&#8221;15%&#8221; top_padding_tablet=&#8221;10%&#8221; bottom_padding_tablet=&#8221;20%&#8221; top_padding_phone=&#8221;10%&#8221; bottom_padding_phone=&#8221;20%&#8221; text_color=&#8221;light&#8221; text_align=&#8221;left&#8221; row_border_radius=&#8221;none&#8221; row_border_radius_applies=&#8221;bg&#8221; overflow=&#8221;visible&#8221; color_overlay=&#8221;#0a0a0a&#8221; overlay_strength=&#8221;0.5&#8243; gradient_direction=&#8221;left_to_right&#8221; shape_divider_color=&#8221;#ffffff&#8221; shape_divider_position=&#8221;bottom&#8221;&#8230;<\/p>\n","protected":false},"author":2,"featured_media":0,"parent":0,"menu_order":0,"comment_status":"closed","ping_status":"closed","template":"","meta":{"footnotes":""},"class_list":["post-14031","page","type-page","status-publish"],"yoast_head":"<!-- This site is optimized with the Yoast SEO plugin v28.3 - https:\/\/yoast.com\/product\/yoast-seo-wordpress\/ -->\n<title>Fels\u0151 tagozat Csapata &#8212; ISD<\/title>\n<meta name=\"description\" content=\"Tan\u00e1raink \u00e9s dolgoz\u00f3ink.\" \/>\n<meta name=\"robots\" content=\"index, follow, max-snippet:-1, max-image-preview:large, max-video-preview:-1\" \/>\n<link rel=\"canonical\" href=\"https:\/\/isd.debrecen.hu\/hu\/felso-tagozat-csapata\/\" \/>\n<meta property=\"og:locale\" content=\"hu_HU\" \/>\n<meta property=\"og:type\" content=\"article\" \/>\n<meta property=\"og:title\" content=\"Fels\u0151 tagozat Csapata &#8212; ISD\" \/>\n<meta property=\"og:description\" content=\"Tan\u00e1raink \u00e9s dolgoz\u00f3ink.\" \/>\n<meta property=\"og:url\" content=\"https:\/\/isd.debrecen.hu\/hu\/felso-tagozat-csapata\/\" \/>\n<meta property=\"og:site_name\" content=\"ISD\" \/>\n<meta property=\"article:publisher\" content=\"https:\/\/www.facebook.com\/internationalschoolofdebrecen\/\" \/>\n<meta property=\"article:modified_time\" content=\"2026-08-26T11:07:13+00:00\" \/>\n<meta property=\"og:image\" content=\"https:\/\/isd.debrecen.hu\/wp-content\/uploads\/2023\/08\/isd-campus-hero.jpg\" \/>\n\t<meta property=\"og:image:width\" content=\"2560\" \/>\n\t<meta property=\"og:image:height\" content=\"1440\" \/>\n\t<meta property=\"og:image:type\" content=\"image\/jpeg\" \/>\n<meta name=\"twitter:label1\" content=\"Becs\u00fclt olvas\u00e1si id\u0151\" \/>\n\t<meta name=\"twitter:data1\" content=\"26 perc\" \/>\n<script type=\"application\/ld+json\" class=\"yoast-schema-graph\">{\"@context\":\"https:\\\/\\\/schema.org\",\"@graph\":[{\"@type\":\"WebPage\",\"@id\":\"https:\\\/\\\/isd.debrecen.hu\\\/hu\\\/felso-tagozat-csapata\\\/\",\"url\":\"https:\\\/\\\/isd.debrecen.hu\\\/hu\\\/felso-tagozat-csapata\\\/\",\"name\":\"Fels\u0151 tagozat Csapata &#8212; ISD\",\"isPartOf\":{\"@id\":\"https:\\\/\\\/isd.debrecen.hu\\\/hu\\\/#website\"},\"datePublished\":\"2024-06-27T07:36:34+00:00\",\"dateModified\":\"2026-08-26T11:07:13+00:00\",\"description\":\"Tan\u00e1raink \u00e9s dolgoz\u00f3ink.\",\"inLanguage\":\"hu\",\"potentialAction\":[{\"@type\":\"ReadAction\",\"target\":[\"https:\\\/\\\/isd.debrecen.hu\\\/hu\\\/felso-tagozat-csapata\\\/\"]}]},{\"@type\":\"WebSite\",\"@id\":\"https:\\\/\\\/isd.debrecen.hu\\\/hu\\\/#website\",\"url\":\"https:\\\/\\\/isd.debrecen.hu\\\/hu\\\/\",\"name\":\"ISD\",\"description\":\"\",\"publisher\":{\"@id\":\"https:\\\/\\\/isd.debrecen.hu\\\/hu\\\/#organization\"},\"potentialAction\":[{\"@type\":\"SearchAction\",\"target\":{\"@type\":\"EntryPoint\",\"urlTemplate\":\"https:\\\/\\\/isd.debrecen.hu\\\/hu\\\/?s={search_term_string}\"},\"query-input\":{\"@type\":\"PropertyValueSpecification\",\"valueRequired\":true,\"valueName\":\"search_term_string\"}}],\"inLanguage\":\"hu\"},{\"@type\":\"Organization\",\"@id\":\"https:\\\/\\\/isd.debrecen.hu\\\/hu\\\/#organization\",\"name\":\"ISD\",\"url\":\"https:\\\/\\\/isd.debrecen.hu\\\/hu\\\/\",\"logo\":{\"@type\":\"ImageObject\",\"inLanguage\":\"hu\",\"@id\":\"https:\\\/\\\/isd.debrecen.hu\\\/hu\\\/#\\\/schema\\\/logo\\\/image\\\/\",\"url\":\"https:\\\/\\\/isd.debrecen.hu\\\/wp-content\\\/uploads\\\/2023\\\/06\\\/isd-logo.svg\",\"contentUrl\":\"https:\\\/\\\/isd.debrecen.hu\\\/wp-content\\\/uploads\\\/2023\\\/06\\\/isd-logo.svg\",\"width\":1,\"height\":1,\"caption\":\"ISD\"},\"image\":{\"@id\":\"https:\\\/\\\/isd.debrecen.hu\\\/hu\\\/#\\\/schema\\\/logo\\\/image\\\/\"},\"sameAs\":[\"https:\\\/\\\/www.facebook.com\\\/internationalschoolofdebrecen\\\/\"]}]}<\/script>\n<!-- \/ Yoast SEO plugin. -->","yoast_head_json":{"title":"Fels\u0151 tagozat Csapata &#8212; ISD","description":"Tan\u00e1raink \u00e9s dolgoz\u00f3ink.","robots":{"index":"index","follow":"follow","max-snippet":"max-snippet:-1","max-image-preview":"max-image-preview:large","max-video-preview":"max-video-preview:-1"},"canonical":"https:\/\/isd.debrecen.hu\/hu\/felso-tagozat-csapata\/","og_locale":"hu_HU","og_type":"article","og_title":"Fels\u0151 tagozat Csapata &#8212; ISD","og_description":"Tan\u00e1raink \u00e9s dolgoz\u00f3ink.","og_url":"https:\/\/isd.debrecen.hu\/hu\/felso-tagozat-csapata\/","og_site_name":"ISD","article_publisher":"https:\/\/www.facebook.com\/internationalschoolofdebrecen\/","article_modified_time":"2026-08-26T11:07:13+00:00","og_image":[{"width":2560,"height":1440,"url":"https:\/\/isd.debrecen.hu\/wp-content\/uploads\/2023\/08\/isd-campus-hero.jpg","type":"image\/jpeg"}],"twitter_misc":{"Becs\u00fclt olvas\u00e1si id\u0151":"26 perc"},"schema":{"@context":"https:\/\/schema.org","@graph":[{"@type":"WebPage","@id":"https:\/\/isd.debrecen.hu\/hu\/felso-tagozat-csapata\/","url":"https:\/\/isd.debrecen.hu\/hu\/felso-tagozat-csapata\/","name":"Fels\u0151 tagozat Csapata &#8212; ISD","isPartOf":{"@id":"https:\/\/isd.debrecen.hu\/hu\/#website"},"datePublished":"2024-06-27T07:36:34+00:00","dateModified":"2026-08-26T11:07:13+00:00","description":"Tan\u00e1raink \u00e9s dolgoz\u00f3ink.","inLanguage":"hu","potentialAction":[{"@type":"ReadAction","target":["https:\/\/isd.debrecen.hu\/hu\/felso-tagozat-csapata\/"]}]},{"@type":"WebSite","@id":"https:\/\/isd.debrecen.hu\/hu\/#website","url":"https:\/\/isd.debrecen.hu\/hu\/","name":"ISD","description":"","publisher":{"@id":"https:\/\/isd.debrecen.hu\/hu\/#organization"},"potentialAction":[{"@type":"SearchAction","target":{"@type":"EntryPoint","urlTemplate":"https:\/\/isd.debrecen.hu\/hu\/?s={search_term_string}"},"query-input":{"@type":"PropertyValueSpecification","valueRequired":true,"valueName":"search_term_string"}}],"inLanguage":"hu"},{"@type":"Organization","@id":"https:\/\/isd.debrecen.hu\/hu\/#organization","name":"ISD","url":"https:\/\/isd.debrecen.hu\/hu\/","logo":{"@type":"ImageObject","inLanguage":"hu","@id":"https:\/\/isd.debrecen.hu\/hu\/#\/schema\/logo\/image\/","url":"https:\/\/isd.debrecen.hu\/wp-content\/uploads\/2023\/06\/isd-logo.svg","contentUrl":"https:\/\/isd.debrecen.hu\/wp-content\/uploads\/2023\/06\/isd-logo.svg","width":1,"height":1,"caption":"ISD"},"image":{"@id":"https:\/\/isd.debrecen.hu\/hu\/#\/schema\/logo\/image\/"},"sameAs":["https:\/\/www.facebook.com\/internationalschoolofdebrecen\/"]}]}},"_links":{"self":[{"href":"https:\/\/isd.debrecen.hu\/hu\/wp-json\/wp\/v2\/pages\/14031","targetHints":{"allow":["GET"]}}],"collection":[{"href":"https:\/\/isd.debrecen.hu\/hu\/wp-json\/wp\/v2\/pages"}],"about":[{"href":"https:\/\/isd.debrecen.hu\/hu\/wp-json\/wp\/v2\/types\/page"}],"author":[{"embeddable":true,"href":"https:\/\/isd.debrecen.hu\/hu\/wp-json\/wp\/v2\/users\/2"}],"replies":[{"embeddable":true,"href":"https:\/\/isd.debrecen.hu\/hu\/wp-json\/wp\/v2\/comments?post=14031"}],"version-history":[{"count":4,"href":"https:\/\/isd.debrecen.hu\/hu\/wp-json\/wp\/v2\/pages\/14031\/revisions"}],"predecessor-version":[{"id":18785,"href":"https:\/\/isd.debrecen.hu\/hu\/wp-json\/wp\/v2\/pages\/14031\/revisions\/18785"}],"wp:attachment":[{"href":"https:\/\/isd.debrecen.hu\/hu\/wp-json\/wp\/v2\/media?parent=14031"}],"curies":[{"name":"wp","href":"https:\/\/api.w.org\/{rel}","templated":true}]}}